{"id":13657,"date":"2023-03-24T08:24:34","date_gmt":"2023-03-24T07:24:34","guid":{"rendered":"https:\/\/nobis-printen.de\/nos-heures-douverture\/"},"modified":"2023-03-24T08:24:35","modified_gmt":"2023-03-24T07:24:35","slug":"nos-heures-douverture","status":"publish","type":"page","link":"https:\/\/nobis-printen.de\/fr\/nos-heures-douverture\/","title":{"rendered":"Nos heures d&rsquo;ouverture"},"content":{"rendered":"<p><div class=\"fusion-fullwidth fullwidth-box fusion-builder-row-1 fusion-flex-container nonhundred-percent-fullwidth non-hundred-percent-height-scrolling\" style=\"--awb-border-radius-top-left:0px;--awb-border-radius-top-right:0px;--awb-border-radius-bottom-right:0px;--awb-border-radius-bottom-left:0px;--awb-background-color:#ffffff;--awb-flex-wrap:wrap;\" ><div class=\"fusion-builder-row fusion-row fusion-flex-align-items-flex-start fusion-flex-content-wrap\" style=\"max-width:1268.8px;margin-left: calc(-4% \/ 2 );margin-right: calc(-4% \/ 2 );\"><div class=\"fusion-layout-column fusion_builder_column fusion-builder-column-0 fusion_builder_column_1_1 1_1 fusion-flex-column\" style=\"--awb-bg-size:cover;--awb-width-large:100%;--awb-margin-top-large:10px;--awb-spacing-right-large:1.92%;--awb-margin-bottom-large:10px;--awb-spacing-left-large:1.92%;--awb-width-medium:100%;--awb-order-medium:0;--awb-spacing-right-medium:1.92%;--awb-spacing-left-medium:1.92%;--awb-width-small:100%;--awb-order-small:0;--awb-spacing-right-small:1.92%;--awb-spacing-left-small:1.92%;\"><div class=\"fusion-column-wrapper fusion-column-has-shadow fusion-flex-justify-content-flex-start fusion-content-layout-column\"><div class=\"fusion-title title fusion-title-1 fusion-sep-none fusion-title-text fusion-title-size-three\" style=\"--awb-margin-top-small:25px;--awb-margin-right-small:0px;--awb-margin-bottom-small:16px;--awb-margin-left-small:0px;\"><h3 class=\"fusion-title-heading title-heading-left fusion-responsive-typography-calculated\" style=\"margin:0;--fontSize:22;--minFontSize:22;line-height:1.27;\">Heures d&rsquo;ouverture de nos boulangeries<\/h3><\/div><div class=\"fusion-text fusion-text-1\"><p>Pour affiner la s\u00e9lection de nos sites, veuillez cliquer sur le filtre de zone ci-dessous ou s\u00e9lectionner des caract\u00e9ristiques d&rsquo;\u00e9quipement particuli\u00e8res \u00e0 l&rsquo;aide des ic\u00f4nes suivantes.<\/p>\n<\/div><div class=\"fusion-text fusion-text-2\"><p><a href=\"https:\/\/nobis-printen.de\/baekerei_besonderheit\/spielecke\/\"><img decoding=\"async\" title=\"Coin de jeu\" src=\"https:\/\/nobis-printen.de\/wp-content\/uploads\/2020\/11\/nobis-printen_icon-filale_spielen_01.jpg\" alt=\"Symbole coin de jeu\"><\/a><a href=\"https:\/\/nobis-printen.de\/baekerei_besonderheit\/barrierefrei\/\"><img decoding=\"async\" title=\"Accessible en fauteuil roulant\" src=\"https:\/\/nobis-printen.de\/wp-content\/uploads\/2020\/11\/nobis-printen_icon-filale_barrierefrei_01.jpg\" alt=\"Symbole Accessible en fauteuil roulant\"><\/a><a href=\"https:\/\/nobis-printen.de\/baekerei_besonderheit\/cafe\/\"><img decoding=\"async\" title=\"Caf\u00e9\" src=\"https:\/\/nobis-printen.de\/wp-content\/uploads\/2020\/11\/nobis-printen_icon-filale_cafe_01.jpg\" alt=\"Symbole Caf\u00e9\"><\/a><a href=\"https:\/\/nobis-printen.de\/baekerei_besonderheit\/sonntags-geoeffnet\/\"><img decoding=\"async\" title=\"Ouvert le dimanche\" src=\"https:\/\/nobis-printen.de\/wp-content\/uploads\/2020\/11\/nobis-printen_icon-filale_sonntags-geoeffnet_01.jpg\" alt=\"Symbole ouvert le dimanche\"><\/a><\/p>\n<\/div><\/div><\/div><\/div><\/div><div class=\"fusion-fullwidth fullwidth-box fusion-builder-row-2 fusion-flex-container nonhundred-percent-fullwidth non-hundred-percent-height-scrolling\" style=\"--awb-border-radius-top-left:0px;--awb-border-radius-top-right:0px;--awb-border-radius-bottom-right:0px;--awb-border-radius-bottom-left:0px;--awb-padding-right-small:0px;--awb-padding-left-small:0px;--awb-flex-wrap:wrap;\" ><div class=\"fusion-builder-row fusion-row fusion-flex-align-items-flex-start fusion-flex-content-wrap\" style=\"max-width:1268.8px;margin-left: calc(-4% \/ 2 );margin-right: calc(-4% \/ 2 );\"><div class=\"fusion-layout-column fusion_builder_column fusion-builder-column-1 fusion_builder_column_1_1 1_1 fusion-flex-column\" style=\"--awb-padding-right-small:0px;--awb-padding-left-small:0px;--awb-bg-size:cover;--awb-width-large:100%;--awb-margin-top-large:10px;--awb-spacing-right-large:1.92%;--awb-margin-bottom-large:10px;--awb-spacing-left-large:1.92%;--awb-width-medium:100%;--awb-order-medium:0;--awb-spacing-right-medium:1.92%;--awb-spacing-left-medium:1.92%;--awb-width-small:100%;--awb-order-small:0;--awb-spacing-right-small:1.92%;--awb-spacing-left-small:1.92%;\"><div class=\"fusion-column-wrapper fusion-column-has-shadow fusion-flex-justify-content-flex-start fusion-content-layout-column\"><style type=\"text\/css\">.fusion-portfolio-wrapper#fusion-portfolio-1 .fusion-portfolio-content{ padding: 25px 25px 25px 25px; text-align: left; }<\/style><div class=\"fusion-recent-works fusion-portfolio-element fusion-portfolio fusion-portfolio-1 fusion-portfolio-grid fusion-portfolio-paging-pagination fusion-portfolio-three fusion-portfolio-boxed fusion-portfolio-text fusion-portfolio-equal-heights fusion-portfolio-rollover\" data-id=\"-rw-1\" data-columns=\"three\"><div><ul class=\"fusion-filters\" role=\"menu\" aria-label=\"Portfolio Filters\"><li role=\"presentation\" class=\"fusion-filter fusion-filter-all fusion-active\"><a href=\"#\" data-filter=\"*\" role=\"menuitem\">All<\/a><\/li><li role=\"presentation\" class=\"fusion-filter fusion-hidden\"><a href=\"#\" data-filter=\".aix-la-chapelle\" role=\"menuitem\">Aix-la-Chapelle<\/a><\/li><li role=\"presentation\" class=\"fusion-filter fusion-hidden\"><a href=\"#\" data-filter=\".alsdorf-fr\" role=\"menuitem\">Alsdorf<\/a><\/li><li role=\"presentation\" class=\"fusion-filter fusion-hidden\"><a href=\"#\" data-filter=\".dueren-fr\" role=\"menuitem\">D\u00fcren<\/a><\/li><li role=\"presentation\" class=\"fusion-filter fusion-hidden\"><a href=\"#\" data-filter=\".eschweiler-fr\" role=\"menuitem\">Eschweiler<\/a><\/li><li role=\"presentation\" class=\"fusion-filter fusion-hidden\"><a href=\"#\" data-filter=\".herzogenrath-fr\" role=\"menuitem\">Herzogenrath<\/a><\/li><li role=\"presentation\" class=\"fusion-filter fusion-hidden\"><a href=\"#\" data-filter=\".juelich-fr\" role=\"menuitem\">J\u00fclich<\/a><\/li><li role=\"presentation\" class=\"fusion-filter fusion-hidden\"><a href=\"#\" data-filter=\".langerwehe-fr\" role=\"menuitem\">Langerwehe<\/a><\/li><li role=\"presentation\" class=\"fusion-filter fusion-hidden\"><a href=\"#\" data-filter=\".niederzier-fr\" role=\"menuitem\">Niederzier<\/a><\/li><li role=\"presentation\" class=\"fusion-filter fusion-hidden\"><a href=\"#\" data-filter=\".roetgen-fr\" role=\"menuitem\">Roetgen<\/a><\/li><li role=\"presentation\" class=\"fusion-filter fusion-hidden\"><a href=\"#\" data-filter=\".simmerath-fr\" role=\"menuitem\">Simmerath<\/a><\/li><li role=\"presentation\" class=\"fusion-filter fusion-hidden\"><a href=\"#\" data-filter=\".stolberg-fr\" role=\"menuitem\">Stolberg<\/a><\/li><li role=\"presentation\" class=\"fusion-filter fusion-hidden\"><a href=\"#\" data-filter=\".wuerselen-fr\" role=\"menuitem\">W\u00fcrselen<\/a><\/li><\/ul><\/div><style type=\"text\/css\">.fusion-portfolio-1 .fusion-portfolio-wrapper .fusion-col-spacing{padding:9px;}<\/style><div class=\"fusion-portfolio-wrapper\" id=\"fusion-portfolio-1\" data-picturesize=\"auto\" data-pages=\"0\" style=\"margin:-9px;\"><article id=\"portfolio-1-post-14516\" class=\"fusion-portfolio-post aix-la-chapelle boulangerie centre-ville fusion-col-spacing post-14516\"><div class=\"fusion-portfolio-content-wrapper\" style=\"border:none;background-color:rgba(255,255,255,1);\"><span class=\"vcard rich-snippet-hidden\"><span class=\"fn\"><a href=\"https:\/\/nobis-printen.de\/fr\/author\/adminmcmnobis\/\" title=\"Articles par Marcus\" rel=\"author\">Marcus<\/a><\/span><\/span><span class=\"updated rich-snippet-hidden\">2023-04-05T09:56:07+02:00<\/span><div  class=\"fusion-image-wrapper\" aria-haspopup=\"true\">\n\t\t\t\t<img decoding=\"async\" width=\"852\" height=\"507\" src=\"https:\/\/nobis-printen.de\/wp-content\/uploads\/2023\/01\/nobis-printen-baeckerei_classenstr_13_2022_Preview_01.jpg\" class=\"attachment-full size-full wp-post-image\" alt=\"\" srcset=\"https:\/\/nobis-printen.de\/wp-content\/uploads\/2023\/01\/nobis-printen-baeckerei_classenstr_13_2022_Preview_01-200x119.jpg 200w, https:\/\/nobis-printen.de\/wp-content\/uploads\/2023\/01\/nobis-printen-baeckerei_classenstr_13_2022_Preview_01-400x238.jpg 400w, https:\/\/nobis-printen.de\/wp-content\/uploads\/2023\/01\/nobis-printen-baeckerei_classenstr_13_2022_Preview_01-600x357.jpg 600w, https:\/\/nobis-printen.de\/wp-content\/uploads\/2023\/01\/nobis-printen-baeckerei_classenstr_13_2022_Preview_01-800x476.jpg 800w, https:\/\/nobis-printen.de\/wp-content\/uploads\/2023\/01\/nobis-printen-baeckerei_classenstr_13_2022_Preview_01.jpg 852w\" sizes=\"(min-width: 2200px) 100vw, (min-width: 784px) 395px, (min-width: 712px) 592px, (min-width: 640px) 712px, \" \/><div class=\"fusion-rollover\">\n\t<div class=\"fusion-rollover-content\">\n\n\t\t\t\t\t\t\t\t\t\t\t\t\t\t<a class=\"fusion-rollover-link\" href=\"https:\/\/nobis-printen.de\/fr\/boulangerie\/13-rue-classenstrasseaix-la-chapelle\/?portfolioCats=152%2C190%2C185%2C188%2C194%2C192%2C208%2C182%2C204%2C202%2C163%2C166\">13, rue Cla\u00dfenstra\u00dfe,Aix-la-Chapelle<\/a>\n\t\t\t\n\t\t\t\t\t\t\t\t\n\t\t\n\t\t\t\t\t\t\t\t\t\t\t\t<h4 class=\"fusion-rollover-title\">\n\t\t\t\t\t<a class=\"fusion-rollover-title-link\" href=\"https:\/\/nobis-printen.de\/fr\/boulangerie\/13-rue-classenstrasseaix-la-chapelle\/?portfolioCats=152%2C190%2C185%2C188%2C194%2C192%2C208%2C182%2C204%2C202%2C163%2C166\">\n\t\t\t\t\t\t13, rue Cla\u00dfenstra\u00dfe,<br>Aix-la-Chapelle\t\t\t\t\t<\/a>\n\t\t\t\t<\/h4>\n\t\t\t\n\t\t\t\t\t\t\t\t\n\t\t\n\t\t\t\t\t\t<a class=\"fusion-link-wrapper\" href=\"https:\/\/nobis-printen.de\/fr\/boulangerie\/13-rue-classenstrasseaix-la-chapelle\/?portfolioCats=152%2C190%2C185%2C188%2C194%2C192%2C208%2C182%2C204%2C202%2C163%2C166\" aria-label=\"13, rue Cla\u00dfenstra\u00dfe,&lt;br&gt;Aix-la-Chapelle\"><\/a>\n\t<\/div>\n<\/div>\n<\/div>\n<div class=\"fusion-portfolio-content\" style=\"background-color:rgba(255,255,255,1);\"><h2 class=\"entry-title fusion-post-title\"><a href=\"https:\/\/nobis-printen.de\/fr\/boulangerie\/13-rue-classenstrasseaix-la-chapelle\/?portfolioCats=152%2C190%2C185%2C188%2C194%2C192%2C208%2C182%2C204%2C202%2C163%2C166\">13, rue Cla\u00dfenstra\u00dfe,<br>Aix-la-Chapelle<\/a><\/h2><div class=\"fusion-content-sep sep-none\" style=\"border-color:#e0dede;\"><\/div><div class=\"fusion-post-content\"><p><a href=\"https:\/\/nobis-printen.de\/baekerei_besonderheit\/barrierefrei\/\"><img decoding=\"async\" src=\"https:\/\/nobis-printen.de\/wp-content\/uploads\/2020\/11\/nobis-printen_icon-filale_barrierefrei_01.jpg\" alt=\"Symbole Accessible en fauteuil roulant\" title=\"Accessible en fauteuil roulant\"><\/a><a href=\"https:\/\/nobis-printen.de\/baekerei_besonderheit\/cafe\/\"><img decoding=\"async\" src=\"https:\/\/nobis-printen.de\/wp-content\/uploads\/2020\/11\/nobis-printen_icon-filale_cafe_01.jpg\" alt=\"Symbole Caf\u00e9\" title=\"Caf\u00e9\"><\/a>\n<\/p><table class=\"time-table\"> \n<tr><td colspan=\"2\"><strong>Horaires d'ouverture :<\/strong><\/td><\/tr> \n<tr> \n    <td>Lu - Ve<\/td> \n    <td>7h00 - 18h30<\/td> \n<\/tr> \n<tr> \n    <td>Sa<\/td>  \n    <td>ferm\u00e9<\/td> \n<\/tr> \n<tr> \n    <td>Ainsi<\/td>  \n    <td>ferm\u00e9<\/td>  \n<\/tr> \n<\/table><\/div><\/div><\/div><\/article><article id=\"portfolio-1-post-14574\" class=\"fusion-portfolio-post aix-la-chapelle boulangerie centre-ville fusion-col-spacing post-14574\"><div class=\"fusion-portfolio-content-wrapper\" style=\"border:none;background-color:rgba(255,255,255,1);\"><span class=\"vcard rich-snippet-hidden\"><span class=\"fn\"><a href=\"https:\/\/nobis-printen.de\/fr\/author\/adminmcmnobis\/\" title=\"Articles par Marcus\" rel=\"author\">Marcus<\/a><\/span><\/span><span class=\"updated rich-snippet-hidden\">2023-04-05T10:19:01+02:00<\/span><div  class=\"fusion-image-wrapper\" aria-haspopup=\"true\">\n\t\t\t\t<img decoding=\"async\" width=\"1176\" height=\"698\" src=\"https:\/\/nobis-printen.de\/wp-content\/uploads\/2023\/01\/viktoriaallee15.jpg\" class=\"attachment-full size-full wp-post-image\" alt=\"Nobis Printen B\u00e4ckerei, Viktoriaallee15, Aachen, Innenansicht.\" srcset=\"https:\/\/nobis-printen.de\/wp-content\/uploads\/2023\/01\/viktoriaallee15-200x119.jpg 200w, https:\/\/nobis-printen.de\/wp-content\/uploads\/2023\/01\/viktoriaallee15-400x237.jpg 400w, https:\/\/nobis-printen.de\/wp-content\/uploads\/2023\/01\/viktoriaallee15-600x356.jpg 600w, https:\/\/nobis-printen.de\/wp-content\/uploads\/2023\/01\/viktoriaallee15-800x475.jpg 800w, https:\/\/nobis-printen.de\/wp-content\/uploads\/2023\/01\/viktoriaallee15.jpg 1176w\" sizes=\"(min-width: 2200px) 100vw, (min-width: 784px) 395px, (min-width: 712px) 592px, (min-width: 640px) 712px, \" \/><div class=\"fusion-rollover\">\n\t<div class=\"fusion-rollover-content\">\n\n\t\t\t\t\t\t\t\t\t\t\t\t\t\t<a class=\"fusion-rollover-link\" href=\"https:\/\/nobis-printen.de\/fr\/boulangerie\/15-avenue-victoriaaix-la-chapelle\/?portfolioCats=152%2C190%2C185%2C188%2C194%2C192%2C208%2C182%2C204%2C202%2C163%2C166\">15, avenue Victoria,Aix-la-Chapelle<\/a>\n\t\t\t\n\t\t\t\t\t\t\t\t\n\t\t\n\t\t\t\t\t\t\t\t\t\t\t\t<h4 class=\"fusion-rollover-title\">\n\t\t\t\t\t<a class=\"fusion-rollover-title-link\" href=\"https:\/\/nobis-printen.de\/fr\/boulangerie\/15-avenue-victoriaaix-la-chapelle\/?portfolioCats=152%2C190%2C185%2C188%2C194%2C192%2C208%2C182%2C204%2C202%2C163%2C166\">\n\t\t\t\t\t\t15, avenue Victoria,<br>Aix-la-Chapelle\t\t\t\t\t<\/a>\n\t\t\t\t<\/h4>\n\t\t\t\n\t\t\t\t\t\t\t\t\n\t\t\n\t\t\t\t\t\t<a class=\"fusion-link-wrapper\" href=\"https:\/\/nobis-printen.de\/fr\/boulangerie\/15-avenue-victoriaaix-la-chapelle\/?portfolioCats=152%2C190%2C185%2C188%2C194%2C192%2C208%2C182%2C204%2C202%2C163%2C166\" aria-label=\"15, avenue Victoria,&lt;br&gt;Aix-la-Chapelle\"><\/a>\n\t<\/div>\n<\/div>\n<\/div>\n<div class=\"fusion-portfolio-content\" style=\"background-color:rgba(255,255,255,1);\"><h2 class=\"entry-title fusion-post-title\"><a href=\"https:\/\/nobis-printen.de\/fr\/boulangerie\/15-avenue-victoriaaix-la-chapelle\/?portfolioCats=152%2C190%2C185%2C188%2C194%2C192%2C208%2C182%2C204%2C202%2C163%2C166\">15, avenue Victoria,<br>Aix-la-Chapelle<\/a><\/h2><div class=\"fusion-content-sep sep-none\" style=\"border-color:#e0dede;\"><\/div><div class=\"fusion-post-content\"><p><a href=\"https:\/\/nobis-printen.de\/baekerei_besonderheit\/barrierefrei\/\"><img decoding=\"async\" src=\"https:\/\/nobis-printen.de\/wp-content\/uploads\/2020\/11\/nobis-printen_icon-filale_barrierefrei_01.jpg\" alt=\"Symbole Accessible en fauteuil roulant\" title=\"Accessible en fauteuil roulant\"><\/a><a href=\"https:\/\/nobis-printen.de\/baekerei_besonderheit\/cafe\/\"><img decoding=\"async\" src=\"https:\/\/nobis-printen.de\/wp-content\/uploads\/2020\/11\/nobis-printen_icon-filale_cafe_01.jpg\" alt=\"Symbole Caf\u00e9\" title=\"Caf\u00e9\"><\/a><a href=\"https:\/\/nobis-printen.de\/baekerei_besonderheit\/sonntags-geoeffnet\/\"><img decoding=\"async\" src=\"https:\/\/nobis-printen.de\/wp-content\/uploads\/2020\/11\/nobis-printen_icon-filale_sonntags-geoeffnet_01.jpg\" alt=\"Symbole ouvert le dimanche\" title=\"Ouvert le dimanche\"><\/a>\n<\/p><table class=\"time-table\"> \n<tr><td colspan=\"2\"><strong>Horaires d'ouverture :<\/strong><\/td><\/tr> \n<tr> \n    <td>Lu - Ve<\/td> \n    <td>7:00 - 20:00 heures<\/td> \n<\/tr> \n<tr> \n    <td>Sa<\/td>  \n    <td>7:00 - 20:00 heures<\/td> \n<\/tr> \n<tr> \n    <td>Ainsi<\/td>  \n    <td>8 h 00 - 12 h 00<\/td>  \n<\/tr> \n<\/table><\/div><\/div><\/div><\/article><article id=\"portfolio-1-post-14121\" class=\"fusion-portfolio-post aix-la-chapelle boulangerie burtscheid-fr fusion-col-spacing post-14121\"><div class=\"fusion-portfolio-content-wrapper\" style=\"border:none;background-color:rgba(255,255,255,1);\"><span class=\"vcard rich-snippet-hidden\"><span class=\"fn\"><a href=\"https:\/\/nobis-printen.de\/fr\/author\/adminmcmnobis\/\" title=\"Articles par Marcus\" rel=\"author\">Marcus<\/a><\/span><\/span><span class=\"updated rich-snippet-hidden\">2023-04-03T11:40:30+02:00<\/span><div  class=\"fusion-image-wrapper\" aria-haspopup=\"true\">\n\t\t\t\t<img decoding=\"async\" width=\"852\" height=\"507\" src=\"https:\/\/nobis-printen.de\/wp-content\/uploads\/2023\/01\/kappellenstrasse16-nobis-printen-aachen.jpg\" class=\"attachment-full size-full wp-post-image\" alt=\"\" srcset=\"https:\/\/nobis-printen.de\/wp-content\/uploads\/2023\/01\/kappellenstrasse16-nobis-printen-aachen-200x119.jpg 200w, https:\/\/nobis-printen.de\/wp-content\/uploads\/2023\/01\/kappellenstrasse16-nobis-printen-aachen-400x238.jpg 400w, https:\/\/nobis-printen.de\/wp-content\/uploads\/2023\/01\/kappellenstrasse16-nobis-printen-aachen-600x357.jpg 600w, https:\/\/nobis-printen.de\/wp-content\/uploads\/2023\/01\/kappellenstrasse16-nobis-printen-aachen-800x476.jpg 800w, https:\/\/nobis-printen.de\/wp-content\/uploads\/2023\/01\/kappellenstrasse16-nobis-printen-aachen.jpg 852w\" sizes=\"(min-width: 2200px) 100vw, (min-width: 784px) 395px, (min-width: 712px) 592px, (min-width: 640px) 712px, \" \/><div class=\"fusion-rollover\">\n\t<div class=\"fusion-rollover-content\">\n\n\t\t\t\t\t\t\t\t\t\t\t\t\t\t<a class=\"fusion-rollover-link\" href=\"https:\/\/nobis-printen.de\/fr\/boulangerie\/16-rue-de-la-chapelleaix-la-chapelle\/?portfolioCats=152%2C190%2C185%2C188%2C194%2C192%2C208%2C182%2C204%2C202%2C163%2C166\">16, rue de la Chapelle,Aix-la-Chapelle<\/a>\n\t\t\t\n\t\t\t\t\t\t\t\t\n\t\t\n\t\t\t\t\t\t\t\t\t\t\t\t<h4 class=\"fusion-rollover-title\">\n\t\t\t\t\t<a class=\"fusion-rollover-title-link\" href=\"https:\/\/nobis-printen.de\/fr\/boulangerie\/16-rue-de-la-chapelleaix-la-chapelle\/?portfolioCats=152%2C190%2C185%2C188%2C194%2C192%2C208%2C182%2C204%2C202%2C163%2C166\">\n\t\t\t\t\t\t16, rue de la Chapelle,<br>Aix-la-Chapelle\t\t\t\t\t<\/a>\n\t\t\t\t<\/h4>\n\t\t\t\n\t\t\t\t\t\t\t\t\n\t\t\n\t\t\t\t\t\t<a class=\"fusion-link-wrapper\" href=\"https:\/\/nobis-printen.de\/fr\/boulangerie\/16-rue-de-la-chapelleaix-la-chapelle\/?portfolioCats=152%2C190%2C185%2C188%2C194%2C192%2C208%2C182%2C204%2C202%2C163%2C166\" aria-label=\"16, rue de la Chapelle,&lt;br&gt;Aix-la-Chapelle\"><\/a>\n\t<\/div>\n<\/div>\n<\/div>\n<div class=\"fusion-portfolio-content\" style=\"background-color:rgba(255,255,255,1);\"><h2 class=\"entry-title fusion-post-title\"><a href=\"https:\/\/nobis-printen.de\/fr\/boulangerie\/16-rue-de-la-chapelleaix-la-chapelle\/?portfolioCats=152%2C190%2C185%2C188%2C194%2C192%2C208%2C182%2C204%2C202%2C163%2C166\">16, rue de la Chapelle,<br>Aix-la-Chapelle<\/a><\/h2><div class=\"fusion-content-sep sep-none\" style=\"border-color:#e0dede;\"><\/div><div class=\"fusion-post-content\"><p><a href=\"https:\/\/nobis-printen.de\/baekerei_besonderheit\/barrierefrei\/\"><img decoding=\"async\" src=\"https:\/\/nobis-printen.de\/wp-content\/uploads\/2020\/11\/nobis-printen_icon-filale_barrierefrei_01.jpg\" alt=\"Symbole Accessible en fauteuil roulant\" title=\"Accessible en fauteuil roulant\"><\/a>\n<\/p><table class=\"time-table\"> \n<tr> \n    <td colspan=\"2\"><strong>Horaires d'ouverture :<\/strong><\/td> \n  <\/tr> \n  <tr> \n    <td>Lu - Ve<\/td> \n    <td>8h00 - 20h00<\/td> \n  <\/tr> \n  <tr> \n    <td>Sa<\/td>  \n    <td>8h00 - 20h00<\/td> \n  <\/tr> \n  <tr> \n    <td>Ainsi<\/td>  \n    <td>ferm\u00e9<\/td>  \n  <\/tr> \n<\/table><\/div><\/div><\/div><\/article><article id=\"portfolio-1-post-14280\" class=\"fusion-portfolio-post aix-la-chapelle boulangerie centre-ville fusion-col-spacing post-14280\"><div class=\"fusion-portfolio-content-wrapper\" style=\"border:none;background-color:rgba(255,255,255,1);\"><span class=\"vcard rich-snippet-hidden\"><span class=\"fn\"><a href=\"https:\/\/nobis-printen.de\/fr\/author\/adminmcmnobis\/\" title=\"Articles par Marcus\" rel=\"author\">Marcus<\/a><\/span><\/span><span class=\"updated rich-snippet-hidden\">2023-04-05T08:27:44+02:00<\/span><div  class=\"fusion-image-wrapper\" aria-haspopup=\"true\">\n\t\t\t\t<img decoding=\"async\" width=\"852\" height=\"507\" src=\"https:\/\/nobis-printen.de\/wp-content\/uploads\/2023\/01\/nobis-printen-aachen-schillerstr-20-theke-2026-01.webp\" class=\"attachment-full size-full wp-post-image\" alt=\"Innenaufnahme der Nobis Printen Filiale in der Schillerstra\u00dfe 20 in Aachen.\" srcset=\"https:\/\/nobis-printen.de\/wp-content\/uploads\/2023\/01\/nobis-printen-aachen-schillerstr-20-theke-2026-01-200x119.webp 200w, https:\/\/nobis-printen.de\/wp-content\/uploads\/2023\/01\/nobis-printen-aachen-schillerstr-20-theke-2026-01-400x238.webp 400w, https:\/\/nobis-printen.de\/wp-content\/uploads\/2023\/01\/nobis-printen-aachen-schillerstr-20-theke-2026-01-600x357.webp 600w, https:\/\/nobis-printen.de\/wp-content\/uploads\/2023\/01\/nobis-printen-aachen-schillerstr-20-theke-2026-01-800x476.webp 800w, https:\/\/nobis-printen.de\/wp-content\/uploads\/2023\/01\/nobis-printen-aachen-schillerstr-20-theke-2026-01.webp 852w\" sizes=\"(min-width: 2200px) 100vw, (min-width: 784px) 395px, (min-width: 712px) 592px, (min-width: 640px) 712px, \" \/><div class=\"fusion-rollover\">\n\t<div class=\"fusion-rollover-content\">\n\n\t\t\t\t\t\t\t\t\t\t\t\t\t\t<a class=\"fusion-rollover-link\" href=\"https:\/\/nobis-printen.de\/fr\/boulangerie\/20-40-schillerstrasseaix-la-chapelle\/?portfolioCats=152%2C190%2C185%2C188%2C194%2C192%2C208%2C182%2C204%2C202%2C163%2C166\">20-40, Schillerstra\u00dfe,Aix-la-Chapelle<\/a>\n\t\t\t\n\t\t\t\t\t\t\t\t\n\t\t\n\t\t\t\t\t\t\t\t\t\t\t\t<h4 class=\"fusion-rollover-title\">\n\t\t\t\t\t<a class=\"fusion-rollover-title-link\" href=\"https:\/\/nobis-printen.de\/fr\/boulangerie\/20-40-schillerstrasseaix-la-chapelle\/?portfolioCats=152%2C190%2C185%2C188%2C194%2C192%2C208%2C182%2C204%2C202%2C163%2C166\">\n\t\t\t\t\t\t20-40, Schillerstra\u00dfe,<br>Aix-la-Chapelle\t\t\t\t\t<\/a>\n\t\t\t\t<\/h4>\n\t\t\t\n\t\t\t\t\t\t\t\t\n\t\t\n\t\t\t\t\t\t<a class=\"fusion-link-wrapper\" href=\"https:\/\/nobis-printen.de\/fr\/boulangerie\/20-40-schillerstrasseaix-la-chapelle\/?portfolioCats=152%2C190%2C185%2C188%2C194%2C192%2C208%2C182%2C204%2C202%2C163%2C166\" aria-label=\"20-40, Schillerstra\u00dfe,&lt;br&gt;Aix-la-Chapelle\"><\/a>\n\t<\/div>\n<\/div>\n<\/div>\n<div class=\"fusion-portfolio-content\" style=\"background-color:rgba(255,255,255,1);\"><h2 class=\"entry-title fusion-post-title\"><a href=\"https:\/\/nobis-printen.de\/fr\/boulangerie\/20-40-schillerstrasseaix-la-chapelle\/?portfolioCats=152%2C190%2C185%2C188%2C194%2C192%2C208%2C182%2C204%2C202%2C163%2C166\">20-40, Schillerstra\u00dfe,<br>Aix-la-Chapelle<\/a><\/h2><div class=\"fusion-content-sep sep-none\" style=\"border-color:#e0dede;\"><\/div><div class=\"fusion-post-content\"><p><a href=\"https:\/\/nobis-printen.de\/baekerei_besonderheit\/barrierefrei\/\"><img decoding=\"async\" src=\"https:\/\/nobis-printen.de\/wp-content\/uploads\/2020\/11\/nobis-printen_icon-filale_barrierefrei_01.jpg\" alt=\"Symbole Accessible en fauteuil roulant\" title=\"Accessible en fauteuil roulant\"><\/a><a href=\"https:\/\/nobis-printen.de\/baekerei_besonderheit\/sonntags-geoeffnet\/\"><img decoding=\"async\" src=\"https:\/\/nobis-printen.de\/wp-content\/uploads\/2020\/11\/nobis-printen_icon-filale_sonntags-geoeffnet_01.jpg\" alt=\"Symbole ouvert le dimanche\" title=\"Ouvert le dimanche\"><\/a>\n<\/p><table class=\"time-table\"> \n<tr><td colspan=\"2\"><strong>Horaires d'ouverture :<\/strong><\/td><\/tr> \n<tr> \n    <td>Lu - Ve<\/td> \n    <td>7:00 - 21:00 heures<\/td> \n<\/tr> \n<tr> \n    <td>Sa<\/td>  \n    <td>7:00 - 21:00 heures<\/td> \n<\/tr> \n<tr> \n    <td>Ainsi<\/td>  \n    <td>8:00 - 11:30 heures<\/td>  \n<\/tr> \n<\/table><\/div><\/div><\/div><\/article><article id=\"portfolio-1-post-14478\" class=\"fusion-portfolio-post aix-la-chapelle boulangerie oberforstbach-fr fusion-col-spacing post-14478\"><div class=\"fusion-portfolio-content-wrapper\" style=\"border:none;background-color:rgba(255,255,255,1);\"><span class=\"vcard rich-snippet-hidden\"><span class=\"fn\"><a href=\"https:\/\/nobis-printen.de\/fr\/author\/adminmcmnobis\/\" title=\"Articles par Marcus\" rel=\"author\">Marcus<\/a><\/span><\/span><span class=\"updated rich-snippet-hidden\">2024-07-21T19:30:46+02:00<\/span><div  class=\"fusion-image-wrapper\" aria-haspopup=\"true\">\n\t\t\t\t<img decoding=\"async\" width=\"852\" height=\"507\" src=\"https:\/\/nobis-printen.de\/wp-content\/uploads\/2023\/01\/nobis-printen-baeckerei_oberforsterbach_str_247_2022_Preview_01.jpg\" class=\"attachment-full size-full wp-post-image\" alt=\"\" srcset=\"https:\/\/nobis-printen.de\/wp-content\/uploads\/2023\/01\/nobis-printen-baeckerei_oberforsterbach_str_247_2022_Preview_01-200x119.jpg 200w, https:\/\/nobis-printen.de\/wp-content\/uploads\/2023\/01\/nobis-printen-baeckerei_oberforsterbach_str_247_2022_Preview_01-400x238.jpg 400w, https:\/\/nobis-printen.de\/wp-content\/uploads\/2023\/01\/nobis-printen-baeckerei_oberforsterbach_str_247_2022_Preview_01-600x357.jpg 600w, https:\/\/nobis-printen.de\/wp-content\/uploads\/2023\/01\/nobis-printen-baeckerei_oberforsterbach_str_247_2022_Preview_01-800x476.jpg 800w, https:\/\/nobis-printen.de\/wp-content\/uploads\/2023\/01\/nobis-printen-baeckerei_oberforsterbach_str_247_2022_Preview_01.jpg 852w\" sizes=\"(min-width: 2200px) 100vw, (min-width: 784px) 395px, (min-width: 712px) 592px, (min-width: 640px) 712px, \" \/><div class=\"fusion-rollover\">\n\t<div class=\"fusion-rollover-content\">\n\n\t\t\t\t\t\t\t\t\t\t\t\t\t\t<a class=\"fusion-rollover-link\" href=\"https:\/\/nobis-printen.de\/fr\/boulangerie\/247-oberforstbacher-straix-la-chapelle\/?portfolioCats=152%2C190%2C185%2C188%2C194%2C192%2C208%2C182%2C204%2C202%2C163%2C166\">247, Oberforstbacher Str,Aix-la-Chapelle<\/a>\n\t\t\t\n\t\t\t\t\t\t\t\t\n\t\t\n\t\t\t\t\t\t\t\t\t\t\t\t<h4 class=\"fusion-rollover-title\">\n\t\t\t\t\t<a class=\"fusion-rollover-title-link\" href=\"https:\/\/nobis-printen.de\/fr\/boulangerie\/247-oberforstbacher-straix-la-chapelle\/?portfolioCats=152%2C190%2C185%2C188%2C194%2C192%2C208%2C182%2C204%2C202%2C163%2C166\">\n\t\t\t\t\t\t247, Oberforstbacher Str,<br>Aix-la-Chapelle\t\t\t\t\t<\/a>\n\t\t\t\t<\/h4>\n\t\t\t\n\t\t\t\t\t\t\t\t\n\t\t\n\t\t\t\t\t\t<a class=\"fusion-link-wrapper\" href=\"https:\/\/nobis-printen.de\/fr\/boulangerie\/247-oberforstbacher-straix-la-chapelle\/?portfolioCats=152%2C190%2C185%2C188%2C194%2C192%2C208%2C182%2C204%2C202%2C163%2C166\" aria-label=\"247, Oberforstbacher Str,&lt;br&gt;Aix-la-Chapelle\"><\/a>\n\t<\/div>\n<\/div>\n<\/div>\n<div class=\"fusion-portfolio-content\" style=\"background-color:rgba(255,255,255,1);\"><h2 class=\"entry-title fusion-post-title\"><a href=\"https:\/\/nobis-printen.de\/fr\/boulangerie\/247-oberforstbacher-straix-la-chapelle\/?portfolioCats=152%2C190%2C185%2C188%2C194%2C192%2C208%2C182%2C204%2C202%2C163%2C166\">247, Oberforstbacher Str,<br>Aix-la-Chapelle<\/a><\/h2><div class=\"fusion-content-sep sep-none\" style=\"border-color:#e0dede;\"><\/div><div class=\"fusion-post-content\"><p><a href=\"https:\/\/nobis-printen.de\/baekerei_besonderheit\/cafe\/\"><img decoding=\"async\" src=\"https:\/\/nobis-printen.de\/wp-content\/uploads\/2020\/11\/nobis-printen_icon-filale_cafe_01.jpg\" alt=\"Symbole Caf\u00e9\" title=\"Caf\u00e9\"><\/a><a href=\"https:\/\/nobis-printen.de\/baekerei_besonderheit\/sonntags-geoeffnet\/\"><img decoding=\"async\" src=\"https:\/\/nobis-printen.de\/wp-content\/uploads\/2020\/11\/nobis-printen_icon-filale_sonntags-geoeffnet_01.jpg\" alt=\"Symbole ouvert le dimanche\" title=\"Ouvert le dimanche\"><\/a>\n<\/p><table class=\"time-table\"> \n<tr><td colspan=\"2\"><strong>Horaires d'ouverture :<\/strong><\/td><\/tr> \n<tr> \n    <td>Lu - Ve<\/td> \n    <td>6h00 - 14h00<\/td> \n<\/tr> \n<tr> \n    <td>Sa<\/td>  \n    <td>6h00 - 14h00<\/td> \n<\/tr> \n<tr> \n    <td>Ainsi<\/td>  \n    <td>7 h 00 - 12 h 00<\/td>  \n<\/tr> \n<\/table><\/div><\/div><\/div><\/article><article id=\"portfolio-1-post-14189\" class=\"fusion-portfolio-post aix-la-chapelle boulangerie foret fusion-col-spacing post-14189\"><div class=\"fusion-portfolio-content-wrapper\" style=\"border:none;background-color:rgba(255,255,255,1);\"><span class=\"vcard rich-snippet-hidden\"><span class=\"fn\"><a href=\"https:\/\/nobis-printen.de\/fr\/author\/adminmcmnobis\/\" title=\"Articles par Marcus\" rel=\"author\">Marcus<\/a><\/span><\/span><span class=\"updated rich-snippet-hidden\">2023-04-03T12:34:29+02:00<\/span><div  class=\"fusion-image-wrapper\" aria-haspopup=\"true\">\n\t\t\t\t<img decoding=\"async\" width=\"852\" height=\"507\" src=\"https:\/\/nobis-printen.de\/wp-content\/uploads\/2020\/11\/nobis-printen-baeckerei_trierer_str_360_2022_Preview_01.jpg\" class=\"attachment-full size-full wp-post-image\" alt=\"Nobis Printen B\u00e4ckerei Trierer Str 360, Aachen.\" srcset=\"https:\/\/nobis-printen.de\/wp-content\/uploads\/2020\/11\/nobis-printen-baeckerei_trierer_str_360_2022_Preview_01-200x119.jpg 200w, https:\/\/nobis-printen.de\/wp-content\/uploads\/2020\/11\/nobis-printen-baeckerei_trierer_str_360_2022_Preview_01-400x238.jpg 400w, https:\/\/nobis-printen.de\/wp-content\/uploads\/2020\/11\/nobis-printen-baeckerei_trierer_str_360_2022_Preview_01-600x357.jpg 600w, https:\/\/nobis-printen.de\/wp-content\/uploads\/2020\/11\/nobis-printen-baeckerei_trierer_str_360_2022_Preview_01-800x476.jpg 800w, https:\/\/nobis-printen.de\/wp-content\/uploads\/2020\/11\/nobis-printen-baeckerei_trierer_str_360_2022_Preview_01.jpg 852w\" sizes=\"(min-width: 2200px) 100vw, (min-width: 784px) 395px, (min-width: 712px) 592px, (min-width: 640px) 712px, \" \/><div class=\"fusion-rollover\">\n\t<div class=\"fusion-rollover-content\">\n\n\t\t\t\t\t\t\t\t\t\t\t\t\t\t<a class=\"fusion-rollover-link\" href=\"https:\/\/nobis-printen.de\/fr\/boulangerie\/360-rue-de-trevesaix-la-chapelle\/?portfolioCats=152%2C190%2C185%2C188%2C194%2C192%2C208%2C182%2C204%2C202%2C163%2C166\">360, rue de Tr\u00e8ves,Aix-la-Chapelle<\/a>\n\t\t\t\n\t\t\t\t\t\t\t\t\n\t\t\n\t\t\t\t\t\t\t\t\t\t\t\t<h4 class=\"fusion-rollover-title\">\n\t\t\t\t\t<a class=\"fusion-rollover-title-link\" href=\"https:\/\/nobis-printen.de\/fr\/boulangerie\/360-rue-de-trevesaix-la-chapelle\/?portfolioCats=152%2C190%2C185%2C188%2C194%2C192%2C208%2C182%2C204%2C202%2C163%2C166\">\n\t\t\t\t\t\t360, rue de Tr\u00e8ves,<br>Aix-la-Chapelle\t\t\t\t\t<\/a>\n\t\t\t\t<\/h4>\n\t\t\t\n\t\t\t\t\t\t\t\t\n\t\t\n\t\t\t\t\t\t<a class=\"fusion-link-wrapper\" href=\"https:\/\/nobis-printen.de\/fr\/boulangerie\/360-rue-de-trevesaix-la-chapelle\/?portfolioCats=152%2C190%2C185%2C188%2C194%2C192%2C208%2C182%2C204%2C202%2C163%2C166\" aria-label=\"360, rue de Tr\u00e8ves,&lt;br&gt;Aix-la-Chapelle\"><\/a>\n\t<\/div>\n<\/div>\n<\/div>\n<div class=\"fusion-portfolio-content\" style=\"background-color:rgba(255,255,255,1);\"><h2 class=\"entry-title fusion-post-title\"><a href=\"https:\/\/nobis-printen.de\/fr\/boulangerie\/360-rue-de-trevesaix-la-chapelle\/?portfolioCats=152%2C190%2C185%2C188%2C194%2C192%2C208%2C182%2C204%2C202%2C163%2C166\">360, rue de Tr\u00e8ves,<br>Aix-la-Chapelle<\/a><\/h2><div class=\"fusion-content-sep sep-none\" style=\"border-color:#e0dede;\"><\/div><div class=\"fusion-post-content\"><p><a href=\"https:\/\/nobis-printen.de\/baekerei_besonderheit\/cafe\/\"><img decoding=\"async\" src=\"https:\/\/nobis-printen.de\/wp-content\/uploads\/2020\/11\/nobis-printen_icon-filale_cafe_01.jpg\" alt=\"Symbole Caf\u00e9\" title=\"Caf\u00e9\"><\/a>\n<\/p><table class=\"time-table\"> \n<tr><td colspan=\"2\"><strong>Horaires d'ouverture :<\/strong><\/td><\/tr> \n<tr> \n    <td>Lu - Ve<\/td> \n    <td>6h00 - 17h30<\/td> \n<\/tr> \n<tr> \n    <td>Sa<\/td>  \n    <td>6h00 - 14h00<\/td> \n<\/tr> \n<tr> \n    <td>Ainsi<\/td>  \n    <td>ferm\u00e9<\/td>  \n<\/tr> \n<\/table><\/div><\/div><\/div><\/article><article id=\"portfolio-1-post-14554\" class=\"fusion-portfolio-post boulangerie roetgen-fr fusion-col-spacing post-14554\"><div class=\"fusion-portfolio-content-wrapper\" style=\"border:none;background-color:rgba(255,255,255,1);\"><span class=\"vcard rich-snippet-hidden\"><span class=\"fn\"><a href=\"https:\/\/nobis-printen.de\/fr\/author\/adminmcmnobis\/\" title=\"Articles par Marcus\" rel=\"author\">Marcus<\/a><\/span><\/span><span class=\"updated rich-snippet-hidden\">2023-04-05T10:08:56+02:00<\/span><div  class=\"fusion-image-wrapper\" aria-haspopup=\"true\">\n\t\t\t\t<img decoding=\"async\" width=\"852\" height=\"507\" src=\"https:\/\/nobis-printen.de\/wp-content\/uploads\/2023\/01\/nobis-printen-baeckerei_rosentalstr_38-40_2022_Preview_01.jpg\" class=\"attachment-full size-full wp-post-image\" alt=\"Nobis Printen B\u00e4ckerei Rosentalstr 38-40, Roetgen.\" srcset=\"https:\/\/nobis-printen.de\/wp-content\/uploads\/2023\/01\/nobis-printen-baeckerei_rosentalstr_38-40_2022_Preview_01-200x119.jpg 200w, https:\/\/nobis-printen.de\/wp-content\/uploads\/2023\/01\/nobis-printen-baeckerei_rosentalstr_38-40_2022_Preview_01-400x238.jpg 400w, https:\/\/nobis-printen.de\/wp-content\/uploads\/2023\/01\/nobis-printen-baeckerei_rosentalstr_38-40_2022_Preview_01-600x357.jpg 600w, https:\/\/nobis-printen.de\/wp-content\/uploads\/2023\/01\/nobis-printen-baeckerei_rosentalstr_38-40_2022_Preview_01-800x476.jpg 800w, https:\/\/nobis-printen.de\/wp-content\/uploads\/2023\/01\/nobis-printen-baeckerei_rosentalstr_38-40_2022_Preview_01.jpg 852w\" sizes=\"(min-width: 2200px) 100vw, (min-width: 784px) 395px, (min-width: 712px) 592px, (min-width: 640px) 712px, \" \/><div class=\"fusion-rollover\">\n\t<div class=\"fusion-rollover-content\">\n\n\t\t\t\t\t\t\t\t\t\t\t\t\t\t<a class=\"fusion-rollover-link\" href=\"https:\/\/nobis-printen.de\/fr\/boulangerie\/38-40-rosentalstrasseroetgen\/?portfolioCats=152%2C190%2C185%2C188%2C194%2C192%2C208%2C182%2C204%2C202%2C163%2C166\">38-40, Rosentalstra\u00dfe,Roetgen<\/a>\n\t\t\t\n\t\t\t\t\t\t\t\t\n\t\t\n\t\t\t\t\t\t\t\t\t\t\t\t<h4 class=\"fusion-rollover-title\">\n\t\t\t\t\t<a class=\"fusion-rollover-title-link\" href=\"https:\/\/nobis-printen.de\/fr\/boulangerie\/38-40-rosentalstrasseroetgen\/?portfolioCats=152%2C190%2C185%2C188%2C194%2C192%2C208%2C182%2C204%2C202%2C163%2C166\">\n\t\t\t\t\t\t38-40, Rosentalstra\u00dfe,<br>Roetgen\t\t\t\t\t<\/a>\n\t\t\t\t<\/h4>\n\t\t\t\n\t\t\t\t\t\t\t\t\n\t\t\n\t\t\t\t\t\t<a class=\"fusion-link-wrapper\" href=\"https:\/\/nobis-printen.de\/fr\/boulangerie\/38-40-rosentalstrasseroetgen\/?portfolioCats=152%2C190%2C185%2C188%2C194%2C192%2C208%2C182%2C204%2C202%2C163%2C166\" aria-label=\"38-40, Rosentalstra\u00dfe,&lt;br&gt;Roetgen\"><\/a>\n\t<\/div>\n<\/div>\n<\/div>\n<div class=\"fusion-portfolio-content\" style=\"background-color:rgba(255,255,255,1);\"><h2 class=\"entry-title fusion-post-title\"><a href=\"https:\/\/nobis-printen.de\/fr\/boulangerie\/38-40-rosentalstrasseroetgen\/?portfolioCats=152%2C190%2C185%2C188%2C194%2C192%2C208%2C182%2C204%2C202%2C163%2C166\">38-40, Rosentalstra\u00dfe,<br>Roetgen<\/a><\/h2><div class=\"fusion-content-sep sep-none\" style=\"border-color:#e0dede;\"><\/div><div class=\"fusion-post-content\"><p><a href=\"https:\/\/nobis-printen.de\/baekerei_besonderheit\/barrierefrei\/\"><img decoding=\"async\" src=\"https:\/\/nobis-printen.de\/wp-content\/uploads\/2020\/11\/nobis-printen_icon-filale_barrierefrei_01.jpg\" alt=\"Symbole Accessible en fauteuil roulant\" title=\"Accessible en fauteuil roulant\"><\/a><a href=\"https:\/\/nobis-printen.de\/baekerei_besonderheit\/sonntags-geoeffnet\/\"><img decoding=\"async\" src=\"https:\/\/nobis-printen.de\/wp-content\/uploads\/2020\/11\/nobis-printen_icon-filale_sonntags-geoeffnet_01.jpg\" alt=\"Symbole ouvert le dimanche\" title=\"Ouvert le dimanche\"><\/a>\n<\/p><table class=\"time-table\"> \n<tr><td colspan=\"2\"><strong>Horaires d'ouverture :<\/strong><\/td><\/tr> \n<tr> \n    <td>Lu - Ve<\/td> \n    <td>7:00 - 21:00 heures<\/td> \n<\/tr> \n<tr> \n    <td>Sa<\/td>  \n    <td>7:00 - 21:00 heures<\/td> \n<\/tr> \n<tr> \n    <td>Ainsi<\/td>  \n    <td>7h30 - 11h30<\/td>  \n<\/tr> \n<\/table><\/div><\/div><\/div><\/article><article id=\"portfolio-1-post-14532\" class=\"fusion-portfolio-post boulangerie breinig-fr stolberg-fr fusion-col-spacing post-14532\"><div class=\"fusion-portfolio-content-wrapper\" style=\"border:none;background-color:rgba(255,255,255,1);\"><span class=\"vcard rich-snippet-hidden\"><span class=\"fn\"><a href=\"https:\/\/nobis-printen.de\/fr\/author\/adminmcmnobis\/\" title=\"Articles par Marcus\" rel=\"author\">Marcus<\/a><\/span><\/span><span class=\"updated rich-snippet-hidden\">2023-04-05T09:59:55+02:00<\/span><div  class=\"fusion-image-wrapper\" aria-haspopup=\"true\">\n\t\t\t\t<img decoding=\"async\" width=\"852\" height=\"507\" src=\"https:\/\/nobis-printen.de\/wp-content\/uploads\/2023\/01\/nobis-printen-baeckerei_breinig_2022_Preview_01.jpg\" class=\"attachment-full size-full wp-post-image\" alt=\"\" srcset=\"https:\/\/nobis-printen.de\/wp-content\/uploads\/2023\/01\/nobis-printen-baeckerei_breinig_2022_Preview_01-200x119.jpg 200w, https:\/\/nobis-printen.de\/wp-content\/uploads\/2023\/01\/nobis-printen-baeckerei_breinig_2022_Preview_01-400x238.jpg 400w, https:\/\/nobis-printen.de\/wp-content\/uploads\/2023\/01\/nobis-printen-baeckerei_breinig_2022_Preview_01-600x357.jpg 600w, https:\/\/nobis-printen.de\/wp-content\/uploads\/2023\/01\/nobis-printen-baeckerei_breinig_2022_Preview_01-800x476.jpg 800w, https:\/\/nobis-printen.de\/wp-content\/uploads\/2023\/01\/nobis-printen-baeckerei_breinig_2022_Preview_01.jpg 852w\" sizes=\"(min-width: 2200px) 100vw, (min-width: 784px) 395px, (min-width: 712px) 592px, (min-width: 640px) 712px, \" \/><div class=\"fusion-rollover\">\n\t<div class=\"fusion-rollover-content\">\n\n\t\t\t\t\t\t\t\t\t\t\t\t\t\t<a class=\"fusion-rollover-link\" href=\"https:\/\/nobis-printen.de\/fr\/boulangerie\/38-chemin-des-frenesstolberg\/?portfolioCats=152%2C190%2C185%2C188%2C194%2C192%2C208%2C182%2C204%2C202%2C163%2C166\">38, chemin des Fr\u00eanes,Stolberg<\/a>\n\t\t\t\n\t\t\t\t\t\t\t\t\n\t\t\n\t\t\t\t\t\t\t\t\t\t\t\t<h4 class=\"fusion-rollover-title\">\n\t\t\t\t\t<a class=\"fusion-rollover-title-link\" href=\"https:\/\/nobis-printen.de\/fr\/boulangerie\/38-chemin-des-frenesstolberg\/?portfolioCats=152%2C190%2C185%2C188%2C194%2C192%2C208%2C182%2C204%2C202%2C163%2C166\">\n\t\t\t\t\t\t38, chemin des Fr\u00eanes,<br>Stolberg\t\t\t\t\t<\/a>\n\t\t\t\t<\/h4>\n\t\t\t\n\t\t\t\t\t\t\t\t\n\t\t\n\t\t\t\t\t\t<a class=\"fusion-link-wrapper\" href=\"https:\/\/nobis-printen.de\/fr\/boulangerie\/38-chemin-des-frenesstolberg\/?portfolioCats=152%2C190%2C185%2C188%2C194%2C192%2C208%2C182%2C204%2C202%2C163%2C166\" aria-label=\"38, chemin des Fr\u00eanes,&lt;br&gt;Stolberg\"><\/a>\n\t<\/div>\n<\/div>\n<\/div>\n<div class=\"fusion-portfolio-content\" style=\"background-color:rgba(255,255,255,1);\"><h2 class=\"entry-title fusion-post-title\"><a href=\"https:\/\/nobis-printen.de\/fr\/boulangerie\/38-chemin-des-frenesstolberg\/?portfolioCats=152%2C190%2C185%2C188%2C194%2C192%2C208%2C182%2C204%2C202%2C163%2C166\">38, chemin des Fr\u00eanes,<br>Stolberg<\/a><\/h2><div class=\"fusion-content-sep sep-none\" style=\"border-color:#e0dede;\"><\/div><div class=\"fusion-post-content\"><p><a href=\"https:\/\/nobis-printen.de\/baekerei_besonderheit\/barrierefrei\/\"><img decoding=\"async\" src=\"https:\/\/nobis-printen.de\/wp-content\/uploads\/2020\/11\/nobis-printen_icon-filale_barrierefrei_01.jpg\" alt=\"Symbole Accessible en fauteuil roulant\" title=\"Accessible en fauteuil roulant\"><\/a><a href=\"https:\/\/nobis-printen.de\/baekerei_besonderheit\/cafe\/\"><img decoding=\"async\" src=\"https:\/\/nobis-printen.de\/wp-content\/uploads\/2020\/11\/nobis-printen_icon-filale_cafe_01.jpg\" alt=\"Symbole Caf\u00e9\" title=\"Caf\u00e9\"><\/a><a href=\"https:\/\/nobis-printen.de\/baekerei_besonderheit\/sonntags-geoeffnet\/\"><img decoding=\"async\" src=\"https:\/\/nobis-printen.de\/wp-content\/uploads\/2020\/11\/nobis-printen_icon-filale_sonntags-geoeffnet_01.jpg\" alt=\"Symbole ouvert le dimanche\" title=\"Ouvert le dimanche\"><\/a>\n<\/p><table class=\"time-table\"> \n<tr><td colspan=\"2\"><strong>Horaires d'ouverture :<\/strong><\/td><\/tr> \n<tr> \n    <td>Lu - Ve<\/td> \n    <td>7:00 - 21:00 heures<\/td> \n<\/tr> \n<tr> \n    <td>Sa<\/td>  \n    <td>7:00 - 21:00 heures<\/td> \n<\/tr> \n<tr> \n    <td>Ainsi<\/td>  \n    <td>7h30 - 12h00<\/td>  \n<\/tr> \n<\/table><\/div><\/div><\/div><\/article><article id=\"portfolio-1-post-14205\" class=\"fusion-portfolio-post aix-la-chapelle boulangerie centre-ville fusion-col-spacing post-14205\"><div class=\"fusion-portfolio-content-wrapper\" style=\"border:none;background-color:rgba(255,255,255,1);\"><span class=\"vcard rich-snippet-hidden\"><span class=\"fn\"><a href=\"https:\/\/nobis-printen.de\/fr\/author\/adminmcmnobis\/\" title=\"Articles par Marcus\" rel=\"author\">Marcus<\/a><\/span><\/span><span class=\"updated rich-snippet-hidden\">2023-04-03T12:48:35+02:00<\/span><div  class=\"fusion-image-wrapper\" aria-haspopup=\"true\">\n\t\t\t\t<img decoding=\"async\" width=\"852\" height=\"507\" src=\"https:\/\/nobis-printen.de\/wp-content\/uploads\/2020\/11\/nobis-printen-baeckerei_oppenhoffallee_47_2022_Preview_01.jpg\" class=\"attachment-full size-full wp-post-image\" alt=\"Bild Nobis Printen Aachen, B\u00e4ckerei Oppenhoffallee 47.\" srcset=\"https:\/\/nobis-printen.de\/wp-content\/uploads\/2020\/11\/nobis-printen-baeckerei_oppenhoffallee_47_2022_Preview_01-200x119.jpg 200w, https:\/\/nobis-printen.de\/wp-content\/uploads\/2020\/11\/nobis-printen-baeckerei_oppenhoffallee_47_2022_Preview_01-400x238.jpg 400w, https:\/\/nobis-printen.de\/wp-content\/uploads\/2020\/11\/nobis-printen-baeckerei_oppenhoffallee_47_2022_Preview_01-600x357.jpg 600w, https:\/\/nobis-printen.de\/wp-content\/uploads\/2020\/11\/nobis-printen-baeckerei_oppenhoffallee_47_2022_Preview_01-800x476.jpg 800w, https:\/\/nobis-printen.de\/wp-content\/uploads\/2020\/11\/nobis-printen-baeckerei_oppenhoffallee_47_2022_Preview_01.jpg 852w\" sizes=\"(min-width: 2200px) 100vw, (min-width: 784px) 395px, (min-width: 712px) 592px, (min-width: 640px) 712px, \" \/><div class=\"fusion-rollover\">\n\t<div class=\"fusion-rollover-content\">\n\n\t\t\t\t\t\t\t\t\t\t\t\t\t\t<a class=\"fusion-rollover-link\" href=\"https:\/\/nobis-printen.de\/fr\/boulangerie\/47-oppenhoffalleeaix-la-chapelle\/?portfolioCats=152%2C190%2C185%2C188%2C194%2C192%2C208%2C182%2C204%2C202%2C163%2C166\">47, Oppenhoffallee,Aix-la-Chapelle<\/a>\n\t\t\t\n\t\t\t\t\t\t\t\t\n\t\t\n\t\t\t\t\t\t\t\t\t\t\t\t<h4 class=\"fusion-rollover-title\">\n\t\t\t\t\t<a class=\"fusion-rollover-title-link\" href=\"https:\/\/nobis-printen.de\/fr\/boulangerie\/47-oppenhoffalleeaix-la-chapelle\/?portfolioCats=152%2C190%2C185%2C188%2C194%2C192%2C208%2C182%2C204%2C202%2C163%2C166\">\n\t\t\t\t\t\t47, Oppenhoffallee,<br>Aix-la-Chapelle\t\t\t\t\t<\/a>\n\t\t\t\t<\/h4>\n\t\t\t\n\t\t\t\t\t\t\t\t\n\t\t\n\t\t\t\t\t\t<a class=\"fusion-link-wrapper\" href=\"https:\/\/nobis-printen.de\/fr\/boulangerie\/47-oppenhoffalleeaix-la-chapelle\/?portfolioCats=152%2C190%2C185%2C188%2C194%2C192%2C208%2C182%2C204%2C202%2C163%2C166\" aria-label=\"47, Oppenhoffallee,&lt;br&gt;Aix-la-Chapelle\"><\/a>\n\t<\/div>\n<\/div>\n<\/div>\n<div class=\"fusion-portfolio-content\" style=\"background-color:rgba(255,255,255,1);\"><h2 class=\"entry-title fusion-post-title\"><a href=\"https:\/\/nobis-printen.de\/fr\/boulangerie\/47-oppenhoffalleeaix-la-chapelle\/?portfolioCats=152%2C190%2C185%2C188%2C194%2C192%2C208%2C182%2C204%2C202%2C163%2C166\">47, Oppenhoffallee,<br>Aix-la-Chapelle<\/a><\/h2><div class=\"fusion-content-sep sep-none\" style=\"border-color:#e0dede;\"><\/div><div class=\"fusion-post-content\"><p><a href=\"https:\/\/nobis-printen.de\/baekerei_besonderheit\/cafe\/\"><img decoding=\"async\" src=\"https:\/\/nobis-printen.de\/wp-content\/uploads\/2020\/11\/nobis-printen_icon-filale_cafe_01.jpg\" alt=\"Symbole Caf\u00e9\" title=\"Caf\u00e9\"><\/a><a href=\"https:\/\/nobis-printen.de\/baekerei_besonderheit\/sonntags-geoeffnet\/\"><img decoding=\"async\" src=\"https:\/\/nobis-printen.de\/wp-content\/uploads\/2020\/11\/nobis-printen_icon-filale_sonntags-geoeffnet_01.jpg\" alt=\"Symbole ouvert le dimanche\" title=\"Ouvert le dimanche\"><\/a>\n<\/p><table class=\"time-table\"> \n<tr><td colspan=\"2\"><strong>Horaires d'ouverture :<\/strong><\/td><\/tr> \n<tr> \n    <td>Lu - Ve<\/td> \n    <td>6:00 - 18:00 heures<\/td> \n<\/tr> \n<tr> \n    <td>Sa<\/td>  \n    <td>6h00 - 14h00<\/td> \n<\/tr> \n<tr> \n    <td>Ainsi<\/td>  \n    <td>7h30 - 11h30<\/td>  \n<\/tr> \n<\/table><\/div><\/div><\/div><\/article><article id=\"portfolio-1-post-14566\" class=\"fusion-portfolio-post boulangerie herzogenrath-fr fusion-col-spacing post-14566\"><div class=\"fusion-portfolio-content-wrapper\" style=\"border:none;background-color:rgba(255,255,255,1);\"><span class=\"vcard rich-snippet-hidden\"><span class=\"fn\"><a href=\"https:\/\/nobis-printen.de\/fr\/author\/adminmcmnobis\/\" title=\"Articles par Marcus\" rel=\"author\">Marcus<\/a><\/span><\/span><span class=\"updated rich-snippet-hidden\">2023-04-05T10:15:11+02:00<\/span><div  class=\"fusion-image-wrapper\" aria-haspopup=\"true\">\n\t\t\t\t<img decoding=\"async\" width=\"852\" height=\"507\" src=\"https:\/\/nobis-printen.de\/wp-content\/uploads\/2020\/11\/weststrasse_6-8_2021_Preview_01.jpg\" class=\"attachment-full size-full wp-post-image\" alt=\"Nobis Printen Aachen, Weststrasse 6-8, Herzogenrath.\" srcset=\"https:\/\/nobis-printen.de\/wp-content\/uploads\/2020\/11\/weststrasse_6-8_2021_Preview_01-200x119.jpg 200w, https:\/\/nobis-printen.de\/wp-content\/uploads\/2020\/11\/weststrasse_6-8_2021_Preview_01-400x238.jpg 400w, https:\/\/nobis-printen.de\/wp-content\/uploads\/2020\/11\/weststrasse_6-8_2021_Preview_01-600x357.jpg 600w, https:\/\/nobis-printen.de\/wp-content\/uploads\/2020\/11\/weststrasse_6-8_2021_Preview_01-800x476.jpg 800w, https:\/\/nobis-printen.de\/wp-content\/uploads\/2020\/11\/weststrasse_6-8_2021_Preview_01.jpg 852w\" sizes=\"(min-width: 2200px) 100vw, (min-width: 784px) 395px, (min-width: 712px) 592px, (min-width: 640px) 712px, \" \/><div class=\"fusion-rollover\">\n\t<div class=\"fusion-rollover-content\">\n\n\t\t\t\t\t\t\t\t\t\t\t\t\t\t<a class=\"fusion-rollover-link\" href=\"https:\/\/nobis-printen.de\/fr\/boulangerie\/6-8-rue-de-louestherzogenrath\/?portfolioCats=152%2C190%2C185%2C188%2C194%2C192%2C208%2C182%2C204%2C202%2C163%2C166\">6-8 rue de l&rsquo;Ouest,Herzogenrath<\/a>\n\t\t\t\n\t\t\t\t\t\t\t\t\n\t\t\n\t\t\t\t\t\t\t\t\t\t\t\t<h4 class=\"fusion-rollover-title\">\n\t\t\t\t\t<a class=\"fusion-rollover-title-link\" href=\"https:\/\/nobis-printen.de\/fr\/boulangerie\/6-8-rue-de-louestherzogenrath\/?portfolioCats=152%2C190%2C185%2C188%2C194%2C192%2C208%2C182%2C204%2C202%2C163%2C166\">\n\t\t\t\t\t\t6-8 rue de l&rsquo;Ouest,<br>Herzogenrath\t\t\t\t\t<\/a>\n\t\t\t\t<\/h4>\n\t\t\t\n\t\t\t\t\t\t\t\t\n\t\t\n\t\t\t\t\t\t<a class=\"fusion-link-wrapper\" href=\"https:\/\/nobis-printen.de\/fr\/boulangerie\/6-8-rue-de-louestherzogenrath\/?portfolioCats=152%2C190%2C185%2C188%2C194%2C192%2C208%2C182%2C204%2C202%2C163%2C166\" aria-label=\"6-8 rue de l&rsquo;Ouest,&lt;br&gt;Herzogenrath\"><\/a>\n\t<\/div>\n<\/div>\n<\/div>\n<div class=\"fusion-portfolio-content\" style=\"background-color:rgba(255,255,255,1);\"><h2 class=\"entry-title fusion-post-title\"><a href=\"https:\/\/nobis-printen.de\/fr\/boulangerie\/6-8-rue-de-louestherzogenrath\/?portfolioCats=152%2C190%2C185%2C188%2C194%2C192%2C208%2C182%2C204%2C202%2C163%2C166\">6-8 rue de l&rsquo;Ouest,<br>Herzogenrath<\/a><\/h2><div class=\"fusion-content-sep sep-none\" style=\"border-color:#e0dede;\"><\/div><div class=\"fusion-post-content\"><p><a href=\"https:\/\/nobis-printen.de\/baekerei_besonderheit\/cafe\/\"><img decoding=\"async\" src=\"https:\/\/nobis-printen.de\/wp-content\/uploads\/2020\/11\/nobis-printen_icon-filale_cafe_01.jpg\" alt=\"Symbole Caf\u00e9\" title=\"Caf\u00e9\"><\/a><a href=\"https:\/\/nobis-printen.de\/baekerei_besonderheit\/sonntags-geoeffnet\/\"><img decoding=\"async\" src=\"https:\/\/nobis-printen.de\/wp-content\/uploads\/2020\/11\/nobis-printen_icon-filale_sonntags-geoeffnet_01.jpg\" alt=\"Symbole ouvert le dimanche\" title=\"Ouvert le dimanche\"><\/a>\n<\/p><table class=\"time-table\"> \n<tr><td colspan=\"2\"><strong>Horaires d'ouverture :<\/strong><\/td><\/tr> \n<tr> \n    <td>Lu - Ve<\/td> \n    <td>6:00 - 18:00 heures<\/td> \n<\/tr> \n<tr> \n    <td>Sa<\/td>  \n    <td>6h00 - 14h00<\/td> \n<\/tr> \n<tr> \n    <td>Ainsi<\/td>  \n    <td>8h00 - 11h00<\/td>  \n<\/tr> \n<\/table>\n<\/div><\/div><\/div><\/article><article id=\"portfolio-1-post-14292\" class=\"fusion-portfolio-post boulangerie niederzier-fr fusion-col-spacing post-14292\"><div class=\"fusion-portfolio-content-wrapper\" style=\"border:none;background-color:rgba(255,255,255,1);\"><span class=\"vcard rich-snippet-hidden\"><span class=\"fn\"><a href=\"https:\/\/nobis-printen.de\/fr\/author\/mirko-a\/\" title=\"Articles par Admin\" rel=\"author\">Admin<\/a><\/span><\/span><span class=\"updated rich-snippet-hidden\">2023-04-05T08:31:35+02:00<\/span><div  class=\"fusion-image-wrapper\" aria-haspopup=\"true\">\n\t\t\t\t<img decoding=\"async\" width=\"852\" height=\"507\" src=\"https:\/\/nobis-printen.de\/wp-content\/uploads\/2023\/02\/niederzierer-str-86-niederzier.jpg\" class=\"attachment-full size-full wp-post-image\" alt=\"Nobis Printen B\u00e4ckerei, Niederzierer Str 86, Niederzier.\" srcset=\"https:\/\/nobis-printen.de\/wp-content\/uploads\/2023\/02\/niederzierer-str-86-niederzier-200x119.jpg 200w, https:\/\/nobis-printen.de\/wp-content\/uploads\/2023\/02\/niederzierer-str-86-niederzier-400x238.jpg 400w, https:\/\/nobis-printen.de\/wp-content\/uploads\/2023\/02\/niederzierer-str-86-niederzier-600x357.jpg 600w, https:\/\/nobis-printen.de\/wp-content\/uploads\/2023\/02\/niederzierer-str-86-niederzier-800x476.jpg 800w, https:\/\/nobis-printen.de\/wp-content\/uploads\/2023\/02\/niederzierer-str-86-niederzier.jpg 852w\" sizes=\"(min-width: 2200px) 100vw, (min-width: 784px) 395px, (min-width: 712px) 592px, (min-width: 640px) 712px, \" \/><div class=\"fusion-rollover\">\n\t<div class=\"fusion-rollover-content\">\n\n\t\t\t\t\t\t\t\t\t\t\t\t\t\t<a class=\"fusion-rollover-link\" href=\"https:\/\/nobis-printen.de\/fr\/boulangerie\/86-rue-de-niederzierniederzier\/?portfolioCats=152%2C190%2C185%2C188%2C194%2C192%2C208%2C182%2C204%2C202%2C163%2C166\">86, rue de Niederzier,Niederzier<\/a>\n\t\t\t\n\t\t\t\t\t\t\t\t\n\t\t\n\t\t\t\t\t\t\t\t\t\t\t\t<h4 class=\"fusion-rollover-title\">\n\t\t\t\t\t<a class=\"fusion-rollover-title-link\" href=\"https:\/\/nobis-printen.de\/fr\/boulangerie\/86-rue-de-niederzierniederzier\/?portfolioCats=152%2C190%2C185%2C188%2C194%2C192%2C208%2C182%2C204%2C202%2C163%2C166\">\n\t\t\t\t\t\t86, rue de Niederzier,<br>Niederzier\t\t\t\t\t<\/a>\n\t\t\t\t<\/h4>\n\t\t\t\n\t\t\t\t\t\t\t\t\n\t\t\n\t\t\t\t\t\t<a class=\"fusion-link-wrapper\" href=\"https:\/\/nobis-printen.de\/fr\/boulangerie\/86-rue-de-niederzierniederzier\/?portfolioCats=152%2C190%2C185%2C188%2C194%2C192%2C208%2C182%2C204%2C202%2C163%2C166\" aria-label=\"86, rue de Niederzier,&lt;br&gt;Niederzier\"><\/a>\n\t<\/div>\n<\/div>\n<\/div>\n<div class=\"fusion-portfolio-content\" style=\"background-color:rgba(255,255,255,1);\"><h2 class=\"entry-title fusion-post-title\"><a href=\"https:\/\/nobis-printen.de\/fr\/boulangerie\/86-rue-de-niederzierniederzier\/?portfolioCats=152%2C190%2C185%2C188%2C194%2C192%2C208%2C182%2C204%2C202%2C163%2C166\">86, rue de Niederzier,<br>Niederzier<\/a><\/h2><div class=\"fusion-content-sep sep-none\" style=\"border-color:#e0dede;\"><\/div><div class=\"fusion-post-content\"><p><a href=\"https:\/\/nobis-printen.de\/baekerei_besonderheit\/barrierefrei\/\"><img decoding=\"async\" src=\"https:\/\/nobis-printen.de\/wp-content\/uploads\/2020\/11\/nobis-printen_icon-filale_barrierefrei_01.jpg\" alt=\"Symbole Accessible en fauteuil roulant\" title=\"Accessible en fauteuil roulant\"><\/a><a href=\"https:\/\/nobis-printen.de\/baekerei_besonderheit\/sonntags-geoeffnet\/\"><img decoding=\"async\" src=\"https:\/\/nobis-printen.de\/wp-content\/uploads\/2020\/11\/nobis-printen_icon-filale_sonntags-geoeffnet_01.jpg\" alt=\"Symbole ouvert le dimanche\" title=\"Ouvert le dimanche\"><\/a>\n<\/p><table class=\"time-table\">\n<tr>\n    <td colspan=\"2\"><strong>Horaires d'ouverture :<\/strong><\/td>\n  <\/tr>\n  <tr>\n    <td>Lu - Ve<\/td>\n    <td>7:00 - 20:00 heures<\/td>\n  <\/tr>\n  <tr>\n    <td>Sa<\/td> \n    <td>7:00 - 20:00 heures<\/td>\n  <\/tr>\n  <tr>\n    <td>Ainsi<\/td> \n    <td>7h30 - 11h00<\/td> \n  <\/tr>\n<\/table><\/div><\/div><\/div><\/article><article id=\"portfolio-1-post-14486\" class=\"fusion-portfolio-post aix-la-chapelle boulangerie centre-ville fusion-col-spacing post-14486\"><div class=\"fusion-portfolio-content-wrapper\" style=\"border:none;background-color:rgba(255,255,255,1);\"><span class=\"vcard rich-snippet-hidden\"><span class=\"fn\"><a href=\"https:\/\/nobis-printen.de\/fr\/author\/adminmcmnobis\/\" title=\"Articles par Marcus\" rel=\"author\">Marcus<\/a><\/span><\/span><span class=\"updated rich-snippet-hidden\">2023-04-05T09:48:20+02:00<\/span><div  class=\"fusion-image-wrapper\" aria-haspopup=\"true\">\n\t\t\t\t<img decoding=\"async\" width=\"852\" height=\"507\" src=\"https:\/\/nobis-printen.de\/wp-content\/uploads\/2023\/01\/nobis-printen-baeckerei_pontstrasse_96_2022_Preview_01.jpg\" class=\"attachment-full size-full wp-post-image\" alt=\"Nobis Printen B\u00e4ckerei Pontstrasse 96, Aachen.\" srcset=\"https:\/\/nobis-printen.de\/wp-content\/uploads\/2023\/01\/nobis-printen-baeckerei_pontstrasse_96_2022_Preview_01-200x119.jpg 200w, https:\/\/nobis-printen.de\/wp-content\/uploads\/2023\/01\/nobis-printen-baeckerei_pontstrasse_96_2022_Preview_01-400x238.jpg 400w, https:\/\/nobis-printen.de\/wp-content\/uploads\/2023\/01\/nobis-printen-baeckerei_pontstrasse_96_2022_Preview_01-600x357.jpg 600w, https:\/\/nobis-printen.de\/wp-content\/uploads\/2023\/01\/nobis-printen-baeckerei_pontstrasse_96_2022_Preview_01-800x476.jpg 800w, https:\/\/nobis-printen.de\/wp-content\/uploads\/2023\/01\/nobis-printen-baeckerei_pontstrasse_96_2022_Preview_01.jpg 852w\" sizes=\"(min-width: 2200px) 100vw, (min-width: 784px) 395px, (min-width: 712px) 592px, (min-width: 640px) 712px, \" \/><div class=\"fusion-rollover\">\n\t<div class=\"fusion-rollover-content\">\n\n\t\t\t\t\t\t\t\t\t\t\t\t\t\t<a class=\"fusion-rollover-link\" href=\"https:\/\/nobis-printen.de\/fr\/boulangerie\/96-rue-pontaix-la-chapelle\/?portfolioCats=152%2C190%2C185%2C188%2C194%2C192%2C208%2C182%2C204%2C202%2C163%2C166\">96, rue Pont,Aix-la-Chapelle<\/a>\n\t\t\t\n\t\t\t\t\t\t\t\t\n\t\t\n\t\t\t\t\t\t\t\t\t\t\t\t<h4 class=\"fusion-rollover-title\">\n\t\t\t\t\t<a class=\"fusion-rollover-title-link\" href=\"https:\/\/nobis-printen.de\/fr\/boulangerie\/96-rue-pontaix-la-chapelle\/?portfolioCats=152%2C190%2C185%2C188%2C194%2C192%2C208%2C182%2C204%2C202%2C163%2C166\">\n\t\t\t\t\t\t96, rue Pont,<br>Aix-la-Chapelle\t\t\t\t\t<\/a>\n\t\t\t\t<\/h4>\n\t\t\t\n\t\t\t\t\t\t\t\t\n\t\t\n\t\t\t\t\t\t<a class=\"fusion-link-wrapper\" href=\"https:\/\/nobis-printen.de\/fr\/boulangerie\/96-rue-pontaix-la-chapelle\/?portfolioCats=152%2C190%2C185%2C188%2C194%2C192%2C208%2C182%2C204%2C202%2C163%2C166\" aria-label=\"96, rue Pont,&lt;br&gt;Aix-la-Chapelle\"><\/a>\n\t<\/div>\n<\/div>\n<\/div>\n<div class=\"fusion-portfolio-content\" style=\"background-color:rgba(255,255,255,1);\"><h2 class=\"entry-title fusion-post-title\"><a href=\"https:\/\/nobis-printen.de\/fr\/boulangerie\/96-rue-pontaix-la-chapelle\/?portfolioCats=152%2C190%2C185%2C188%2C194%2C192%2C208%2C182%2C204%2C202%2C163%2C166\">96, rue Pont,<br>Aix-la-Chapelle<\/a><\/h2><div class=\"fusion-content-sep sep-none\" style=\"border-color:#e0dede;\"><\/div><div class=\"fusion-post-content\"><p><a href=\"https:\/\/nobis-printen.de\/baekerei_besonderheit\/spielecke\/\"><img decoding=\"async\" src=\"https:\/\/nobis-printen.de\/wp-content\/uploads\/2020\/11\/nobis-printen_icon-filale_spielen_01.jpg\" alt=\"Symbole coin de jeu\" title=\"Coin de jeu\"><\/a><a href=\"https:\/\/nobis-printen.de\/baekerei_besonderheit\/cafe\/\"><img decoding=\"async\" src=\"https:\/\/nobis-printen.de\/wp-content\/uploads\/2020\/11\/nobis-printen_icon-filale_cafe_01.jpg\" alt=\"Symbole Caf\u00e9\" title=\"Caf\u00e9\"><\/a><a href=\"https:\/\/nobis-printen.de\/baekerei_besonderheit\/sonntags-geoeffnet\/\"><img decoding=\"async\" src=\"https:\/\/nobis-printen.de\/wp-content\/uploads\/2020\/11\/nobis-printen_icon-filale_sonntags-geoeffnet_01.jpg\" alt=\"Symbole ouvert le dimanche\" title=\"Ouvert le dimanche\"><\/a>\n<\/p><table class=\"time-table\"> \n<tr><td colspan=\"2\"><strong>Horaires d'ouverture :<\/strong><\/td><\/tr> \n<tr> \n    <td>Lu - Ve<\/td> \n    <td>7h00 - 18h30<\/td> \n<\/tr> \n<tr> \n    <td>Sa<\/td>  \n    <td>7h30 - 16h00<\/td> \n<\/tr> \n<tr> \n    <td>Ainsi<\/td>  \n    <td>8 h 00 - 12 h 00<\/td>  \n<\/tr> \n<\/table><\/div><\/div><\/div><\/article><article id=\"portfolio-1-post-14113\" class=\"fusion-portfolio-post boulangerie wuerselen-fr fusion-col-spacing post-14113\"><div class=\"fusion-portfolio-content-wrapper\" style=\"border:none;background-color:rgba(255,255,255,1);\"><span class=\"vcard rich-snippet-hidden\"><span class=\"fn\"><a href=\"https:\/\/nobis-printen.de\/fr\/author\/adminmcmnobis\/\" title=\"Articles par Marcus\" rel=\"author\">Marcus<\/a><\/span><\/span><span class=\"updated rich-snippet-hidden\">2023-04-03T11:33:10+02:00<\/span><div  class=\"fusion-image-wrapper\" aria-haspopup=\"true\">\n\t\t\t\t<img decoding=\"async\" width=\"852\" height=\"507\" src=\"https:\/\/nobis-printen.de\/wp-content\/uploads\/2020\/11\/aachener-str-58_2022_Preview_01.jpg\" class=\"attachment-full size-full wp-post-image\" alt=\"\" srcset=\"https:\/\/nobis-printen.de\/wp-content\/uploads\/2020\/11\/aachener-str-58_2022_Preview_01-200x119.jpg 200w, https:\/\/nobis-printen.de\/wp-content\/uploads\/2020\/11\/aachener-str-58_2022_Preview_01-400x238.jpg 400w, https:\/\/nobis-printen.de\/wp-content\/uploads\/2020\/11\/aachener-str-58_2022_Preview_01-600x357.jpg 600w, https:\/\/nobis-printen.de\/wp-content\/uploads\/2020\/11\/aachener-str-58_2022_Preview_01-800x476.jpg 800w, https:\/\/nobis-printen.de\/wp-content\/uploads\/2020\/11\/aachener-str-58_2022_Preview_01.jpg 852w\" sizes=\"(min-width: 2200px) 100vw, (min-width: 784px) 395px, (min-width: 712px) 592px, (min-width: 640px) 712px, \" \/><div class=\"fusion-rollover\">\n\t<div class=\"fusion-rollover-content\">\n\n\t\t\t\t\t\t\t\t\t\t\t\t\t\t<a class=\"fusion-rollover-link\" href=\"https:\/\/nobis-printen.de\/fr\/boulangerie\/aachener-strasse-58wuerselen\/?portfolioCats=152%2C190%2C185%2C188%2C194%2C192%2C208%2C182%2C204%2C202%2C163%2C166\">Aachener Stra\u00dfe 58,W\u00fcrselen<\/a>\n\t\t\t\n\t\t\t\t\t\t\t\t\n\t\t\n\t\t\t\t\t\t\t\t\t\t\t\t<h4 class=\"fusion-rollover-title\">\n\t\t\t\t\t<a class=\"fusion-rollover-title-link\" href=\"https:\/\/nobis-printen.de\/fr\/boulangerie\/aachener-strasse-58wuerselen\/?portfolioCats=152%2C190%2C185%2C188%2C194%2C192%2C208%2C182%2C204%2C202%2C163%2C166\">\n\t\t\t\t\t\tAachener Stra\u00dfe 58,<br>W\u00fcrselen\t\t\t\t\t<\/a>\n\t\t\t\t<\/h4>\n\t\t\t\n\t\t\t\t\t\t\t\t\n\t\t\n\t\t\t\t\t\t<a class=\"fusion-link-wrapper\" href=\"https:\/\/nobis-printen.de\/fr\/boulangerie\/aachener-strasse-58wuerselen\/?portfolioCats=152%2C190%2C185%2C188%2C194%2C192%2C208%2C182%2C204%2C202%2C163%2C166\" aria-label=\"Aachener Stra\u00dfe 58,&lt;br&gt;W\u00fcrselen\"><\/a>\n\t<\/div>\n<\/div>\n<\/div>\n<div class=\"fusion-portfolio-content\" style=\"background-color:rgba(255,255,255,1);\"><h2 class=\"entry-title fusion-post-title\"><a href=\"https:\/\/nobis-printen.de\/fr\/boulangerie\/aachener-strasse-58wuerselen\/?portfolioCats=152%2C190%2C185%2C188%2C194%2C192%2C208%2C182%2C204%2C202%2C163%2C166\">Aachener Stra\u00dfe 58,<br>W\u00fcrselen<\/a><\/h2><div class=\"fusion-content-sep sep-none\" style=\"border-color:#e0dede;\"><\/div><div class=\"fusion-post-content\"><p><a href=\"https:\/\/nobis-printen.de\/baekerei_besonderheit\/barrierefrei\/\"><img decoding=\"async\" src=\"https:\/\/nobis-printen.de\/wp-content\/uploads\/2020\/11\/nobis-printen_icon-filale_barrierefrei_01.jpg\" alt=\"Symbole Accessible en fauteuil roulant\" title=\"Accessible en fauteuil roulant\"><\/a><a href=\"https:\/\/nobis-printen.de\/baekerei_besonderheit\/cafe\/\"><img decoding=\"async\" src=\"https:\/\/nobis-printen.de\/wp-content\/uploads\/2020\/11\/nobis-printen_icon-filale_cafe_01.jpg\" alt=\"Symbole Caf\u00e9\" title=\"Caf\u00e9\"><\/a>\n<\/p><table class=\"time-table\"> \n<tr><td colspan=\"2\"><strong>Horaires d'ouverture :<\/strong><\/td><\/tr> \n<tr><td>Lu - Ve<\/td><td>7:00 - 20:00 heures<\/td><\/tr> \n<tr> <td>Sa<\/td><td>7:00 - 20:00 heures<\/td><\/tr> \n<tr><td>Ainsi<\/td><td>ferm\u00e9<\/td><\/tr> \n<\/table>\n<\/div><\/div><\/div><\/article><article id=\"portfolio-1-post-14402\" class=\"fusion-portfolio-post aix-la-chapelle boulangerie centre-ville fusion-col-spacing post-14402\"><div class=\"fusion-portfolio-content-wrapper\" style=\"border:none;background-color:rgba(255,255,255,1);\"><span class=\"vcard rich-snippet-hidden\"><span class=\"fn\"><a href=\"https:\/\/nobis-printen.de\/fr\/author\/adminmcmnobis\/\" title=\"Articles par Marcus\" rel=\"author\">Marcus<\/a><\/span><\/span><span class=\"updated rich-snippet-hidden\">2023-04-05T09:16:26+02:00<\/span><div  class=\"fusion-image-wrapper\" aria-haspopup=\"true\">\n\t\t\t\t<img decoding=\"async\" width=\"852\" height=\"507\" src=\"https:\/\/nobis-printen.de\/wp-content\/uploads\/2020\/11\/Adalbertsteinweg_242_2022_Preview_01.jpg\" class=\"attachment-full size-full wp-post-image\" alt=\"\" srcset=\"https:\/\/nobis-printen.de\/wp-content\/uploads\/2020\/11\/Adalbertsteinweg_242_2022_Preview_01-200x119.jpg 200w, https:\/\/nobis-printen.de\/wp-content\/uploads\/2020\/11\/Adalbertsteinweg_242_2022_Preview_01-400x238.jpg 400w, https:\/\/nobis-printen.de\/wp-content\/uploads\/2020\/11\/Adalbertsteinweg_242_2022_Preview_01-600x357.jpg 600w, https:\/\/nobis-printen.de\/wp-content\/uploads\/2020\/11\/Adalbertsteinweg_242_2022_Preview_01-800x476.jpg 800w, https:\/\/nobis-printen.de\/wp-content\/uploads\/2020\/11\/Adalbertsteinweg_242_2022_Preview_01.jpg 852w\" sizes=\"(min-width: 2200px) 100vw, (min-width: 784px) 395px, (min-width: 712px) 592px, (min-width: 640px) 712px, \" \/><div class=\"fusion-rollover\">\n\t<div class=\"fusion-rollover-content\">\n\n\t\t\t\t\t\t\t\t\t\t\t\t\t\t<a class=\"fusion-rollover-link\" href=\"https:\/\/nobis-printen.de\/fr\/boulangerie\/adalbertsteinweg-242aix-la-chapelle\/?portfolioCats=152%2C190%2C185%2C188%2C194%2C192%2C208%2C182%2C204%2C202%2C163%2C166\">Adalbertsteinweg 242,Aix-la-Chapelle<\/a>\n\t\t\t\n\t\t\t\t\t\t\t\t\n\t\t\n\t\t\t\t\t\t\t\t\t\t\t\t<h4 class=\"fusion-rollover-title\">\n\t\t\t\t\t<a class=\"fusion-rollover-title-link\" href=\"https:\/\/nobis-printen.de\/fr\/boulangerie\/adalbertsteinweg-242aix-la-chapelle\/?portfolioCats=152%2C190%2C185%2C188%2C194%2C192%2C208%2C182%2C204%2C202%2C163%2C166\">\n\t\t\t\t\t\tAdalbertsteinweg 242,<br>Aix-la-Chapelle\t\t\t\t\t<\/a>\n\t\t\t\t<\/h4>\n\t\t\t\n\t\t\t\t\t\t\t\t\n\t\t\n\t\t\t\t\t\t<a class=\"fusion-link-wrapper\" href=\"https:\/\/nobis-printen.de\/fr\/boulangerie\/adalbertsteinweg-242aix-la-chapelle\/?portfolioCats=152%2C190%2C185%2C188%2C194%2C192%2C208%2C182%2C204%2C202%2C163%2C166\" aria-label=\"Adalbertsteinweg 242,&lt;br&gt;Aix-la-Chapelle\"><\/a>\n\t<\/div>\n<\/div>\n<\/div>\n<div class=\"fusion-portfolio-content\" style=\"background-color:rgba(255,255,255,1);\"><h2 class=\"entry-title fusion-post-title\"><a href=\"https:\/\/nobis-printen.de\/fr\/boulangerie\/adalbertsteinweg-242aix-la-chapelle\/?portfolioCats=152%2C190%2C185%2C188%2C194%2C192%2C208%2C182%2C204%2C202%2C163%2C166\">Adalbertsteinweg 242,<br>Aix-la-Chapelle<\/a><\/h2><div class=\"fusion-content-sep sep-none\" style=\"border-color:#e0dede;\"><\/div><div class=\"fusion-post-content\"><p><a href=\"https:\/\/nobis-printen.de\/baekerei_besonderheit\/barrierefrei\/\"><img decoding=\"async\" src=\"https:\/\/nobis-printen.de\/wp-content\/uploads\/2020\/11\/nobis-printen_icon-filale_barrierefrei_01.jpg\" alt=\"Symbole Accessible en fauteuil roulant\" title=\"Accessible en fauteuil roulant\"><\/a><a href=\"https:\/\/nobis-printen.de\/baekerei_besonderheit\/cafe\/\"><img decoding=\"async\" src=\"https:\/\/nobis-printen.de\/wp-content\/uploads\/2020\/11\/nobis-printen_icon-filale_cafe_01.jpg\" alt=\"Symbole Caf\u00e9\" title=\"Caf\u00e9\"><\/a>\n<\/p><table class=\"time-table\"> \n<tr><td colspan=\"2\"><strong>Horaires d'ouverture :<\/strong><\/td><\/tr> \n<tr> \n    <td>Lu - Ve<\/td> \n    <td>7:00 - 20:00 heures<\/td> \n<\/tr> \n<tr> \n    <td>Sa<\/td>  \n    <td>7h00 - 18h30<\/td> \n<\/tr> \n<tr> \n    <td>Ainsi<\/td>  \n    <td>ferm\u00e9<\/td>  \n<\/tr> \n<\/table>\n<\/div><\/div><\/div><\/article><article id=\"portfolio-1-post-14446\" class=\"fusion-portfolio-post aix-la-chapelle boulangerie centre-ville fusion-col-spacing post-14446\"><div class=\"fusion-portfolio-content-wrapper\" style=\"border:none;background-color:rgba(255,255,255,1);\"><span class=\"vcard rich-snippet-hidden\"><span class=\"fn\"><a href=\"https:\/\/nobis-printen.de\/fr\/author\/adminmcmnobis\/\" title=\"Articles par Marcus\" rel=\"author\">Marcus<\/a><\/span><\/span><span class=\"updated rich-snippet-hidden\">2023-04-05T09:34:00+02:00<\/span><div  class=\"fusion-image-wrapper\" aria-haspopup=\"true\">\n\t\t\t\t<img decoding=\"async\" width=\"852\" height=\"507\" src=\"https:\/\/nobis-printen.de\/wp-content\/uploads\/2023\/01\/nobis-printen-baeckerei_aquis-plaza_2022_Preview_01.jpg\" class=\"attachment-full size-full wp-post-image\" alt=\"\" srcset=\"https:\/\/nobis-printen.de\/wp-content\/uploads\/2023\/01\/nobis-printen-baeckerei_aquis-plaza_2022_Preview_01-200x119.jpg 200w, https:\/\/nobis-printen.de\/wp-content\/uploads\/2023\/01\/nobis-printen-baeckerei_aquis-plaza_2022_Preview_01-400x238.jpg 400w, https:\/\/nobis-printen.de\/wp-content\/uploads\/2023\/01\/nobis-printen-baeckerei_aquis-plaza_2022_Preview_01-600x357.jpg 600w, https:\/\/nobis-printen.de\/wp-content\/uploads\/2023\/01\/nobis-printen-baeckerei_aquis-plaza_2022_Preview_01-800x476.jpg 800w, https:\/\/nobis-printen.de\/wp-content\/uploads\/2023\/01\/nobis-printen-baeckerei_aquis-plaza_2022_Preview_01.jpg 852w\" sizes=\"(min-width: 2200px) 100vw, (min-width: 784px) 395px, (min-width: 712px) 592px, (min-width: 640px) 712px, \" \/><div class=\"fusion-rollover\">\n\t<div class=\"fusion-rollover-content\">\n\n\t\t\t\t\t\t\t\t\t\t\t\t\t\t<a class=\"fusion-rollover-link\" href=\"https:\/\/nobis-printen.de\/fr\/boulangerie\/adalbertstr-100-aquis-plazaaix-la-chapelle\/?portfolioCats=152%2C190%2C185%2C188%2C194%2C192%2C208%2C182%2C204%2C202%2C163%2C166\">Adalbertstr. 100, Aquis Plaza,Aix-la-Chapelle<\/a>\n\t\t\t\n\t\t\t\t\t\t\t\t\n\t\t\n\t\t\t\t\t\t\t\t\t\t\t\t<h4 class=\"fusion-rollover-title\">\n\t\t\t\t\t<a class=\"fusion-rollover-title-link\" href=\"https:\/\/nobis-printen.de\/fr\/boulangerie\/adalbertstr-100-aquis-plazaaix-la-chapelle\/?portfolioCats=152%2C190%2C185%2C188%2C194%2C192%2C208%2C182%2C204%2C202%2C163%2C166\">\n\t\t\t\t\t\tAdalbertstr. 100, Aquis Plaza,<br>Aix-la-Chapelle\t\t\t\t\t<\/a>\n\t\t\t\t<\/h4>\n\t\t\t\n\t\t\t\t\t\t\t\t\n\t\t\n\t\t\t\t\t\t<a class=\"fusion-link-wrapper\" href=\"https:\/\/nobis-printen.de\/fr\/boulangerie\/adalbertstr-100-aquis-plazaaix-la-chapelle\/?portfolioCats=152%2C190%2C185%2C188%2C194%2C192%2C208%2C182%2C204%2C202%2C163%2C166\" aria-label=\"Adalbertstr. 100, Aquis Plaza,&lt;br&gt;Aix-la-Chapelle\"><\/a>\n\t<\/div>\n<\/div>\n<\/div>\n<div class=\"fusion-portfolio-content\" style=\"background-color:rgba(255,255,255,1);\"><h2 class=\"entry-title fusion-post-title\"><a href=\"https:\/\/nobis-printen.de\/fr\/boulangerie\/adalbertstr-100-aquis-plazaaix-la-chapelle\/?portfolioCats=152%2C190%2C185%2C188%2C194%2C192%2C208%2C182%2C204%2C202%2C163%2C166\">Adalbertstr. 100, Aquis Plaza,<br>Aix-la-Chapelle<\/a><\/h2><div class=\"fusion-content-sep sep-none\" style=\"border-color:#e0dede;\"><\/div><div class=\"fusion-post-content\"><p><a href=\"https:\/\/nobis-printen.de\/baekerei_besonderheit\/barrierefrei\/\"><img decoding=\"async\" src=\"https:\/\/nobis-printen.de\/wp-content\/uploads\/2020\/11\/nobis-printen_icon-filale_barrierefrei_01.jpg\" alt=\"Symbole Accessible en fauteuil roulant\" title=\"Accessible en fauteuil roulant\"><\/a><a href=\"https:\/\/nobis-printen.de\/baekerei_besonderheit\/cafe\/\"><img decoding=\"async\" src=\"https:\/\/nobis-printen.de\/wp-content\/uploads\/2020\/11\/nobis-printen_icon-filale_cafe_01.jpg\" alt=\"Symbole Caf\u00e9\" title=\"Caf\u00e9\"><\/a>\n<\/p><table class=\"time-table\"> \n<tr><td colspan=\"2\"><strong>Horaires d'ouverture :<\/strong><\/td><\/tr> \n<tr> \n    <td>Lu - Ve<\/td> \n    <td>8h00 - 20h00<\/td> \n<\/tr> \n<tr> \n    <td>Sa<\/td>  \n    <td>8h00 - 20h00<\/td> \n<\/tr> \n<tr> \n    <td>Ainsi<\/td>  \n    <td>ferm\u00e9<\/td>  \n<\/tr> \n<\/table><\/div><\/div><\/div><\/article><article id=\"portfolio-1-post-14430\" class=\"fusion-portfolio-post aix-la-chapelle boulangerie centre-ville fusion-col-spacing post-14430\"><div class=\"fusion-portfolio-content-wrapper\" style=\"border:none;background-color:rgba(255,255,255,1);\"><span class=\"vcard rich-snippet-hidden\"><span class=\"fn\"><a href=\"https:\/\/nobis-printen.de\/fr\/author\/adminmcmnobis\/\" title=\"Articles par Marcus\" rel=\"author\">Marcus<\/a><\/span><\/span><span class=\"updated rich-snippet-hidden\">2023-04-05T09:29:39+02:00<\/span><div  class=\"fusion-image-wrapper\" aria-haspopup=\"true\">\n\t\t\t\t<img decoding=\"async\" width=\"852\" height=\"507\" src=\"https:\/\/nobis-printen.de\/wp-content\/uploads\/2023\/01\/nobis-printen-aachen-adalbertstr-6-10-theke-2026-01.webp\" class=\"attachment-full size-full wp-post-image\" alt=\"Innenaufnahme der Nobis Printen B\u00e4ckerei Filiale in der Adalbertstra\u00dfe 6-10 in Aachen.\" srcset=\"https:\/\/nobis-printen.de\/wp-content\/uploads\/2023\/01\/nobis-printen-aachen-adalbertstr-6-10-theke-2026-01-200x119.webp 200w, https:\/\/nobis-printen.de\/wp-content\/uploads\/2023\/01\/nobis-printen-aachen-adalbertstr-6-10-theke-2026-01-400x238.webp 400w, https:\/\/nobis-printen.de\/wp-content\/uploads\/2023\/01\/nobis-printen-aachen-adalbertstr-6-10-theke-2026-01-600x357.webp 600w, https:\/\/nobis-printen.de\/wp-content\/uploads\/2023\/01\/nobis-printen-aachen-adalbertstr-6-10-theke-2026-01-800x476.webp 800w, https:\/\/nobis-printen.de\/wp-content\/uploads\/2023\/01\/nobis-printen-aachen-adalbertstr-6-10-theke-2026-01.webp 852w\" sizes=\"(min-width: 2200px) 100vw, (min-width: 784px) 395px, (min-width: 712px) 592px, (min-width: 640px) 712px, \" \/><div class=\"fusion-rollover\">\n\t<div class=\"fusion-rollover-content\">\n\n\t\t\t\t\t\t\t\t\t\t\t\t\t\t<a class=\"fusion-rollover-link\" href=\"https:\/\/nobis-printen.de\/fr\/boulangerie\/adalbertstr-6-10aix-la-chapelle\/?portfolioCats=152%2C190%2C185%2C188%2C194%2C192%2C208%2C182%2C204%2C202%2C163%2C166\">Adalbertstr. 6-10,Aix-la-Chapelle<\/a>\n\t\t\t\n\t\t\t\t\t\t\t\t\n\t\t\n\t\t\t\t\t\t\t\t\t\t\t\t<h4 class=\"fusion-rollover-title\">\n\t\t\t\t\t<a class=\"fusion-rollover-title-link\" href=\"https:\/\/nobis-printen.de\/fr\/boulangerie\/adalbertstr-6-10aix-la-chapelle\/?portfolioCats=152%2C190%2C185%2C188%2C194%2C192%2C208%2C182%2C204%2C202%2C163%2C166\">\n\t\t\t\t\t\tAdalbertstr. 6-10,<br>Aix-la-Chapelle\t\t\t\t\t<\/a>\n\t\t\t\t<\/h4>\n\t\t\t\n\t\t\t\t\t\t\t\t\n\t\t\n\t\t\t\t\t\t<a class=\"fusion-link-wrapper\" href=\"https:\/\/nobis-printen.de\/fr\/boulangerie\/adalbertstr-6-10aix-la-chapelle\/?portfolioCats=152%2C190%2C185%2C188%2C194%2C192%2C208%2C182%2C204%2C202%2C163%2C166\" aria-label=\"Adalbertstr. 6-10,&lt;br&gt;Aix-la-Chapelle\"><\/a>\n\t<\/div>\n<\/div>\n<\/div>\n<div class=\"fusion-portfolio-content\" style=\"background-color:rgba(255,255,255,1);\"><h2 class=\"entry-title fusion-post-title\"><a href=\"https:\/\/nobis-printen.de\/fr\/boulangerie\/adalbertstr-6-10aix-la-chapelle\/?portfolioCats=152%2C190%2C185%2C188%2C194%2C192%2C208%2C182%2C204%2C202%2C163%2C166\">Adalbertstr. 6-10,<br>Aix-la-Chapelle<\/a><\/h2><div class=\"fusion-content-sep sep-none\" style=\"border-color:#e0dede;\"><\/div><div class=\"fusion-post-content\"><p><a href=\"https:\/\/nobis-printen.de\/baekerei_besonderheit\/cafe\/\"><img decoding=\"async\" src=\"https:\/\/nobis-printen.de\/wp-content\/uploads\/2020\/11\/nobis-printen_icon-filale_cafe_01.jpg\" alt=\"Symbole Caf\u00e9\" title=\"Caf\u00e9\"><\/a>\n<\/p><table class=\"time-table\"> \n<tr><td colspan=\"2\"><strong>Horaires d'ouverture :<\/strong><\/td><\/tr> \n<tr> \n    <td>Lu - Ve<\/td> \n    <td>7h30 - 19h00<\/td> \n<\/tr> \n<tr> \n    <td>Sa<\/td>  \n    <td>8h00 - 18h00<\/td> \n<\/tr> \n<tr> \n    <td>Ainsi<\/td>  \n    <td>ferm\u00e9<\/td>  \n<\/tr> \n<\/table><\/div><\/div><\/div><\/article><article id=\"portfolio-1-post-14229\" class=\"fusion-portfolio-post aix-la-chapelle boulangerie centre-ville fusion-col-spacing post-14229\"><div class=\"fusion-portfolio-content-wrapper\" style=\"border:none;background-color:rgba(255,255,255,1);\"><span class=\"vcard rich-snippet-hidden\"><span class=\"fn\"><a href=\"https:\/\/nobis-printen.de\/fr\/author\/adminmcmnobis\/\" title=\"Articles par Marcus\" rel=\"author\">Marcus<\/a><\/span><\/span><span class=\"updated rich-snippet-hidden\">2023-04-03T13:03:43+02:00<\/span><div  class=\"fusion-image-wrapper\" aria-haspopup=\"true\">\n\t\t\t\t<img decoding=\"async\" width=\"852\" height=\"507\" src=\"https:\/\/nobis-printen.de\/wp-content\/uploads\/2023\/01\/nobis-printen-baeckerei_alexanderstrasse_2024.jpg\" class=\"attachment-full size-full wp-post-image\" alt=\"\" srcset=\"https:\/\/nobis-printen.de\/wp-content\/uploads\/2023\/01\/nobis-printen-baeckerei_alexanderstrasse_2024-200x119.jpg 200w, https:\/\/nobis-printen.de\/wp-content\/uploads\/2023\/01\/nobis-printen-baeckerei_alexanderstrasse_2024-400x238.jpg 400w, https:\/\/nobis-printen.de\/wp-content\/uploads\/2023\/01\/nobis-printen-baeckerei_alexanderstrasse_2024-600x357.jpg 600w, https:\/\/nobis-printen.de\/wp-content\/uploads\/2023\/01\/nobis-printen-baeckerei_alexanderstrasse_2024-800x476.jpg 800w, https:\/\/nobis-printen.de\/wp-content\/uploads\/2023\/01\/nobis-printen-baeckerei_alexanderstrasse_2024.jpg 852w\" sizes=\"(min-width: 2200px) 100vw, (min-width: 784px) 395px, (min-width: 712px) 592px, (min-width: 640px) 712px, \" \/><div class=\"fusion-rollover\">\n\t<div class=\"fusion-rollover-content\">\n\n\t\t\t\t\t\t\t\t\t\t\t\t\t\t<a class=\"fusion-rollover-link\" href=\"https:\/\/nobis-printen.de\/fr\/boulangerie\/alexanderstrasse-5aix-la-chapelle\/?portfolioCats=152%2C190%2C185%2C188%2C194%2C192%2C208%2C182%2C204%2C202%2C163%2C166\">Alexanderstra\u00dfe 5,Aix-la-Chapelle<\/a>\n\t\t\t\n\t\t\t\t\t\t\t\t\n\t\t\n\t\t\t\t\t\t\t\t\t\t\t\t<h4 class=\"fusion-rollover-title\">\n\t\t\t\t\t<a class=\"fusion-rollover-title-link\" href=\"https:\/\/nobis-printen.de\/fr\/boulangerie\/alexanderstrasse-5aix-la-chapelle\/?portfolioCats=152%2C190%2C185%2C188%2C194%2C192%2C208%2C182%2C204%2C202%2C163%2C166\">\n\t\t\t\t\t\tAlexanderstra\u00dfe 5,<br>Aix-la-Chapelle\t\t\t\t\t<\/a>\n\t\t\t\t<\/h4>\n\t\t\t\n\t\t\t\t\t\t\t\t\n\t\t\n\t\t\t\t\t\t<a class=\"fusion-link-wrapper\" href=\"https:\/\/nobis-printen.de\/fr\/boulangerie\/alexanderstrasse-5aix-la-chapelle\/?portfolioCats=152%2C190%2C185%2C188%2C194%2C192%2C208%2C182%2C204%2C202%2C163%2C166\" aria-label=\"Alexanderstra\u00dfe 5,&lt;br&gt;Aix-la-Chapelle\"><\/a>\n\t<\/div>\n<\/div>\n<\/div>\n<div class=\"fusion-portfolio-content\" style=\"background-color:rgba(255,255,255,1);\"><h2 class=\"entry-title fusion-post-title\"><a href=\"https:\/\/nobis-printen.de\/fr\/boulangerie\/alexanderstrasse-5aix-la-chapelle\/?portfolioCats=152%2C190%2C185%2C188%2C194%2C192%2C208%2C182%2C204%2C202%2C163%2C166\">Alexanderstra\u00dfe 5,<br>Aix-la-Chapelle<\/a><\/h2><div class=\"fusion-content-sep sep-none\" style=\"border-color:#e0dede;\"><\/div><div class=\"fusion-post-content\"><p><a href=\"https:\/\/nobis-printen.de\/baekerei_besonderheit\/barrierefrei\/\"><img decoding=\"async\" src=\"https:\/\/nobis-printen.de\/wp-content\/uploads\/2020\/11\/nobis-printen_icon-filale_barrierefrei_01.jpg\" alt=\"Symbole Accessible en fauteuil roulant\" title=\"Accessible en fauteuil roulant\"><\/a>\n<\/p><table class=\"time-table\"> \n<tr><td colspan=\"2\"><strong>Horaires d'ouverture :<\/strong><\/td><\/tr> \n<tr> \n    <td>Lu - Ve<\/td> \n    <td>6h30 - 19h00<\/td> \n<\/tr> \n<tr> \n    <td>Sa<\/td>  \n    <td>6h30 - 17h00<\/td> \n<\/tr> \n<tr> \n    <td>Ainsi<\/td>  \n    <td>ferm\u00e9<\/td>  \n<\/tr> \n<\/table><\/div><\/div><\/div><\/article><article id=\"portfolio-1-post-14153\" class=\"fusion-portfolio-post aix-la-chapelle boulangerie cheveux fusion-col-spacing post-14153\"><div class=\"fusion-portfolio-content-wrapper\" style=\"border:none;background-color:rgba(255,255,255,1);\"><span class=\"vcard rich-snippet-hidden\"><span class=\"fn\"><a href=\"https:\/\/nobis-printen.de\/fr\/author\/adminmcmnobis\/\" title=\"Articles par Marcus\" rel=\"author\">Marcus<\/a><\/span><\/span><span class=\"updated rich-snippet-hidden\">2023-04-03T12:12:51+02:00<\/span><div  class=\"fusion-image-wrapper\" aria-haspopup=\"true\">\n\t\t\t\t<img decoding=\"async\" width=\"852\" height=\"507\" src=\"https:\/\/nobis-printen.de\/wp-content\/uploads\/2026\/03\/nobis-printen-aachen-alt-haarener-str-54-theke-2026-01.webp\" class=\"attachment-full size-full wp-post-image\" alt=\"Nobis Printen Filiale in der Alt-Haarener-Str. 54 in Aachen. Ansicht der Theke.\" srcset=\"https:\/\/nobis-printen.de\/wp-content\/uploads\/2026\/03\/nobis-printen-aachen-alt-haarener-str-54-theke-2026-01-200x119.webp 200w, https:\/\/nobis-printen.de\/wp-content\/uploads\/2026\/03\/nobis-printen-aachen-alt-haarener-str-54-theke-2026-01-400x238.webp 400w, https:\/\/nobis-printen.de\/wp-content\/uploads\/2026\/03\/nobis-printen-aachen-alt-haarener-str-54-theke-2026-01-600x357.webp 600w, https:\/\/nobis-printen.de\/wp-content\/uploads\/2026\/03\/nobis-printen-aachen-alt-haarener-str-54-theke-2026-01-800x476.webp 800w, https:\/\/nobis-printen.de\/wp-content\/uploads\/2026\/03\/nobis-printen-aachen-alt-haarener-str-54-theke-2026-01.webp 852w\" sizes=\"(min-width: 2200px) 100vw, (min-width: 784px) 395px, (min-width: 712px) 592px, (min-width: 640px) 712px, \" \/><div class=\"fusion-rollover\">\n\t<div class=\"fusion-rollover-content\">\n\n\t\t\t\t\t\t\t\t\t\t\t\t\t\t<a class=\"fusion-rollover-link\" href=\"https:\/\/nobis-printen.de\/fr\/boulangerie\/alt-haarener-str-54aix-la-chapelle\/?portfolioCats=152%2C190%2C185%2C188%2C194%2C192%2C208%2C182%2C204%2C202%2C163%2C166\">Alt-Haarener-Str. 54,Aix-la-Chapelle<\/a>\n\t\t\t\n\t\t\t\t\t\t\t\t\n\t\t\n\t\t\t\t\t\t\t\t\t\t\t\t<h4 class=\"fusion-rollover-title\">\n\t\t\t\t\t<a class=\"fusion-rollover-title-link\" href=\"https:\/\/nobis-printen.de\/fr\/boulangerie\/alt-haarener-str-54aix-la-chapelle\/?portfolioCats=152%2C190%2C185%2C188%2C194%2C192%2C208%2C182%2C204%2C202%2C163%2C166\">\n\t\t\t\t\t\tAlt-Haarener-Str. 54,<br>Aix-la-Chapelle\t\t\t\t\t<\/a>\n\t\t\t\t<\/h4>\n\t\t\t\n\t\t\t\t\t\t\t\t\n\t\t\n\t\t\t\t\t\t<a class=\"fusion-link-wrapper\" href=\"https:\/\/nobis-printen.de\/fr\/boulangerie\/alt-haarener-str-54aix-la-chapelle\/?portfolioCats=152%2C190%2C185%2C188%2C194%2C192%2C208%2C182%2C204%2C202%2C163%2C166\" aria-label=\"Alt-Haarener-Str. 54,&lt;br&gt;Aix-la-Chapelle\"><\/a>\n\t<\/div>\n<\/div>\n<\/div>\n<div class=\"fusion-portfolio-content\" style=\"background-color:rgba(255,255,255,1);\"><h2 class=\"entry-title fusion-post-title\"><a href=\"https:\/\/nobis-printen.de\/fr\/boulangerie\/alt-haarener-str-54aix-la-chapelle\/?portfolioCats=152%2C190%2C185%2C188%2C194%2C192%2C208%2C182%2C204%2C202%2C163%2C166\">Alt-Haarener-Str. 54,<br>Aix-la-Chapelle<\/a><\/h2><div class=\"fusion-content-sep sep-none\" style=\"border-color:#e0dede;\"><\/div><div class=\"fusion-post-content\"><p><a href=\"https:\/\/nobis-printen.de\/baekerei_besonderheit\/cafe\/\"><img decoding=\"async\" src=\"https:\/\/nobis-printen.de\/wp-content\/uploads\/2020\/11\/nobis-printen_icon-filale_cafe_01.jpg\" alt=\"Symbole Caf\u00e9\" title=\"Caf\u00e9\"><\/a><a href=\"https:\/\/nobis-printen.de\/baekerei_besonderheit\/sonntags-geoeffnet\/\"><img decoding=\"async\" src=\"https:\/\/nobis-printen.de\/wp-content\/uploads\/2020\/11\/nobis-printen_icon-filale_sonntags-geoeffnet_01.jpg\" alt=\"Symbole ouvert le dimanche\" title=\"Ouvert le dimanche\"><\/a>\n<\/p><table class=\"time-table\"> \n<tr><td colspan=\"2\"><strong>Horaires d'ouverture :<\/strong><\/td><\/tr> \n<tr> \n    <td>Lu - Ve<\/td> \n    <td>5h30 - 17h00<\/td> \n<\/tr> \n<tr> \n    <td>Sa<\/td>  \n    <td>5:30 - 14:00 heures<\/td> \n<\/tr> \n<tr> \n    <td>Ainsi<\/td>  \n    <td>8h00 - 11h00<\/td>  \n<\/tr> \n<\/table><\/div><\/div><\/div><\/article><article id=\"portfolio-1-post-14081\" class=\"fusion-portfolio-post aix-la-chapelle boulangerie cheveux fusion-col-spacing post-14081\"><div class=\"fusion-portfolio-content-wrapper\" style=\"border:none;background-color:rgba(255,255,255,1);\"><span class=\"vcard rich-snippet-hidden\"><span class=\"fn\"><a href=\"https:\/\/nobis-printen.de\/fr\/author\/adminmcmnobis\/\" title=\"Articles par Marcus\" rel=\"author\">Marcus<\/a><\/span><\/span><span class=\"updated rich-snippet-hidden\">2023-04-03T11:10:25+02:00<\/span><div  class=\"fusion-image-wrapper\" aria-haspopup=\"true\">\n\t\t\t\t<img decoding=\"async\" width=\"852\" height=\"507\" src=\"https:\/\/nobis-printen.de\/wp-content\/uploads\/2023\/01\/alt-haarener-strasse180-nobis-printen-aachen-ausssenaufnahme.jpg\" class=\"attachment-full size-full wp-post-image\" alt=\"Filiale Alt Haarener Strasse 180, Nobis Printen Aachen\" srcset=\"https:\/\/nobis-printen.de\/wp-content\/uploads\/2023\/01\/alt-haarener-strasse180-nobis-printen-aachen-ausssenaufnahme-200x119.jpg 200w, https:\/\/nobis-printen.de\/wp-content\/uploads\/2023\/01\/alt-haarener-strasse180-nobis-printen-aachen-ausssenaufnahme-400x238.jpg 400w, https:\/\/nobis-printen.de\/wp-content\/uploads\/2023\/01\/alt-haarener-strasse180-nobis-printen-aachen-ausssenaufnahme-600x357.jpg 600w, https:\/\/nobis-printen.de\/wp-content\/uploads\/2023\/01\/alt-haarener-strasse180-nobis-printen-aachen-ausssenaufnahme-800x476.jpg 800w, https:\/\/nobis-printen.de\/wp-content\/uploads\/2023\/01\/alt-haarener-strasse180-nobis-printen-aachen-ausssenaufnahme.jpg 852w\" sizes=\"(min-width: 2200px) 100vw, (min-width: 784px) 395px, (min-width: 712px) 592px, (min-width: 640px) 712px, \" \/><div class=\"fusion-rollover\">\n\t<div class=\"fusion-rollover-content\">\n\n\t\t\t\t\t\t\t\t\t\t\t\t\t\t<a class=\"fusion-rollover-link\" href=\"https:\/\/nobis-printen.de\/fr\/boulangerie\/alt-haarener-strasse-180aix-la-chapelle\/?portfolioCats=152%2C190%2C185%2C188%2C194%2C192%2C208%2C182%2C204%2C202%2C163%2C166\">Alt-Haarener-Stra\u00dfe 180,Aix-la-Chapelle<\/a>\n\t\t\t\n\t\t\t\t\t\t\t\t\n\t\t\n\t\t\t\t\t\t\t\t\t\t\t\t<h4 class=\"fusion-rollover-title\">\n\t\t\t\t\t<a class=\"fusion-rollover-title-link\" href=\"https:\/\/nobis-printen.de\/fr\/boulangerie\/alt-haarener-strasse-180aix-la-chapelle\/?portfolioCats=152%2C190%2C185%2C188%2C194%2C192%2C208%2C182%2C204%2C202%2C163%2C166\">\n\t\t\t\t\t\tAlt-Haarener-Stra\u00dfe 180,<br>Aix-la-Chapelle\t\t\t\t\t<\/a>\n\t\t\t\t<\/h4>\n\t\t\t\n\t\t\t\t\t\t\t\t\n\t\t\n\t\t\t\t\t\t<a class=\"fusion-link-wrapper\" href=\"https:\/\/nobis-printen.de\/fr\/boulangerie\/alt-haarener-strasse-180aix-la-chapelle\/?portfolioCats=152%2C190%2C185%2C188%2C194%2C192%2C208%2C182%2C204%2C202%2C163%2C166\" aria-label=\"Alt-Haarener-Stra\u00dfe 180,&lt;br&gt;Aix-la-Chapelle\"><\/a>\n\t<\/div>\n<\/div>\n<\/div>\n<div class=\"fusion-portfolio-content\" style=\"background-color:rgba(255,255,255,1);\"><h2 class=\"entry-title fusion-post-title\"><a href=\"https:\/\/nobis-printen.de\/fr\/boulangerie\/alt-haarener-strasse-180aix-la-chapelle\/?portfolioCats=152%2C190%2C185%2C188%2C194%2C192%2C208%2C182%2C204%2C202%2C163%2C166\">Alt-Haarener-Stra\u00dfe 180,<br>Aix-la-Chapelle<\/a><\/h2><div class=\"fusion-content-sep sep-none\" style=\"border-color:#e0dede;\"><\/div><div class=\"fusion-post-content\"><p><a href=\"https:\/\/nobis-printen.de\/baekerei_besonderheit\/barrierefrei\/\"><img decoding=\"async\" src=\"https:\/\/nobis-printen.de\/wp-content\/uploads\/2020\/11\/nobis-printen_icon-filale_barrierefrei_01.jpg\" alt=\"Symbole Accessible en fauteuil roulant\" title=\"Accessible en fauteuil roulant\"><\/a>\n<\/p><table class=\"time-table\">\n<tr>\n    <td colspan=\"2\"><strong>Horaires d'ouverture :<\/strong><\/td>\n  <\/tr>\n  <tr>\n    <td>Lu - Ve<\/td>\n    <td>7:00 - 20:00 heures<\/td>\n  <\/tr>\n  <tr>\n    <td>Sa<\/td> \n    <td>7:00 - 20:00 heures<\/td>\n  <\/tr>\n  <tr>\n    <td>Ainsi<\/td> \n    <td>ferm\u00e9<\/td> \n  <\/tr>\n<\/table><\/div><\/div><\/div><\/article><article id=\"portfolio-1-post-14338\" class=\"fusion-portfolio-post alsdorf-fr boulangerie fusion-col-spacing post-14338\"><div class=\"fusion-portfolio-content-wrapper\" style=\"border:none;background-color:rgba(255,255,255,1);\"><span class=\"vcard rich-snippet-hidden\"><span class=\"fn\"><a href=\"https:\/\/nobis-printen.de\/fr\/author\/adminmcmnobis\/\" title=\"Articles par Marcus\" rel=\"author\">Marcus<\/a><\/span><\/span><span class=\"updated rich-snippet-hidden\">2023-04-05T08:50:13+02:00<\/span><div  class=\"fusion-image-wrapper\" aria-haspopup=\"true\">\n\t\t\t\t<img decoding=\"async\" width=\"400\" height=\"238\" src=\"https:\/\/nobis-printen.de\/wp-content\/uploads\/2023\/01\/eschweiler_str_2a_2019_Preview_01a-400x238-1.jpg\" class=\"attachment-full size-full wp-post-image\" alt=\"Au\u00dfenaufnahmen Nobis B\u00e4ckerei Caf\u00e9 in Alsdorf, Eschweiler Str. 2a.\" srcset=\"https:\/\/nobis-printen.de\/wp-content\/uploads\/2023\/01\/eschweiler_str_2a_2019_Preview_01a-400x238-1-200x119.jpg 200w, https:\/\/nobis-printen.de\/wp-content\/uploads\/2023\/01\/eschweiler_str_2a_2019_Preview_01a-400x238-1.jpg 400w\" sizes=\"(min-width: 2200px) 100vw, (min-width: 784px) 395px, (min-width: 712px) 592px, (min-width: 640px) 712px, \" \/><div class=\"fusion-rollover\">\n\t<div class=\"fusion-rollover-content\">\n\n\t\t\t\t\t\t\t\t\t\t\t\t\t\t<a class=\"fusion-rollover-link\" href=\"https:\/\/nobis-printen.de\/fr\/boulangerie\/eschweiler-str-2aalsdorf\/?portfolioCats=152%2C190%2C185%2C188%2C194%2C192%2C208%2C182%2C204%2C202%2C163%2C166\">Eschweiler Str. 2a,Alsdorf<\/a>\n\t\t\t\n\t\t\t\t\t\t\t\t\n\t\t\n\t\t\t\t\t\t\t\t\t\t\t\t<h4 class=\"fusion-rollover-title\">\n\t\t\t\t\t<a class=\"fusion-rollover-title-link\" href=\"https:\/\/nobis-printen.de\/fr\/boulangerie\/eschweiler-str-2aalsdorf\/?portfolioCats=152%2C190%2C185%2C188%2C194%2C192%2C208%2C182%2C204%2C202%2C163%2C166\">\n\t\t\t\t\t\tEschweiler Str. 2a,<br>Alsdorf\t\t\t\t\t<\/a>\n\t\t\t\t<\/h4>\n\t\t\t\n\t\t\t\t\t\t\t\t\n\t\t\n\t\t\t\t\t\t<a class=\"fusion-link-wrapper\" href=\"https:\/\/nobis-printen.de\/fr\/boulangerie\/eschweiler-str-2aalsdorf\/?portfolioCats=152%2C190%2C185%2C188%2C194%2C192%2C208%2C182%2C204%2C202%2C163%2C166\" aria-label=\"Eschweiler Str. 2a,&lt;br&gt;Alsdorf\"><\/a>\n\t<\/div>\n<\/div>\n<\/div>\n<div class=\"fusion-portfolio-content\" style=\"background-color:rgba(255,255,255,1);\"><h2 class=\"entry-title fusion-post-title\"><a href=\"https:\/\/nobis-printen.de\/fr\/boulangerie\/eschweiler-str-2aalsdorf\/?portfolioCats=152%2C190%2C185%2C188%2C194%2C192%2C208%2C182%2C204%2C202%2C163%2C166\">Eschweiler Str. 2a,<br>Alsdorf<\/a><\/h2><div class=\"fusion-content-sep sep-none\" style=\"border-color:#e0dede;\"><\/div><div class=\"fusion-post-content\"><p><a href=\"https:\/\/nobis-printen.de\/baekerei_besonderheit\/barrierefrei\/\"><img decoding=\"async\" src=\"https:\/\/nobis-printen.de\/wp-content\/uploads\/2020\/11\/nobis-printen_icon-filale_barrierefrei_01.jpg\" alt=\"Symbole Accessible en fauteuil roulant\" title=\"Accessible en fauteuil roulant\"><\/a><a href=\"https:\/\/nobis-printen.de\/baekerei_besonderheit\/cafe\/\"><img decoding=\"async\" src=\"https:\/\/nobis-printen.de\/wp-content\/uploads\/2020\/11\/nobis-printen_icon-filale_cafe_01.jpg\" alt=\"Symbole Caf\u00e9\" title=\"Caf\u00e9\"><\/a><a href=\"https:\/\/nobis-printen.de\/baekerei_besonderheit\/sonntags-geoeffnet\/\"><img decoding=\"async\" src=\"https:\/\/nobis-printen.de\/wp-content\/uploads\/2020\/11\/nobis-printen_icon-filale_sonntags-geoeffnet_01.jpg\" alt=\"Symbole ouvert le dimanche\" title=\"Ouvert le dimanche\"><\/a>\n<\/p><table class=\"time-table\"> \n<tr><td colspan=\"2\"><strong>Horaires d'ouverture :<\/strong><\/td><\/tr> \n<tr> \n    <td>Lu - Ve<\/td> \n    <td>7:00 - 21:00 heures<\/td> \n<\/tr> \n<tr> \n    <td>Sa<\/td>  \n    <td>7:00 - 21:00 heures<\/td> \n<\/tr> \n<tr> \n    <td>Ainsi<\/td>  \n    <td>7:00 - 11:30 heures<\/td>  \n<\/tr> \n<\/table><\/div><\/div><\/div><\/article><article id=\"portfolio-1-post-14346\" class=\"fusion-portfolio-post boulangerie eschweiler-fr fusion-col-spacing post-14346\"><div class=\"fusion-portfolio-content-wrapper\" style=\"border:none;background-color:rgba(255,255,255,1);\"><span class=\"vcard rich-snippet-hidden\"><span class=\"fn\"><a href=\"https:\/\/nobis-printen.de\/fr\/author\/adminmcmnobis\/\" title=\"Articles par Marcus\" rel=\"author\">Marcus<\/a><\/span><\/span><span class=\"updated rich-snippet-hidden\">2023-04-05T08:55:14+02:00<\/span><div  class=\"fusion-image-wrapper\" aria-haspopup=\"true\">\n\t\t\t\t<img decoding=\"async\" width=\"852\" height=\"507\" src=\"https:\/\/nobis-printen.de\/wp-content\/uploads\/2020\/11\/fichtenweg2a_2021b_Preview_01.jpg\" class=\"attachment-full size-full wp-post-image\" alt=\"Nobis Printen B\u00e4ckerei, Fichtenweg2a, Eschweiler.\" srcset=\"https:\/\/nobis-printen.de\/wp-content\/uploads\/2020\/11\/fichtenweg2a_2021b_Preview_01-200x119.jpg 200w, https:\/\/nobis-printen.de\/wp-content\/uploads\/2020\/11\/fichtenweg2a_2021b_Preview_01-400x238.jpg 400w, https:\/\/nobis-printen.de\/wp-content\/uploads\/2020\/11\/fichtenweg2a_2021b_Preview_01-600x357.jpg 600w, https:\/\/nobis-printen.de\/wp-content\/uploads\/2020\/11\/fichtenweg2a_2021b_Preview_01-800x476.jpg 800w, https:\/\/nobis-printen.de\/wp-content\/uploads\/2020\/11\/fichtenweg2a_2021b_Preview_01.jpg 852w\" sizes=\"(min-width: 2200px) 100vw, (min-width: 784px) 395px, (min-width: 712px) 592px, (min-width: 640px) 712px, \" \/><div class=\"fusion-rollover\">\n\t<div class=\"fusion-rollover-content\">\n\n\t\t\t\t\t\t\t\t\t\t\t\t\t\t<a class=\"fusion-rollover-link\" href=\"https:\/\/nobis-printen.de\/fr\/boulangerie\/fichtenweg-2eschweiler\/?portfolioCats=152%2C190%2C185%2C188%2C194%2C192%2C208%2C182%2C204%2C202%2C163%2C166\">Fichtenweg 2,Eschweiler<\/a>\n\t\t\t\n\t\t\t\t\t\t\t\t\n\t\t\n\t\t\t\t\t\t\t\t\t\t\t\t<h4 class=\"fusion-rollover-title\">\n\t\t\t\t\t<a class=\"fusion-rollover-title-link\" href=\"https:\/\/nobis-printen.de\/fr\/boulangerie\/fichtenweg-2eschweiler\/?portfolioCats=152%2C190%2C185%2C188%2C194%2C192%2C208%2C182%2C204%2C202%2C163%2C166\">\n\t\t\t\t\t\tFichtenweg 2,<br>Eschweiler\t\t\t\t\t<\/a>\n\t\t\t\t<\/h4>\n\t\t\t\n\t\t\t\t\t\t\t\t\n\t\t\n\t\t\t\t\t\t<a class=\"fusion-link-wrapper\" href=\"https:\/\/nobis-printen.de\/fr\/boulangerie\/fichtenweg-2eschweiler\/?portfolioCats=152%2C190%2C185%2C188%2C194%2C192%2C208%2C182%2C204%2C202%2C163%2C166\" aria-label=\"Fichtenweg 2,&lt;br&gt;Eschweiler\"><\/a>\n\t<\/div>\n<\/div>\n<\/div>\n<div class=\"fusion-portfolio-content\" style=\"background-color:rgba(255,255,255,1);\"><h2 class=\"entry-title fusion-post-title\"><a href=\"https:\/\/nobis-printen.de\/fr\/boulangerie\/fichtenweg-2eschweiler\/?portfolioCats=152%2C190%2C185%2C188%2C194%2C192%2C208%2C182%2C204%2C202%2C163%2C166\">Fichtenweg 2,<br>Eschweiler<\/a><\/h2><div class=\"fusion-content-sep sep-none\" style=\"border-color:#e0dede;\"><\/div><div class=\"fusion-post-content\"><p><a href=\"https:\/\/nobis-printen.de\/baekerei_besonderheit\/barrierefrei\/\"><img decoding=\"async\" src=\"https:\/\/nobis-printen.de\/wp-content\/uploads\/2020\/11\/nobis-printen_icon-filale_barrierefrei_01.jpg\" alt=\"Symbole Accessible en fauteuil roulant\" title=\"Accessible en fauteuil roulant\"><\/a><a href=\"https:\/\/nobis-printen.de\/baekerei_besonderheit\/cafe\/\"><img decoding=\"async\" src=\"https:\/\/nobis-printen.de\/wp-content\/uploads\/2020\/11\/nobis-printen_icon-filale_cafe_01.jpg\" alt=\"Symbole Caf\u00e9\" title=\"Caf\u00e9\"><\/a>\n<\/p><table class=\"time-table\"> \n<tr><td colspan=\"2\"><strong>Horaires d'ouverture :<\/strong><\/td><\/tr> \n<tr> \n    <td>Lu - Ve<\/td> \n    <td>6h30 - 20h00<\/td> \n<\/tr> \n<tr> \n    <td>Sa<\/td>  \n    <td>6h30 - 20h00<\/td> \n<\/tr> \n<tr> \n    <td>Ainsi<\/td>  \n    <td>ferm\u00e9<\/td>  \n<\/tr> \n<\/table><\/div><\/div><\/div><\/article><article id=\"portfolio-1-post-14169\" class=\"fusion-portfolio-post boulangerie wuerselen-fr fusion-col-spacing post-14169\"><div class=\"fusion-portfolio-content-wrapper\" style=\"border:none;background-color:rgba(255,255,255,1);\"><span class=\"vcard rich-snippet-hidden\"><span class=\"fn\"><a href=\"https:\/\/nobis-printen.de\/fr\/author\/adminmcmnobis\/\" title=\"Articles par Marcus\" rel=\"author\">Marcus<\/a><\/span><\/span><span class=\"updated rich-snippet-hidden\">2023-04-03T12:24:28+02:00<\/span><div  class=\"fusion-image-wrapper\" aria-haspopup=\"true\">\n\t\t\t\t<img decoding=\"async\" width=\"852\" height=\"507\" src=\"https:\/\/nobis-printen.de\/wp-content\/uploads\/2026\/03\/nobis-printen-wuerselen-hauptstr-9-theke-2026-01.webp\" class=\"attachment-full size-full wp-post-image\" alt=\"Innenanischt der Nobis Printen B\u00e4ckerei Hauptstr. 9 in W\u00fcrselen.\" srcset=\"https:\/\/nobis-printen.de\/wp-content\/uploads\/2026\/03\/nobis-printen-wuerselen-hauptstr-9-theke-2026-01-200x119.webp 200w, https:\/\/nobis-printen.de\/wp-content\/uploads\/2026\/03\/nobis-printen-wuerselen-hauptstr-9-theke-2026-01-400x238.webp 400w, https:\/\/nobis-printen.de\/wp-content\/uploads\/2026\/03\/nobis-printen-wuerselen-hauptstr-9-theke-2026-01-600x357.webp 600w, https:\/\/nobis-printen.de\/wp-content\/uploads\/2026\/03\/nobis-printen-wuerselen-hauptstr-9-theke-2026-01-800x476.webp 800w, https:\/\/nobis-printen.de\/wp-content\/uploads\/2026\/03\/nobis-printen-wuerselen-hauptstr-9-theke-2026-01.webp 852w\" sizes=\"(min-width: 2200px) 100vw, (min-width: 784px) 395px, (min-width: 712px) 592px, (min-width: 640px) 712px, \" \/><div class=\"fusion-rollover\">\n\t<div class=\"fusion-rollover-content\">\n\n\t\t\t\t\t\t\t\t\t\t\t\t\t\t<a class=\"fusion-rollover-link\" href=\"https:\/\/nobis-printen.de\/fr\/boulangerie\/hauptstr-9wuerselen\/?portfolioCats=152%2C190%2C185%2C188%2C194%2C192%2C208%2C182%2C204%2C202%2C163%2C166\">Hauptstr. 9,W\u00fcrselen<\/a>\n\t\t\t\n\t\t\t\t\t\t\t\t\n\t\t\n\t\t\t\t\t\t\t\t\t\t\t\t<h4 class=\"fusion-rollover-title\">\n\t\t\t\t\t<a class=\"fusion-rollover-title-link\" href=\"https:\/\/nobis-printen.de\/fr\/boulangerie\/hauptstr-9wuerselen\/?portfolioCats=152%2C190%2C185%2C188%2C194%2C192%2C208%2C182%2C204%2C202%2C163%2C166\">\n\t\t\t\t\t\tHauptstr. 9,<br>W\u00fcrselen\t\t\t\t\t<\/a>\n\t\t\t\t<\/h4>\n\t\t\t\n\t\t\t\t\t\t\t\t\n\t\t\n\t\t\t\t\t\t<a class=\"fusion-link-wrapper\" href=\"https:\/\/nobis-printen.de\/fr\/boulangerie\/hauptstr-9wuerselen\/?portfolioCats=152%2C190%2C185%2C188%2C194%2C192%2C208%2C182%2C204%2C202%2C163%2C166\" aria-label=\"Hauptstr. 9,&lt;br&gt;W\u00fcrselen\"><\/a>\n\t<\/div>\n<\/div>\n<\/div>\n<div class=\"fusion-portfolio-content\" style=\"background-color:rgba(255,255,255,1);\"><h2 class=\"entry-title fusion-post-title\"><a href=\"https:\/\/nobis-printen.de\/fr\/boulangerie\/hauptstr-9wuerselen\/?portfolioCats=152%2C190%2C185%2C188%2C194%2C192%2C208%2C182%2C204%2C202%2C163%2C166\">Hauptstr. 9,<br>W\u00fcrselen<\/a><\/h2><div class=\"fusion-content-sep sep-none\" style=\"border-color:#e0dede;\"><\/div><div class=\"fusion-post-content\"><p><a href=\"https:\/\/nobis-printen.de\/baekerei_besonderheit\/sonntags-geoeffnet\/\"><img decoding=\"async\" src=\"https:\/\/nobis-printen.de\/wp-content\/uploads\/2020\/11\/nobis-printen_icon-filale_sonntags-geoeffnet_01.jpg\" alt=\"Symbole ouvert le dimanche\" title=\"Ouvert le dimanche\"><\/a>\n<\/p><table class=\"time-table\"> \n<tr><td colspan=\"2\"><strong>Horaires d'ouverture :<\/strong><\/td><\/tr> \n<tr> \n    <td>Lu - Ve<\/td> \n    <td>6:00 - 18:00 heures<\/td> \n<\/tr> \n<tr> \n    <td>Sa<\/td>  \n    <td>6h00 - 14h00<\/td> \n<\/tr> \n<tr> \n    <td>Ainsi<\/td>  \n    <td>8:00 - 11:30 heures<\/td>  \n<\/tr> \n<\/table>\n<\/div><\/div><\/div><\/article><article id=\"portfolio-1-post-14542\" class=\"fusion-portfolio-post boulangerie simmerath-fr fusion-col-spacing post-14542\"><div class=\"fusion-portfolio-content-wrapper\" style=\"border:none;background-color:rgba(255,255,255,1);\"><span class=\"vcard rich-snippet-hidden\"><span class=\"fn\"><a href=\"https:\/\/nobis-printen.de\/fr\/author\/adminmcmnobis\/\" title=\"Articles par Marcus\" rel=\"author\">Marcus<\/a><\/span><\/span><span class=\"updated rich-snippet-hidden\">2023-04-05T10:06:18+02:00<\/span><div  class=\"fusion-image-wrapper\" aria-haspopup=\"true\">\n\t\t\t\t<img decoding=\"async\" width=\"852\" height=\"507\" src=\"https:\/\/nobis-printen.de\/wp-content\/uploads\/2023\/01\/nobis-printen-baeckerei_simmerath-hauptsrasse_2022_Preview_01.jpg\" class=\"attachment-full size-full wp-post-image\" alt=\"Nobis Printen B\u00e4ckerei,  Simmerath, Hauptsrasse 70.\" srcset=\"https:\/\/nobis-printen.de\/wp-content\/uploads\/2023\/01\/nobis-printen-baeckerei_simmerath-hauptsrasse_2022_Preview_01-200x119.jpg 200w, https:\/\/nobis-printen.de\/wp-content\/uploads\/2023\/01\/nobis-printen-baeckerei_simmerath-hauptsrasse_2022_Preview_01-400x238.jpg 400w, https:\/\/nobis-printen.de\/wp-content\/uploads\/2023\/01\/nobis-printen-baeckerei_simmerath-hauptsrasse_2022_Preview_01-600x357.jpg 600w, https:\/\/nobis-printen.de\/wp-content\/uploads\/2023\/01\/nobis-printen-baeckerei_simmerath-hauptsrasse_2022_Preview_01-800x476.jpg 800w, https:\/\/nobis-printen.de\/wp-content\/uploads\/2023\/01\/nobis-printen-baeckerei_simmerath-hauptsrasse_2022_Preview_01.jpg 852w\" sizes=\"(min-width: 2200px) 100vw, (min-width: 784px) 395px, (min-width: 712px) 592px, (min-width: 640px) 712px, \" \/><div class=\"fusion-rollover\">\n\t<div class=\"fusion-rollover-content\">\n\n\t\t\t\t\t\t\t\t\t\t\t\t\t\t<a class=\"fusion-rollover-link\" href=\"https:\/\/nobis-printen.de\/fr\/boulangerie\/hauptstrasse-70simmerath\/?portfolioCats=152%2C190%2C185%2C188%2C194%2C192%2C208%2C182%2C204%2C202%2C163%2C166\">Hauptstra\u00dfe 70,Simmerath<\/a>\n\t\t\t\n\t\t\t\t\t\t\t\t\n\t\t\n\t\t\t\t\t\t\t\t\t\t\t\t<h4 class=\"fusion-rollover-title\">\n\t\t\t\t\t<a class=\"fusion-rollover-title-link\" href=\"https:\/\/nobis-printen.de\/fr\/boulangerie\/hauptstrasse-70simmerath\/?portfolioCats=152%2C190%2C185%2C188%2C194%2C192%2C208%2C182%2C204%2C202%2C163%2C166\">\n\t\t\t\t\t\tHauptstra\u00dfe 70,<br>Simmerath\t\t\t\t\t<\/a>\n\t\t\t\t<\/h4>\n\t\t\t\n\t\t\t\t\t\t\t\t\n\t\t\n\t\t\t\t\t\t<a class=\"fusion-link-wrapper\" href=\"https:\/\/nobis-printen.de\/fr\/boulangerie\/hauptstrasse-70simmerath\/?portfolioCats=152%2C190%2C185%2C188%2C194%2C192%2C208%2C182%2C204%2C202%2C163%2C166\" aria-label=\"Hauptstra\u00dfe 70,&lt;br&gt;Simmerath\"><\/a>\n\t<\/div>\n<\/div>\n<\/div>\n<div class=\"fusion-portfolio-content\" style=\"background-color:rgba(255,255,255,1);\"><h2 class=\"entry-title fusion-post-title\"><a href=\"https:\/\/nobis-printen.de\/fr\/boulangerie\/hauptstrasse-70simmerath\/?portfolioCats=152%2C190%2C185%2C188%2C194%2C192%2C208%2C182%2C204%2C202%2C163%2C166\">Hauptstra\u00dfe 70,<br>Simmerath<\/a><\/h2><div class=\"fusion-content-sep sep-none\" style=\"border-color:#e0dede;\"><\/div><div class=\"fusion-post-content\"><p><a href=\"https:\/\/nobis-printen.de\/baekerei_besonderheit\/cafe\/\"><img decoding=\"async\" src=\"https:\/\/nobis-printen.de\/wp-content\/uploads\/2020\/11\/nobis-printen_icon-filale_cafe_01.jpg\" alt=\"Symbole Caf\u00e9\" title=\"Caf\u00e9\"><\/a><a href=\"https:\/\/nobis-printen.de\/baekerei_besonderheit\/sonntags-geoeffnet\/\"><img decoding=\"async\" src=\"https:\/\/nobis-printen.de\/wp-content\/uploads\/2020\/11\/nobis-printen_icon-filale_sonntags-geoeffnet_01.jpg\" alt=\"Symbole ouvert le dimanche\" title=\"Ouvert le dimanche\"><\/a>\n<\/p><table class=\"time-table\"> \n<tr><td colspan=\"2\"><strong>Horaires d'ouverture :<\/strong><\/td><\/tr> \n<tr> \n    <td>Lu - Ve<\/td> \n    <td>6:00 - 18:00 heures<\/td> \n<\/tr> \n<tr> \n    <td>Sa<\/td>  \n    <td>6h00 - 14h30<\/td> \n<\/tr> \n<tr> \n    <td>Ainsi<\/td>  \n    <td>7h30 - 12h00<\/td>  \n<\/tr> \n<\/table><\/div><\/div><\/div><\/article><article id=\"portfolio-1-post-14374\" class=\"fusion-portfolio-post boulangerie herzogenrath-fr fusion-col-spacing post-14374\"><div class=\"fusion-portfolio-content-wrapper\" style=\"border:none;background-color:rgba(255,255,255,1);\"><span class=\"vcard rich-snippet-hidden\"><span class=\"fn\"><a href=\"https:\/\/nobis-printen.de\/fr\/author\/adminmcmnobis\/\" title=\"Articles par Marcus\" rel=\"author\">Marcus<\/a><\/span><\/span><span class=\"updated rich-snippet-hidden\">2023-04-05T09:03:44+02:00<\/span><div  class=\"fusion-image-wrapper\" aria-haspopup=\"true\">\n\t\t\t\t<img decoding=\"async\" width=\"852\" height=\"507\" src=\"https:\/\/nobis-printen.de\/wp-content\/uploads\/2020\/11\/josef_lambert_str_59-2021_Preview_01.jpg\" class=\"attachment-full size-full wp-post-image\" alt=\"Josef Lambert Str 59 2021 Preview 01\" srcset=\"https:\/\/nobis-printen.de\/wp-content\/uploads\/2020\/11\/josef_lambert_str_59-2021_Preview_01-200x119.jpg 200w, https:\/\/nobis-printen.de\/wp-content\/uploads\/2020\/11\/josef_lambert_str_59-2021_Preview_01-400x238.jpg 400w, https:\/\/nobis-printen.de\/wp-content\/uploads\/2020\/11\/josef_lambert_str_59-2021_Preview_01-600x357.jpg 600w, https:\/\/nobis-printen.de\/wp-content\/uploads\/2020\/11\/josef_lambert_str_59-2021_Preview_01-800x476.jpg 800w, https:\/\/nobis-printen.de\/wp-content\/uploads\/2020\/11\/josef_lambert_str_59-2021_Preview_01.jpg 852w\" sizes=\"(min-width: 2200px) 100vw, (min-width: 784px) 395px, (min-width: 712px) 592px, (min-width: 640px) 712px, \" \/><div class=\"fusion-rollover\">\n\t<div class=\"fusion-rollover-content\">\n\n\t\t\t\t\t\t\t\t\t\t\t\t\t\t<a class=\"fusion-rollover-link\" href=\"https:\/\/nobis-printen.de\/fr\/boulangerie\/josef-lambertz-strasse-59herzogenrath\/?portfolioCats=152%2C190%2C185%2C188%2C194%2C192%2C208%2C182%2C204%2C202%2C163%2C166\">Josef-Lambertz-Stra\u00dfe 59,Herzogenrath<\/a>\n\t\t\t\n\t\t\t\t\t\t\t\t\n\t\t\n\t\t\t\t\t\t\t\t\t\t\t\t<h4 class=\"fusion-rollover-title\">\n\t\t\t\t\t<a class=\"fusion-rollover-title-link\" href=\"https:\/\/nobis-printen.de\/fr\/boulangerie\/josef-lambertz-strasse-59herzogenrath\/?portfolioCats=152%2C190%2C185%2C188%2C194%2C192%2C208%2C182%2C204%2C202%2C163%2C166\">\n\t\t\t\t\t\tJosef-Lambertz-Stra\u00dfe 59,<br>Herzogenrath\t\t\t\t\t<\/a>\n\t\t\t\t<\/h4>\n\t\t\t\n\t\t\t\t\t\t\t\t\n\t\t\n\t\t\t\t\t\t<a class=\"fusion-link-wrapper\" href=\"https:\/\/nobis-printen.de\/fr\/boulangerie\/josef-lambertz-strasse-59herzogenrath\/?portfolioCats=152%2C190%2C185%2C188%2C194%2C192%2C208%2C182%2C204%2C202%2C163%2C166\" aria-label=\"Josef-Lambertz-Stra\u00dfe 59,&lt;br&gt;Herzogenrath\"><\/a>\n\t<\/div>\n<\/div>\n<\/div>\n<div class=\"fusion-portfolio-content\" style=\"background-color:rgba(255,255,255,1);\"><h2 class=\"entry-title fusion-post-title\"><a href=\"https:\/\/nobis-printen.de\/fr\/boulangerie\/josef-lambertz-strasse-59herzogenrath\/?portfolioCats=152%2C190%2C185%2C188%2C194%2C192%2C208%2C182%2C204%2C202%2C163%2C166\">Josef-Lambertz-Stra\u00dfe 59,<br>Herzogenrath<\/a><\/h2><div class=\"fusion-content-sep sep-none\" style=\"border-color:#e0dede;\"><\/div><div class=\"fusion-post-content\"><p><a href=\"https:\/\/nobis-printen.de\/baekerei_besonderheit\/cafe\/\"><img decoding=\"async\" src=\"https:\/\/nobis-printen.de\/wp-content\/uploads\/2020\/11\/nobis-printen_icon-filale_cafe_01.jpg\" alt=\"Symbole Caf\u00e9\" title=\"Caf\u00e9\"><\/a><a href=\"https:\/\/nobis-printen.de\/baekerei_besonderheit\/sonntags-geoeffnet\/\"><img decoding=\"async\" src=\"https:\/\/nobis-printen.de\/wp-content\/uploads\/2020\/11\/nobis-printen_icon-filale_sonntags-geoeffnet_01.jpg\" alt=\"Symbole ouvert le dimanche\" title=\"Ouvert le dimanche\"><\/a>\n<\/p><table class=\"time-table\"> \n<tr><td colspan=\"2\"><strong>Horaires d'ouverture :<\/strong><\/td><\/tr> \n<tr> \n    <td>Lu - Ve<\/td> \n    <td>6:00 - 18:00 heures<\/td> \n<\/tr> \n<tr> \n    <td>Sa<\/td>  \n    <td>6h00 - 14h00<\/td> \n<\/tr> \n<tr> \n    <td>Ainsi<\/td>  \n    <td>8:00 - 11:30 heures<\/td>  \n<\/tr> \n<\/table><\/div><\/div><\/div><\/article><article id=\"portfolio-1-post-14177\" class=\"fusion-portfolio-post boulangerie wuerselen-fr fusion-col-spacing post-14177\"><div class=\"fusion-portfolio-content-wrapper\" style=\"border:none;background-color:rgba(255,255,255,1);\"><span class=\"vcard rich-snippet-hidden\"><span class=\"fn\"><a href=\"https:\/\/nobis-printen.de\/fr\/author\/adminmcmnobis\/\" title=\"Articles par Marcus\" rel=\"author\">Marcus<\/a><\/span><\/span><span class=\"updated rich-snippet-hidden\">2023-04-03T12:30:27+02:00<\/span><div  class=\"fusion-image-wrapper\" aria-haspopup=\"true\">\n\t\t\t\t<img decoding=\"async\" width=\"852\" height=\"507\" src=\"https:\/\/nobis-printen.de\/wp-content\/uploads\/2020\/11\/nobis-printen-baeckerei_wuerselen_kaiserstr-57_2022_Preview_01.jpg\" class=\"attachment-full size-full wp-post-image\" alt=\"\" srcset=\"https:\/\/nobis-printen.de\/wp-content\/uploads\/2020\/11\/nobis-printen-baeckerei_wuerselen_kaiserstr-57_2022_Preview_01-200x119.jpg 200w, https:\/\/nobis-printen.de\/wp-content\/uploads\/2020\/11\/nobis-printen-baeckerei_wuerselen_kaiserstr-57_2022_Preview_01-400x238.jpg 400w, https:\/\/nobis-printen.de\/wp-content\/uploads\/2020\/11\/nobis-printen-baeckerei_wuerselen_kaiserstr-57_2022_Preview_01-600x357.jpg 600w, https:\/\/nobis-printen.de\/wp-content\/uploads\/2020\/11\/nobis-printen-baeckerei_wuerselen_kaiserstr-57_2022_Preview_01-800x476.jpg 800w, https:\/\/nobis-printen.de\/wp-content\/uploads\/2020\/11\/nobis-printen-baeckerei_wuerselen_kaiserstr-57_2022_Preview_01.jpg 852w\" sizes=\"(min-width: 2200px) 100vw, (min-width: 784px) 395px, (min-width: 712px) 592px, (min-width: 640px) 712px, \" \/><div class=\"fusion-rollover\">\n\t<div class=\"fusion-rollover-content\">\n\n\t\t\t\t\t\t\t\t\t\t\t\t\t\t<a class=\"fusion-rollover-link\" href=\"https:\/\/nobis-printen.de\/fr\/boulangerie\/kaiserstrasse-57wuerselen\/?portfolioCats=152%2C190%2C185%2C188%2C194%2C192%2C208%2C182%2C204%2C202%2C163%2C166\">Kaiserstra\u00dfe 57,W\u00fcrselen<\/a>\n\t\t\t\n\t\t\t\t\t\t\t\t\n\t\t\n\t\t\t\t\t\t\t\t\t\t\t\t<h4 class=\"fusion-rollover-title\">\n\t\t\t\t\t<a class=\"fusion-rollover-title-link\" href=\"https:\/\/nobis-printen.de\/fr\/boulangerie\/kaiserstrasse-57wuerselen\/?portfolioCats=152%2C190%2C185%2C188%2C194%2C192%2C208%2C182%2C204%2C202%2C163%2C166\">\n\t\t\t\t\t\tKaiserstra\u00dfe 57,<br>W\u00fcrselen\t\t\t\t\t<\/a>\n\t\t\t\t<\/h4>\n\t\t\t\n\t\t\t\t\t\t\t\t\n\t\t\n\t\t\t\t\t\t<a class=\"fusion-link-wrapper\" href=\"https:\/\/nobis-printen.de\/fr\/boulangerie\/kaiserstrasse-57wuerselen\/?portfolioCats=152%2C190%2C185%2C188%2C194%2C192%2C208%2C182%2C204%2C202%2C163%2C166\" aria-label=\"Kaiserstra\u00dfe 57,&lt;br&gt;W\u00fcrselen\"><\/a>\n\t<\/div>\n<\/div>\n<\/div>\n<div class=\"fusion-portfolio-content\" style=\"background-color:rgba(255,255,255,1);\"><h2 class=\"entry-title fusion-post-title\"><a href=\"https:\/\/nobis-printen.de\/fr\/boulangerie\/kaiserstrasse-57wuerselen\/?portfolioCats=152%2C190%2C185%2C188%2C194%2C192%2C208%2C182%2C204%2C202%2C163%2C166\">Kaiserstra\u00dfe 57,<br>W\u00fcrselen<\/a><\/h2><div class=\"fusion-content-sep sep-none\" style=\"border-color:#e0dede;\"><\/div><div class=\"fusion-post-content\"><p><a href=\"https:\/\/nobis-printen.de\/baekerei_besonderheit\/cafe\/\"><img decoding=\"async\" src=\"https:\/\/nobis-printen.de\/wp-content\/uploads\/2020\/11\/nobis-printen_icon-filale_cafe_01.jpg\" alt=\"Symbole Caf\u00e9\" title=\"Caf\u00e9\"><\/a><a href=\"https:\/\/nobis-printen.de\/baekerei_besonderheit\/sonntags-geoeffnet\/\"><img decoding=\"async\" src=\"https:\/\/nobis-printen.de\/wp-content\/uploads\/2020\/11\/nobis-printen_icon-filale_sonntags-geoeffnet_01.jpg\" alt=\"Symbole ouvert le dimanche\" title=\"Ouvert le dimanche\"><\/a>\n<\/p><table class=\"time-table\"> \n<tr><td colspan=\"2\"><strong>Horaires d'ouverture :<\/strong><\/td><\/tr> \n<tr> \n    <td>Lu - Ve<\/td> \n    <td>5:30 - 18:30 heures<\/td> \n<\/tr> \n<tr> \n    <td>Sa<\/td>  \n    <td>5:30 - 16:00 heures<\/td> \n<\/tr> \n<tr> \n    <td>Ainsi<\/td>  \n    <td> 7 h 00 - 17 h 00<\/td>  \n<\/tr> \n<\/table><\/div><\/div><\/div><\/article><article id=\"portfolio-1-post-14221\" class=\"fusion-portfolio-post aix-la-chapelle boulangerie burtscheid-fr fusion-col-spacing post-14221\"><div class=\"fusion-portfolio-content-wrapper\" style=\"border:none;background-color:rgba(255,255,255,1);\"><span class=\"vcard rich-snippet-hidden\"><span class=\"fn\"><a href=\"https:\/\/nobis-printen.de\/fr\/author\/adminmcmnobis\/\" title=\"Articles par Marcus\" rel=\"author\">Marcus<\/a><\/span><\/span><span class=\"updated rich-snippet-hidden\">2023-04-03T13:00:35+02:00<\/span><div  class=\"fusion-image-wrapper\" aria-haspopup=\"true\">\n\t\t\t\t<img decoding=\"async\" width=\"852\" height=\"507\" src=\"https:\/\/nobis-printen.de\/wp-content\/uploads\/2020\/11\/kapellenstr-9_2022_Preview_01.jpg\" class=\"attachment-full size-full wp-post-image\" alt=\"Kapellenstr 9, Nobis Printen Aachen\" srcset=\"https:\/\/nobis-printen.de\/wp-content\/uploads\/2020\/11\/kapellenstr-9_2022_Preview_01-200x119.jpg 200w, https:\/\/nobis-printen.de\/wp-content\/uploads\/2020\/11\/kapellenstr-9_2022_Preview_01-400x238.jpg 400w, https:\/\/nobis-printen.de\/wp-content\/uploads\/2020\/11\/kapellenstr-9_2022_Preview_01-600x357.jpg 600w, https:\/\/nobis-printen.de\/wp-content\/uploads\/2020\/11\/kapellenstr-9_2022_Preview_01-800x476.jpg 800w, https:\/\/nobis-printen.de\/wp-content\/uploads\/2020\/11\/kapellenstr-9_2022_Preview_01.jpg 852w\" sizes=\"(min-width: 2200px) 100vw, (min-width: 784px) 395px, (min-width: 712px) 592px, (min-width: 640px) 712px, \" \/><div class=\"fusion-rollover\">\n\t<div class=\"fusion-rollover-content\">\n\n\t\t\t\t\t\t\t\t\t\t\t\t\t\t<a class=\"fusion-rollover-link\" href=\"https:\/\/nobis-printen.de\/fr\/boulangerie\/kapellenstr-9aix-la-chapelle\/?portfolioCats=152%2C190%2C185%2C188%2C194%2C192%2C208%2C182%2C204%2C202%2C163%2C166\">Kapellenstr. 9,Aix-la-Chapelle<\/a>\n\t\t\t\n\t\t\t\t\t\t\t\t\n\t\t\n\t\t\t\t\t\t\t\t\t\t\t\t<h4 class=\"fusion-rollover-title\">\n\t\t\t\t\t<a class=\"fusion-rollover-title-link\" href=\"https:\/\/nobis-printen.de\/fr\/boulangerie\/kapellenstr-9aix-la-chapelle\/?portfolioCats=152%2C190%2C185%2C188%2C194%2C192%2C208%2C182%2C204%2C202%2C163%2C166\">\n\t\t\t\t\t\tKapellenstr. 9,<br>Aix-la-Chapelle\t\t\t\t\t<\/a>\n\t\t\t\t<\/h4>\n\t\t\t\n\t\t\t\t\t\t\t\t\n\t\t\n\t\t\t\t\t\t<a class=\"fusion-link-wrapper\" href=\"https:\/\/nobis-printen.de\/fr\/boulangerie\/kapellenstr-9aix-la-chapelle\/?portfolioCats=152%2C190%2C185%2C188%2C194%2C192%2C208%2C182%2C204%2C202%2C163%2C166\" aria-label=\"Kapellenstr. 9,&lt;br&gt;Aix-la-Chapelle\"><\/a>\n\t<\/div>\n<\/div>\n<\/div>\n<div class=\"fusion-portfolio-content\" style=\"background-color:rgba(255,255,255,1);\"><h2 class=\"entry-title fusion-post-title\"><a href=\"https:\/\/nobis-printen.de\/fr\/boulangerie\/kapellenstr-9aix-la-chapelle\/?portfolioCats=152%2C190%2C185%2C188%2C194%2C192%2C208%2C182%2C204%2C202%2C163%2C166\">Kapellenstr. 9,<br>Aix-la-Chapelle<\/a><\/h2><div class=\"fusion-content-sep sep-none\" style=\"border-color:#e0dede;\"><\/div><div class=\"fusion-post-content\"><p><a href=\"https:\/\/nobis-printen.de\/baekerei_besonderheit\/barrierefrei\/\"><img decoding=\"async\" src=\"https:\/\/nobis-printen.de\/wp-content\/uploads\/2020\/11\/nobis-printen_icon-filale_barrierefrei_01.jpg\" alt=\"Symbole Accessible en fauteuil roulant\" title=\"Accessible en fauteuil roulant\"><\/a><a href=\"https:\/\/nobis-printen.de\/baekerei_besonderheit\/cafe\/\"><img decoding=\"async\" src=\"https:\/\/nobis-printen.de\/wp-content\/uploads\/2020\/11\/nobis-printen_icon-filale_cafe_01.jpg\" alt=\"Symbole Caf\u00e9\" title=\"Caf\u00e9\"><\/a><a href=\"https:\/\/nobis-printen.de\/baekerei_besonderheit\/sonntags-geoeffnet\/\"><img decoding=\"async\" src=\"https:\/\/nobis-printen.de\/wp-content\/uploads\/2020\/11\/nobis-printen_icon-filale_sonntags-geoeffnet_01.jpg\" alt=\"Symbole ouvert le dimanche\" title=\"Ouvert le dimanche\"><\/a>\n<\/p><table class=\"time-table\"> \n<tr><td colspan=\"2\"><strong>Horaires d'ouverture :<\/strong><\/td><\/tr> \n<tr> \n    <td>Lu - Ve<\/td> \n    <td>6h30 - 18h00<\/td> \n<\/tr> \n<tr> \n    <td>Sa<\/td>  \n    <td>6h30 - 16h00<\/td> \n<\/tr> \n<tr> \n    <td>Ainsi<\/td>  \n    <td>7 h 00 - 12 h 00<\/td>  \n<\/tr> \n<\/table><\/div><\/div><\/div><\/article><article id=\"portfolio-1-post-14358\" class=\"fusion-portfolio-post boulangerie juelich-fr fusion-col-spacing post-14358\"><div class=\"fusion-portfolio-content-wrapper\" style=\"border:none;background-color:rgba(255,255,255,1);\"><span class=\"vcard rich-snippet-hidden\"><span class=\"fn\"><a href=\"https:\/\/nobis-printen.de\/fr\/author\/adminmcmnobis\/\" title=\"Articles par Marcus\" rel=\"author\">Marcus<\/a><\/span><\/span><span class=\"updated rich-snippet-hidden\">2023-04-05T08:59:08+02:00<\/span><div  class=\"fusion-image-wrapper\" aria-haspopup=\"true\">\n\t\t\t\t<img decoding=\"async\" width=\"852\" height=\"507\" src=\"https:\/\/nobis-printen.de\/wp-content\/uploads\/2020\/11\/juelich_2022_Preview_01.jpg\" class=\"attachment-full size-full wp-post-image\" alt=\"Nobis Printen B\u00e4ckerei J\u00fclich.\" srcset=\"https:\/\/nobis-printen.de\/wp-content\/uploads\/2020\/11\/juelich_2022_Preview_01-200x119.jpg 200w, https:\/\/nobis-printen.de\/wp-content\/uploads\/2020\/11\/juelich_2022_Preview_01-400x238.jpg 400w, https:\/\/nobis-printen.de\/wp-content\/uploads\/2020\/11\/juelich_2022_Preview_01-600x357.jpg 600w, https:\/\/nobis-printen.de\/wp-content\/uploads\/2020\/11\/juelich_2022_Preview_01-800x476.jpg 800w, https:\/\/nobis-printen.de\/wp-content\/uploads\/2020\/11\/juelich_2022_Preview_01.jpg 852w\" sizes=\"(min-width: 2200px) 100vw, (min-width: 784px) 395px, (min-width: 712px) 592px, (min-width: 640px) 712px, \" \/><div class=\"fusion-rollover\">\n\t<div class=\"fusion-rollover-content\">\n\n\t\t\t\t\t\t\t\t\t\t\t\t\t\t<a class=\"fusion-rollover-link\" href=\"https:\/\/nobis-printen.de\/fr\/boulangerie\/koelnstrasse-22juelich\/?portfolioCats=152%2C190%2C185%2C188%2C194%2C192%2C208%2C182%2C204%2C202%2C163%2C166\">K\u00f6lnstra\u00dfe 22,J\u00fclich<\/a>\n\t\t\t\n\t\t\t\t\t\t\t\t\n\t\t\n\t\t\t\t\t\t\t\t\t\t\t\t<h4 class=\"fusion-rollover-title\">\n\t\t\t\t\t<a class=\"fusion-rollover-title-link\" href=\"https:\/\/nobis-printen.de\/fr\/boulangerie\/koelnstrasse-22juelich\/?portfolioCats=152%2C190%2C185%2C188%2C194%2C192%2C208%2C182%2C204%2C202%2C163%2C166\">\n\t\t\t\t\t\tK\u00f6lnstra\u00dfe 22,<br>J\u00fclich\t\t\t\t\t<\/a>\n\t\t\t\t<\/h4>\n\t\t\t\n\t\t\t\t\t\t\t\t\n\t\t\n\t\t\t\t\t\t<a class=\"fusion-link-wrapper\" href=\"https:\/\/nobis-printen.de\/fr\/boulangerie\/koelnstrasse-22juelich\/?portfolioCats=152%2C190%2C185%2C188%2C194%2C192%2C208%2C182%2C204%2C202%2C163%2C166\" aria-label=\"K\u00f6lnstra\u00dfe 22,&lt;br&gt;J\u00fclich\"><\/a>\n\t<\/div>\n<\/div>\n<\/div>\n<div class=\"fusion-portfolio-content\" style=\"background-color:rgba(255,255,255,1);\"><h2 class=\"entry-title fusion-post-title\"><a href=\"https:\/\/nobis-printen.de\/fr\/boulangerie\/koelnstrasse-22juelich\/?portfolioCats=152%2C190%2C185%2C188%2C194%2C192%2C208%2C182%2C204%2C202%2C163%2C166\">K\u00f6lnstra\u00dfe 22,<br>J\u00fclich<\/a><\/h2><div class=\"fusion-content-sep sep-none\" style=\"border-color:#e0dede;\"><\/div><div class=\"fusion-post-content\"><p><a href=\"https:\/\/nobis-printen.de\/baekerei_besonderheit\/spielecke\/\"><img decoding=\"async\" src=\"https:\/\/nobis-printen.de\/wp-content\/uploads\/2020\/11\/nobis-printen_icon-filale_spielen_01.jpg\" alt=\"Symbole coin de jeu\" title=\"Coin de jeu\"><\/a><a href=\"https:\/\/nobis-printen.de\/baekerei_besonderheit\/barrierefrei\/\"><img decoding=\"async\" src=\"https:\/\/nobis-printen.de\/wp-content\/uploads\/2020\/11\/nobis-printen_icon-filale_barrierefrei_01.jpg\" alt=\"Symbole Accessible en fauteuil roulant\" title=\"Accessible en fauteuil roulant\"><\/a><a href=\"https:\/\/nobis-printen.de\/baekerei_besonderheit\/cafe\/\"><img decoding=\"async\" src=\"https:\/\/nobis-printen.de\/wp-content\/uploads\/2020\/11\/nobis-printen_icon-filale_cafe_01.jpg\" alt=\"Symbole Caf\u00e9\" title=\"Caf\u00e9\"><\/a><a href=\"https:\/\/nobis-printen.de\/baekerei_besonderheit\/sonntags-geoeffnet\/\"><img decoding=\"async\" src=\"https:\/\/nobis-printen.de\/wp-content\/uploads\/2020\/11\/nobis-printen_icon-filale_sonntags-geoeffnet_01.jpg\" alt=\"Symbole ouvert le dimanche\" title=\"Ouvert le dimanche\"><\/a>\n<\/p><table class=\"time-table\"> \n<tr><td colspan=\"2\"><strong>Horaires d'ouverture :<\/strong><\/td><\/tr> \n<tr> \n    <td>Lu - Ve<\/td> \n    <td>6h30 - 18h30<\/td> \n<\/tr> \n<tr> \n    <td>Sa<\/td>  \n    <td>6h30 - 17h00<\/td> \n<\/tr> \n<tr> \n    <td>Ainsi<\/td>  \n    <td>7 h 00 - 17 h 00<\/td>  \n<\/tr> \n<\/table><\/div><\/div><\/div><\/article><article id=\"portfolio-1-post-14462\" class=\"fusion-portfolio-post boulangerie wuerselen-fr fusion-col-spacing post-14462\"><div class=\"fusion-portfolio-content-wrapper\" style=\"border:none;background-color:rgba(255,255,255,1);\"><span class=\"vcard rich-snippet-hidden\"><span class=\"fn\"><a href=\"https:\/\/nobis-printen.de\/fr\/author\/adminmcmnobis\/\" title=\"Articles par Marcus\" rel=\"author\">Marcus<\/a><\/span><\/span><span class=\"updated rich-snippet-hidden\">2023-04-05T09:39:36+02:00<\/span><div  class=\"fusion-image-wrapper\" aria-haspopup=\"true\">\n\t\t\t\t<img decoding=\"async\" width=\"852\" height=\"507\" src=\"https:\/\/nobis-printen.de\/wp-content\/uploads\/2023\/01\/nobis-printen-baeckerei_krefelder_str_4-16_2022_Preview_01.jpg\" class=\"attachment-full size-full wp-post-image\" alt=\"\" srcset=\"https:\/\/nobis-printen.de\/wp-content\/uploads\/2023\/01\/nobis-printen-baeckerei_krefelder_str_4-16_2022_Preview_01-200x119.jpg 200w, https:\/\/nobis-printen.de\/wp-content\/uploads\/2023\/01\/nobis-printen-baeckerei_krefelder_str_4-16_2022_Preview_01-400x238.jpg 400w, https:\/\/nobis-printen.de\/wp-content\/uploads\/2023\/01\/nobis-printen-baeckerei_krefelder_str_4-16_2022_Preview_01-600x357.jpg 600w, https:\/\/nobis-printen.de\/wp-content\/uploads\/2023\/01\/nobis-printen-baeckerei_krefelder_str_4-16_2022_Preview_01-800x476.jpg 800w, https:\/\/nobis-printen.de\/wp-content\/uploads\/2023\/01\/nobis-printen-baeckerei_krefelder_str_4-16_2022_Preview_01.jpg 852w\" sizes=\"(min-width: 2200px) 100vw, (min-width: 784px) 395px, (min-width: 712px) 592px, (min-width: 640px) 712px, \" \/><div class=\"fusion-rollover\">\n\t<div class=\"fusion-rollover-content\">\n\n\t\t\t\t\t\t\t\t\t\t\t\t\t\t<a class=\"fusion-rollover-link\" href=\"https:\/\/nobis-printen.de\/fr\/boulangerie\/krefelder-str-4-16wuerselen\/?portfolioCats=152%2C190%2C185%2C188%2C194%2C192%2C208%2C182%2C204%2C202%2C163%2C166\">Krefelder Str. 4-16,W\u00fcrselen<\/a>\n\t\t\t\n\t\t\t\t\t\t\t\t\n\t\t\n\t\t\t\t\t\t\t\t\t\t\t\t<h4 class=\"fusion-rollover-title\">\n\t\t\t\t\t<a class=\"fusion-rollover-title-link\" href=\"https:\/\/nobis-printen.de\/fr\/boulangerie\/krefelder-str-4-16wuerselen\/?portfolioCats=152%2C190%2C185%2C188%2C194%2C192%2C208%2C182%2C204%2C202%2C163%2C166\">\n\t\t\t\t\t\tKrefelder Str. 4-16,<br>W\u00fcrselen\t\t\t\t\t<\/a>\n\t\t\t\t<\/h4>\n\t\t\t\n\t\t\t\t\t\t\t\t\n\t\t\n\t\t\t\t\t\t<a class=\"fusion-link-wrapper\" href=\"https:\/\/nobis-printen.de\/fr\/boulangerie\/krefelder-str-4-16wuerselen\/?portfolioCats=152%2C190%2C185%2C188%2C194%2C192%2C208%2C182%2C204%2C202%2C163%2C166\" aria-label=\"Krefelder Str. 4-16,&lt;br&gt;W\u00fcrselen\"><\/a>\n\t<\/div>\n<\/div>\n<\/div>\n<div class=\"fusion-portfolio-content\" style=\"background-color:rgba(255,255,255,1);\"><h2 class=\"entry-title fusion-post-title\"><a href=\"https:\/\/nobis-printen.de\/fr\/boulangerie\/krefelder-str-4-16wuerselen\/?portfolioCats=152%2C190%2C185%2C188%2C194%2C192%2C208%2C182%2C204%2C202%2C163%2C166\">Krefelder Str. 4-16,<br>W\u00fcrselen<\/a><\/h2><div class=\"fusion-content-sep sep-none\" style=\"border-color:#e0dede;\"><\/div><div class=\"fusion-post-content\"><p><a href=\"https:\/\/nobis-printen.de\/baekerei_besonderheit\/barrierefrei\/\"><img decoding=\"async\" src=\"https:\/\/nobis-printen.de\/wp-content\/uploads\/2020\/11\/nobis-printen_icon-filale_barrierefrei_01.jpg\" alt=\"Symbole Accessible en fauteuil roulant\" title=\"Accessible en fauteuil roulant\"><\/a><a href=\"https:\/\/nobis-printen.de\/baekerei_besonderheit\/cafe\/\"><img decoding=\"async\" src=\"https:\/\/nobis-printen.de\/wp-content\/uploads\/2020\/11\/nobis-printen_icon-filale_cafe_01.jpg\" alt=\"Symbole Caf\u00e9\" title=\"Caf\u00e9\"><\/a>\n<\/p><table class=\"time-table\"> \n<tr><td colspan=\"2\"><strong>Horaires d'ouverture :<\/strong><\/td><\/tr> \n<tr> \n    <td>Lu - Ve<\/td> \n    <td>7:00 - 20:00 heures<\/td> \n<\/tr> \n<tr> \n    <td>Sa<\/td>  \n    <td>7:00 - 20:00 heures<\/td> \n<\/tr> \n<tr> \n    <td>Ainsi<\/td>  \n    <td>ferm\u00e9<\/td>  \n<\/tr> \n<\/table><\/div><\/div><\/div><\/article><article id=\"portfolio-1-post-14137\" class=\"fusion-portfolio-post aix-la-chapelle boulangerie centre-ville fusion-col-spacing post-14137\"><div class=\"fusion-portfolio-content-wrapper\" style=\"border:none;background-color:rgba(255,255,255,1);\"><span class=\"vcard rich-snippet-hidden\"><span class=\"fn\"><a href=\"https:\/\/nobis-printen.de\/fr\/author\/adminmcmnobis\/\" title=\"Articles par Marcus\" rel=\"author\">Marcus<\/a><\/span><\/span><span class=\"updated rich-snippet-hidden\">2023-04-03T11:59:37+02:00<\/span><div  class=\"fusion-image-wrapper\" aria-haspopup=\"true\">\n\t\t\t\t<img decoding=\"async\" width=\"852\" height=\"507\" src=\"https:\/\/nobis-printen.de\/wp-content\/uploads\/2020\/11\/nobis-printen-baeckerei-loehergraben_1-3_2022_Preview_01.jpg\" class=\"attachment-full size-full wp-post-image\" alt=\"\" srcset=\"https:\/\/nobis-printen.de\/wp-content\/uploads\/2020\/11\/nobis-printen-baeckerei-loehergraben_1-3_2022_Preview_01-200x119.jpg 200w, https:\/\/nobis-printen.de\/wp-content\/uploads\/2020\/11\/nobis-printen-baeckerei-loehergraben_1-3_2022_Preview_01-400x238.jpg 400w, https:\/\/nobis-printen.de\/wp-content\/uploads\/2020\/11\/nobis-printen-baeckerei-loehergraben_1-3_2022_Preview_01-600x357.jpg 600w, https:\/\/nobis-printen.de\/wp-content\/uploads\/2020\/11\/nobis-printen-baeckerei-loehergraben_1-3_2022_Preview_01-800x476.jpg 800w, https:\/\/nobis-printen.de\/wp-content\/uploads\/2020\/11\/nobis-printen-baeckerei-loehergraben_1-3_2022_Preview_01.jpg 852w\" sizes=\"(min-width: 2200px) 100vw, (min-width: 784px) 395px, (min-width: 712px) 592px, (min-width: 640px) 712px, \" \/><div class=\"fusion-rollover\">\n\t<div class=\"fusion-rollover-content\">\n\n\t\t\t\t\t\t\t\t\t\t\t\t\t\t<a class=\"fusion-rollover-link\" href=\"https:\/\/nobis-printen.de\/fr\/boulangerie\/loehergraben-1-3aix-la-chapelle\/?portfolioCats=152%2C190%2C185%2C188%2C194%2C192%2C208%2C182%2C204%2C202%2C163%2C166\">L\u00f6hergraben 1-3,Aix-la-Chapelle<\/a>\n\t\t\t\n\t\t\t\t\t\t\t\t\n\t\t\n\t\t\t\t\t\t\t\t\t\t\t\t<h4 class=\"fusion-rollover-title\">\n\t\t\t\t\t<a class=\"fusion-rollover-title-link\" href=\"https:\/\/nobis-printen.de\/fr\/boulangerie\/loehergraben-1-3aix-la-chapelle\/?portfolioCats=152%2C190%2C185%2C188%2C194%2C192%2C208%2C182%2C204%2C202%2C163%2C166\">\n\t\t\t\t\t\tL\u00f6hergraben 1-3,<br>Aix-la-Chapelle\t\t\t\t\t<\/a>\n\t\t\t\t<\/h4>\n\t\t\t\n\t\t\t\t\t\t\t\t\n\t\t\n\t\t\t\t\t\t<a class=\"fusion-link-wrapper\" href=\"https:\/\/nobis-printen.de\/fr\/boulangerie\/loehergraben-1-3aix-la-chapelle\/?portfolioCats=152%2C190%2C185%2C188%2C194%2C192%2C208%2C182%2C204%2C202%2C163%2C166\" aria-label=\"L\u00f6hergraben 1-3,&lt;br&gt;Aix-la-Chapelle\"><\/a>\n\t<\/div>\n<\/div>\n<\/div>\n<div class=\"fusion-portfolio-content\" style=\"background-color:rgba(255,255,255,1);\"><h2 class=\"entry-title fusion-post-title\"><a href=\"https:\/\/nobis-printen.de\/fr\/boulangerie\/loehergraben-1-3aix-la-chapelle\/?portfolioCats=152%2C190%2C185%2C188%2C194%2C192%2C208%2C182%2C204%2C202%2C163%2C166\">L\u00f6hergraben 1-3,<br>Aix-la-Chapelle<\/a><\/h2><div class=\"fusion-content-sep sep-none\" style=\"border-color:#e0dede;\"><\/div><div class=\"fusion-post-content\"><p><a href=\"https:\/\/nobis-printen.de\/baekerei_besonderheit\/barrierefrei\/\"><img decoding=\"async\" src=\"https:\/\/nobis-printen.de\/wp-content\/uploads\/2020\/11\/nobis-printen_icon-filale_barrierefrei_01.jpg\" alt=\"Symbole Accessible en fauteuil roulant\" title=\"Accessible en fauteuil roulant\"><\/a><a href=\"https:\/\/nobis-printen.de\/baekerei_besonderheit\/cafe\/\"><img decoding=\"async\" src=\"https:\/\/nobis-printen.de\/wp-content\/uploads\/2020\/11\/nobis-printen_icon-filale_cafe_01.jpg\" alt=\"Symbole Caf\u00e9\" title=\"Caf\u00e9\"><\/a><a href=\"https:\/\/nobis-printen.de\/baekerei_besonderheit\/sonntags-geoeffnet\/\"><img decoding=\"async\" src=\"https:\/\/nobis-printen.de\/wp-content\/uploads\/2020\/11\/nobis-printen_icon-filale_sonntags-geoeffnet_01.jpg\" alt=\"Symbole ouvert le dimanche\" title=\"Ouvert le dimanche\"><\/a>\n<\/p><table class=\"time-table\"> \n<tr><td colspan=\"2\"><strong>Horaires d'ouverture :<\/strong><\/td><\/tr> \n<tr> \n    <td>Lu - Ve<\/td> \n    <td>6:00 - 18:00 heures<\/td> \n<\/tr> \n<tr> \n    <td>Sa<\/td>  \n    <td>6:00 - 16:00 heures<\/td> \n<\/tr> \n<tr> \n    <td>Ainsi<\/td>  \n    <td>8:00 - 11:30 heures<\/td>  \n<\/tr> \n<\/table><\/div><\/div><\/div><\/article><article id=\"portfolio-1-post-14308\" class=\"fusion-portfolio-post boulangerie dueren-fr fusion-col-spacing post-14308\"><div class=\"fusion-portfolio-content-wrapper\" style=\"border:none;background-color:rgba(255,255,255,1);\"><span class=\"vcard rich-snippet-hidden\"><span class=\"fn\"><a href=\"https:\/\/nobis-printen.de\/fr\/author\/adminmcmnobis\/\" title=\"Articles par Marcus\" rel=\"author\">Marcus<\/a><\/span><\/span><span class=\"updated rich-snippet-hidden\">2023-04-05T08:40:58+02:00<\/span><div  class=\"fusion-image-wrapper\" aria-haspopup=\"true\">\n\t\t\t\t<img decoding=\"async\" width=\"852\" height=\"507\" src=\"https:\/\/nobis-printen.de\/wp-content\/uploads\/2020\/11\/dueren_2019_Preview_01.jpg\" class=\"attachment-full size-full wp-post-image\" alt=\"Filiale D\u00fcren, Nobis Printen Aachen.\" srcset=\"https:\/\/nobis-printen.de\/wp-content\/uploads\/2020\/11\/dueren_2019_Preview_01-200x119.jpg 200w, https:\/\/nobis-printen.de\/wp-content\/uploads\/2020\/11\/dueren_2019_Preview_01-400x238.jpg 400w, https:\/\/nobis-printen.de\/wp-content\/uploads\/2020\/11\/dueren_2019_Preview_01-600x357.jpg 600w, https:\/\/nobis-printen.de\/wp-content\/uploads\/2020\/11\/dueren_2019_Preview_01-800x476.jpg 800w, https:\/\/nobis-printen.de\/wp-content\/uploads\/2020\/11\/dueren_2019_Preview_01.jpg 852w\" sizes=\"(min-width: 2200px) 100vw, (min-width: 784px) 395px, (min-width: 712px) 592px, (min-width: 640px) 712px, \" \/><div class=\"fusion-rollover\">\n\t<div class=\"fusion-rollover-content\">\n\n\t\t\t\t\t\t\t\t\t\t\t\t\t\t<a class=\"fusion-rollover-link\" href=\"https:\/\/nobis-printen.de\/fr\/boulangerie\/marche-13dueren\/?portfolioCats=152%2C190%2C185%2C188%2C194%2C192%2C208%2C182%2C204%2C202%2C163%2C166\">March\u00e9 13,D\u00fcren<\/a>\n\t\t\t\n\t\t\t\t\t\t\t\t\n\t\t\n\t\t\t\t\t\t\t\t\t\t\t\t<h4 class=\"fusion-rollover-title\">\n\t\t\t\t\t<a class=\"fusion-rollover-title-link\" href=\"https:\/\/nobis-printen.de\/fr\/boulangerie\/marche-13dueren\/?portfolioCats=152%2C190%2C185%2C188%2C194%2C192%2C208%2C182%2C204%2C202%2C163%2C166\">\n\t\t\t\t\t\tMarch\u00e9 13,<br>D\u00fcren\t\t\t\t\t<\/a>\n\t\t\t\t<\/h4>\n\t\t\t\n\t\t\t\t\t\t\t\t\n\t\t\n\t\t\t\t\t\t<a class=\"fusion-link-wrapper\" href=\"https:\/\/nobis-printen.de\/fr\/boulangerie\/marche-13dueren\/?portfolioCats=152%2C190%2C185%2C188%2C194%2C192%2C208%2C182%2C204%2C202%2C163%2C166\" aria-label=\"March\u00e9 13,&lt;br&gt;D\u00fcren\"><\/a>\n\t<\/div>\n<\/div>\n<\/div>\n<div class=\"fusion-portfolio-content\" style=\"background-color:rgba(255,255,255,1);\"><h2 class=\"entry-title fusion-post-title\"><a href=\"https:\/\/nobis-printen.de\/fr\/boulangerie\/marche-13dueren\/?portfolioCats=152%2C190%2C185%2C188%2C194%2C192%2C208%2C182%2C204%2C202%2C163%2C166\">March\u00e9 13,<br>D\u00fcren<\/a><\/h2><div class=\"fusion-content-sep sep-none\" style=\"border-color:#e0dede;\"><\/div><div class=\"fusion-post-content\"><p><a href=\"https:\/\/nobis-printen.de\/baekerei_besonderheit\/spielecke\/\"><img decoding=\"async\" src=\"https:\/\/nobis-printen.de\/wp-content\/uploads\/2020\/11\/nobis-printen_icon-filale_spielen_01.jpg\" alt=\"Symbole coin de jeu\" title=\"Coin de jeu\"><\/a><a href=\"https:\/\/nobis-printen.de\/baekerei_besonderheit\/barrierefrei\/\"><img decoding=\"async\" src=\"https:\/\/nobis-printen.de\/wp-content\/uploads\/2020\/11\/nobis-printen_icon-filale_barrierefrei_01.jpg\" alt=\"Symbole Accessible en fauteuil roulant\" title=\"Accessible en fauteuil roulant\"><\/a><a href=\"https:\/\/nobis-printen.de\/baekerei_besonderheit\/cafe\/\"><img decoding=\"async\" src=\"https:\/\/nobis-printen.de\/wp-content\/uploads\/2020\/11\/nobis-printen_icon-filale_cafe_01.jpg\" alt=\"Symbole Caf\u00e9\" title=\"Caf\u00e9\"><\/a>\n<\/p><table class=\"time-table\"> \n<tr><td colspan=\"2\"><strong>Horaires d'ouverture :<\/strong><\/td><\/tr> \n<tr> \n    <td>Lu - Ve<\/td> \n    <td>6:00 - 18:00 heures<\/td> \n<\/tr> \n<tr> \n    <td>Sa<\/td>  \n    <td>6:00 - 16:00 heures<\/td> \n<\/tr> \n<tr> \n    <td>Ainsi<\/td>  \n    <td>ferm\u00e9<\/td>  \n<\/tr> \n<\/table><\/div><\/div><\/div><\/article><article id=\"portfolio-1-post-14418\" class=\"fusion-portfolio-post boulangerie eschweiler-fr fusion-col-spacing post-14418\"><div class=\"fusion-portfolio-content-wrapper\" style=\"border:none;background-color:rgba(255,255,255,1);\"><span class=\"vcard rich-snippet-hidden\"><span class=\"fn\"><a href=\"https:\/\/nobis-printen.de\/fr\/author\/adminmcmnobis\/\" title=\"Articles par Marcus\" rel=\"author\">Marcus<\/a><\/span><\/span><span class=\"updated rich-snippet-hidden\">2023-04-05T09:25:31+02:00<\/span><div  class=\"fusion-image-wrapper\" aria-haspopup=\"true\">\n\t\t\t\t<img decoding=\"async\" width=\"852\" height=\"507\" src=\"https:\/\/nobis-printen.de\/wp-content\/uploads\/2020\/11\/marienstr_13-2019_Preview_01.jpg\" class=\"attachment-full size-full wp-post-image\" alt=\"Nobis Printen B\u00e4ckerei, Marienstr 13, Eschweiler.\" srcset=\"https:\/\/nobis-printen.de\/wp-content\/uploads\/2020\/11\/marienstr_13-2019_Preview_01-200x119.jpg 200w, https:\/\/nobis-printen.de\/wp-content\/uploads\/2020\/11\/marienstr_13-2019_Preview_01-400x238.jpg 400w, https:\/\/nobis-printen.de\/wp-content\/uploads\/2020\/11\/marienstr_13-2019_Preview_01-600x357.jpg 600w, https:\/\/nobis-printen.de\/wp-content\/uploads\/2020\/11\/marienstr_13-2019_Preview_01-800x476.jpg 800w, https:\/\/nobis-printen.de\/wp-content\/uploads\/2020\/11\/marienstr_13-2019_Preview_01.jpg 852w\" sizes=\"(min-width: 2200px) 100vw, (min-width: 784px) 395px, (min-width: 712px) 592px, (min-width: 640px) 712px, \" \/><div class=\"fusion-rollover\">\n\t<div class=\"fusion-rollover-content\">\n\n\t\t\t\t\t\t\t\t\t\t\t\t\t\t<a class=\"fusion-rollover-link\" href=\"https:\/\/nobis-printen.de\/fr\/boulangerie\/marienstr-13eschweiler\/?portfolioCats=152%2C190%2C185%2C188%2C194%2C192%2C208%2C182%2C204%2C202%2C163%2C166\">Marienstr. 13,Eschweiler<\/a>\n\t\t\t\n\t\t\t\t\t\t\t\t\n\t\t\n\t\t\t\t\t\t\t\t\t\t\t\t<h4 class=\"fusion-rollover-title\">\n\t\t\t\t\t<a class=\"fusion-rollover-title-link\" href=\"https:\/\/nobis-printen.de\/fr\/boulangerie\/marienstr-13eschweiler\/?portfolioCats=152%2C190%2C185%2C188%2C194%2C192%2C208%2C182%2C204%2C202%2C163%2C166\">\n\t\t\t\t\t\tMarienstr. 13,<br>Eschweiler\t\t\t\t\t<\/a>\n\t\t\t\t<\/h4>\n\t\t\t\n\t\t\t\t\t\t\t\t\n\t\t\n\t\t\t\t\t\t<a class=\"fusion-link-wrapper\" href=\"https:\/\/nobis-printen.de\/fr\/boulangerie\/marienstr-13eschweiler\/?portfolioCats=152%2C190%2C185%2C188%2C194%2C192%2C208%2C182%2C204%2C202%2C163%2C166\" aria-label=\"Marienstr. 13,&lt;br&gt;Eschweiler\"><\/a>\n\t<\/div>\n<\/div>\n<\/div>\n<div class=\"fusion-portfolio-content\" style=\"background-color:rgba(255,255,255,1);\"><h2 class=\"entry-title fusion-post-title\"><a href=\"https:\/\/nobis-printen.de\/fr\/boulangerie\/marienstr-13eschweiler\/?portfolioCats=152%2C190%2C185%2C188%2C194%2C192%2C208%2C182%2C204%2C202%2C163%2C166\">Marienstr. 13,<br>Eschweiler<\/a><\/h2><div class=\"fusion-content-sep sep-none\" style=\"border-color:#e0dede;\"><\/div><div class=\"fusion-post-content\"><p><a href=\"https:\/\/nobis-printen.de\/baekerei_besonderheit\/barrierefrei\/\"><img decoding=\"async\" src=\"https:\/\/nobis-printen.de\/wp-content\/uploads\/2020\/11\/nobis-printen_icon-filale_barrierefrei_01.jpg\" alt=\"Symbole Accessible en fauteuil roulant\" title=\"Accessible en fauteuil roulant\"><\/a><a href=\"https:\/\/nobis-printen.de\/baekerei_besonderheit\/cafe\/\"><img decoding=\"async\" src=\"https:\/\/nobis-printen.de\/wp-content\/uploads\/2020\/11\/nobis-printen_icon-filale_cafe_01.jpg\" alt=\"Symbole Caf\u00e9\" title=\"Caf\u00e9\"><\/a><a href=\"https:\/\/nobis-printen.de\/baekerei_besonderheit\/sonntags-geoeffnet\/\"><img decoding=\"async\" src=\"https:\/\/nobis-printen.de\/wp-content\/uploads\/2020\/11\/nobis-printen_icon-filale_sonntags-geoeffnet_01.jpg\" alt=\"Symbole ouvert le dimanche\" title=\"Ouvert le dimanche\"><\/a>\n<\/p><table class=\"time-table\"> \n<tr><td colspan=\"2\"><strong>Horaires d'ouverture :<\/strong><\/td><\/tr> \n<tr> \n    <td>Lu - Ve<\/td> \n    <td>7h00 - 18h30<\/td> \n<\/tr> \n<tr> \n    <td>Sa<\/td>  \n    <td>7:00 - 16:00 heures<\/td> \n<\/tr> \n<tr> \n    <td>Ainsi<\/td>  \n    <td>8 h 00 - 13 h 00<\/td>  \n<\/tr> \n<\/table><\/div><\/div><\/div><\/article><article id=\"portfolio-1-post-14410\" class=\"fusion-portfolio-post aix-la-chapelle boulangerie centre-ville fusion-col-spacing post-14410\"><div class=\"fusion-portfolio-content-wrapper\" style=\"border:none;background-color:rgba(255,255,255,1);\"><span class=\"vcard rich-snippet-hidden\"><span class=\"fn\"><a href=\"https:\/\/nobis-printen.de\/fr\/author\/adminmcmnobis\/\" title=\"Articles par Marcus\" rel=\"author\">Marcus<\/a><\/span><\/span><span class=\"updated rich-snippet-hidden\">2023-04-05T09:20:15+02:00<\/span><div  class=\"fusion-image-wrapper\" aria-haspopup=\"true\">\n\t\t\t\t<img decoding=\"async\" width=\"852\" height=\"507\" src=\"https:\/\/nobis-printen.de\/wp-content\/uploads\/2023\/01\/nobis-printen-aachen-muensterplatz-2-theke-2026-01.webp\" class=\"attachment-full size-full wp-post-image\" alt=\"Innenaufnahme der Nobis Printen Filiale am M\u00fcnsterplatz 2 in Aachen.\" srcset=\"https:\/\/nobis-printen.de\/wp-content\/uploads\/2023\/01\/nobis-printen-aachen-muensterplatz-2-theke-2026-01-200x119.webp 200w, https:\/\/nobis-printen.de\/wp-content\/uploads\/2023\/01\/nobis-printen-aachen-muensterplatz-2-theke-2026-01-400x238.webp 400w, https:\/\/nobis-printen.de\/wp-content\/uploads\/2023\/01\/nobis-printen-aachen-muensterplatz-2-theke-2026-01-600x357.webp 600w, https:\/\/nobis-printen.de\/wp-content\/uploads\/2023\/01\/nobis-printen-aachen-muensterplatz-2-theke-2026-01-800x476.webp 800w, https:\/\/nobis-printen.de\/wp-content\/uploads\/2023\/01\/nobis-printen-aachen-muensterplatz-2-theke-2026-01.webp 852w\" sizes=\"(min-width: 2200px) 100vw, (min-width: 784px) 395px, (min-width: 712px) 592px, (min-width: 640px) 712px, \" \/><div class=\"fusion-rollover\">\n\t<div class=\"fusion-rollover-content\">\n\n\t\t\t\t\t\t\t\t\t\t\t\t\t\t<a class=\"fusion-rollover-link\" href=\"https:\/\/nobis-printen.de\/fr\/boulangerie\/muensterplatz-2aix-la-chapelle\/?portfolioCats=152%2C190%2C185%2C188%2C194%2C192%2C208%2C182%2C204%2C202%2C163%2C166\">M\u00fcnsterplatz 2,Aix-la-Chapelle<\/a>\n\t\t\t\n\t\t\t\t\t\t\t\t\n\t\t\n\t\t\t\t\t\t\t\t\t\t\t\t<h4 class=\"fusion-rollover-title\">\n\t\t\t\t\t<a class=\"fusion-rollover-title-link\" href=\"https:\/\/nobis-printen.de\/fr\/boulangerie\/muensterplatz-2aix-la-chapelle\/?portfolioCats=152%2C190%2C185%2C188%2C194%2C192%2C208%2C182%2C204%2C202%2C163%2C166\">\n\t\t\t\t\t\tM\u00fcnsterplatz 2,<br>Aix-la-Chapelle\t\t\t\t\t<\/a>\n\t\t\t\t<\/h4>\n\t\t\t\n\t\t\t\t\t\t\t\t\n\t\t\n\t\t\t\t\t\t<a class=\"fusion-link-wrapper\" href=\"https:\/\/nobis-printen.de\/fr\/boulangerie\/muensterplatz-2aix-la-chapelle\/?portfolioCats=152%2C190%2C185%2C188%2C194%2C192%2C208%2C182%2C204%2C202%2C163%2C166\" aria-label=\"M\u00fcnsterplatz 2,&lt;br&gt;Aix-la-Chapelle\"><\/a>\n\t<\/div>\n<\/div>\n<\/div>\n<div class=\"fusion-portfolio-content\" style=\"background-color:rgba(255,255,255,1);\"><h2 class=\"entry-title fusion-post-title\"><a href=\"https:\/\/nobis-printen.de\/fr\/boulangerie\/muensterplatz-2aix-la-chapelle\/?portfolioCats=152%2C190%2C185%2C188%2C194%2C192%2C208%2C182%2C204%2C202%2C163%2C166\">M\u00fcnsterplatz 2,<br>Aix-la-Chapelle<\/a><\/h2><div class=\"fusion-content-sep sep-none\" style=\"border-color:#e0dede;\"><\/div><div class=\"fusion-post-content\"><p><a href=\"https:\/\/nobis-printen.de\/baekerei_besonderheit\/sonntags-geoeffnet\/\"><img decoding=\"async\" src=\"https:\/\/nobis-printen.de\/wp-content\/uploads\/2020\/11\/nobis-printen_icon-filale_sonntags-geoeffnet_01.jpg\" alt=\"Symbole ouvert le dimanche\" title=\"Ouvert le dimanche\"><\/a>\n<\/p><table class=\"time-table\"> \n<tr><td colspan=\"2\"><strong>Horaires d'ouverture :<\/strong><\/td><\/tr> \n<tr> \n    <td>Lu - Ve<\/td> \n    <td>9h00 - 18h30<\/td> \n<\/tr> \n<tr> \n    <td>Sa<\/td>  \n    <td>9h00 - 18h30<\/td> \n<\/tr> \n<tr> \n    <td>Ainsi<\/td>  \n    <td>9 h 00 - 18 h 00<\/td>  \n<\/tr> \n<\/table>\n\n\n\n<\/div><\/div><\/div><\/article><article id=\"portfolio-1-post-14386\" class=\"fusion-portfolio-post aix-la-chapelle boulangerie centre-ville fusion-col-spacing post-14386\"><div class=\"fusion-portfolio-content-wrapper\" style=\"border:none;background-color:rgba(255,255,255,1);\"><span class=\"vcard rich-snippet-hidden\"><span class=\"fn\"><a href=\"https:\/\/nobis-printen.de\/fr\/author\/adminmcmnobis\/\" title=\"Articles par Marcus\" rel=\"author\">Marcus<\/a><\/span><\/span><span class=\"updated rich-snippet-hidden\">2023-04-05T09:10:24+02:00<\/span><div  class=\"fusion-image-wrapper\" aria-haspopup=\"true\">\n\t\t\t\t<img decoding=\"async\" width=\"852\" height=\"507\" src=\"https:\/\/nobis-printen.de\/wp-content\/uploads\/2023\/01\/nobis-printen-aachen-muensterplatz-3-theke-2026-01a.webp\" class=\"attachment-full size-full wp-post-image\" alt=\"Innenaufnahme der Nobis Printen Filiale am M\u00fcnsterplatz 3 in Aachen.\" srcset=\"https:\/\/nobis-printen.de\/wp-content\/uploads\/2023\/01\/nobis-printen-aachen-muensterplatz-3-theke-2026-01a-200x119.webp 200w, https:\/\/nobis-printen.de\/wp-content\/uploads\/2023\/01\/nobis-printen-aachen-muensterplatz-3-theke-2026-01a-400x238.webp 400w, https:\/\/nobis-printen.de\/wp-content\/uploads\/2023\/01\/nobis-printen-aachen-muensterplatz-3-theke-2026-01a-600x357.webp 600w, https:\/\/nobis-printen.de\/wp-content\/uploads\/2023\/01\/nobis-printen-aachen-muensterplatz-3-theke-2026-01a-800x476.webp 800w, https:\/\/nobis-printen.de\/wp-content\/uploads\/2023\/01\/nobis-printen-aachen-muensterplatz-3-theke-2026-01a.webp 852w\" sizes=\"(min-width: 2200px) 100vw, (min-width: 784px) 395px, (min-width: 712px) 592px, (min-width: 640px) 712px, \" \/><div class=\"fusion-rollover\">\n\t<div class=\"fusion-rollover-content\">\n\n\t\t\t\t\t\t\t\t\t\t\t\t\t\t<a class=\"fusion-rollover-link\" href=\"https:\/\/nobis-printen.de\/fr\/boulangerie\/muensterplatz-3aix-la-chapelle\/?portfolioCats=152%2C190%2C185%2C188%2C194%2C192%2C208%2C182%2C204%2C202%2C163%2C166\">M\u00fcnsterplatz 3,Aix-la-Chapelle<\/a>\n\t\t\t\n\t\t\t\t\t\t\t\t\n\t\t\n\t\t\t\t\t\t\t\t\t\t\t\t<h4 class=\"fusion-rollover-title\">\n\t\t\t\t\t<a class=\"fusion-rollover-title-link\" href=\"https:\/\/nobis-printen.de\/fr\/boulangerie\/muensterplatz-3aix-la-chapelle\/?portfolioCats=152%2C190%2C185%2C188%2C194%2C192%2C208%2C182%2C204%2C202%2C163%2C166\">\n\t\t\t\t\t\tM\u00fcnsterplatz 3,<br>Aix-la-Chapelle\t\t\t\t\t<\/a>\n\t\t\t\t<\/h4>\n\t\t\t\n\t\t\t\t\t\t\t\t\n\t\t\n\t\t\t\t\t\t<a class=\"fusion-link-wrapper\" href=\"https:\/\/nobis-printen.de\/fr\/boulangerie\/muensterplatz-3aix-la-chapelle\/?portfolioCats=152%2C190%2C185%2C188%2C194%2C192%2C208%2C182%2C204%2C202%2C163%2C166\" aria-label=\"M\u00fcnsterplatz 3,&lt;br&gt;Aix-la-Chapelle\"><\/a>\n\t<\/div>\n<\/div>\n<\/div>\n<div class=\"fusion-portfolio-content\" style=\"background-color:rgba(255,255,255,1);\"><h2 class=\"entry-title fusion-post-title\"><a href=\"https:\/\/nobis-printen.de\/fr\/boulangerie\/muensterplatz-3aix-la-chapelle\/?portfolioCats=152%2C190%2C185%2C188%2C194%2C192%2C208%2C182%2C204%2C202%2C163%2C166\">M\u00fcnsterplatz 3,<br>Aix-la-Chapelle<\/a><\/h2><div class=\"fusion-content-sep sep-none\" style=\"border-color:#e0dede;\"><\/div><div class=\"fusion-post-content\"><p><a href=\"https:\/\/nobis-printen.de\/baekerei_besonderheit\/cafe\/\"><img decoding=\"async\" src=\"https:\/\/nobis-printen.de\/wp-content\/uploads\/2020\/11\/nobis-printen_icon-filale_cafe_01.jpg\" alt=\"Symbole Caf\u00e9\" title=\"Caf\u00e9\"><\/a><a href=\"https:\/\/nobis-printen.de\/baekerei_besonderheit\/sonntags-geoeffnet\/\"><img decoding=\"async\" src=\"https:\/\/nobis-printen.de\/wp-content\/uploads\/2020\/11\/nobis-printen_icon-filale_sonntags-geoeffnet_01.jpg\" alt=\"Symbole ouvert le dimanche\" title=\"Ouvert le dimanche\"><\/a>\n<\/p><table class=\"time-table\"> \n<tr><td colspan=\"2\"><strong>Horaires d'ouverture :<\/strong><\/td><\/tr> \n<tr> \n    <td>Lu - Ve<\/td> \n    <td>7h00 - 18h30<\/td> \n<\/tr> \n<tr> \n    <td>Sa<\/td>  \n    <td>7h30 - 18h30<\/td> \n<\/tr> \n<tr> \n    <td>Ainsi<\/td>  \n    <td>8h00 - 18h00<\/td>  \n<\/tr> \n<\/table><\/div><\/div><\/div><\/article><article id=\"portfolio-1-post-14503\" class=\"fusion-portfolio-post aix-la-chapelle boulangerie richterich-fr fusion-col-spacing post-14503\"><div class=\"fusion-portfolio-content-wrapper\" style=\"border:none;background-color:rgba(255,255,255,1);\"><span class=\"vcard rich-snippet-hidden\"><span class=\"fn\"><a href=\"https:\/\/nobis-printen.de\/fr\/author\/adminmcmnobis\/\" title=\"Articles par Marcus\" rel=\"author\">Marcus<\/a><\/span><\/span><span class=\"updated rich-snippet-hidden\">2023-04-05T09:51:40+02:00<\/span><div  class=\"fusion-image-wrapper\" aria-haspopup=\"true\">\n\t\t\t\t<img decoding=\"async\" width=\"852\" height=\"507\" src=\"https:\/\/nobis-printen.de\/wp-content\/uploads\/2023\/01\/nobis-printen-baeckerei_roder_weg_9_2022_Preview_01.jpg\" class=\"attachment-full size-full wp-post-image\" alt=\"Nobis Printen B\u00e4ckerei Roder Weg 9, Aachen.\" srcset=\"https:\/\/nobis-printen.de\/wp-content\/uploads\/2023\/01\/nobis-printen-baeckerei_roder_weg_9_2022_Preview_01-200x119.jpg 200w, https:\/\/nobis-printen.de\/wp-content\/uploads\/2023\/01\/nobis-printen-baeckerei_roder_weg_9_2022_Preview_01-400x238.jpg 400w, https:\/\/nobis-printen.de\/wp-content\/uploads\/2023\/01\/nobis-printen-baeckerei_roder_weg_9_2022_Preview_01-600x357.jpg 600w, https:\/\/nobis-printen.de\/wp-content\/uploads\/2023\/01\/nobis-printen-baeckerei_roder_weg_9_2022_Preview_01-800x476.jpg 800w, https:\/\/nobis-printen.de\/wp-content\/uploads\/2023\/01\/nobis-printen-baeckerei_roder_weg_9_2022_Preview_01.jpg 852w\" sizes=\"(min-width: 2200px) 100vw, (min-width: 784px) 395px, (min-width: 712px) 592px, (min-width: 640px) 712px, \" \/><div class=\"fusion-rollover\">\n\t<div class=\"fusion-rollover-content\">\n\n\t\t\t\t\t\t\t\t\t\t\t\t\t\t<a class=\"fusion-rollover-link\" href=\"https:\/\/nobis-printen.de\/fr\/boulangerie\/roder-weg-6aix-la-chapelle\/?portfolioCats=152%2C190%2C185%2C188%2C194%2C192%2C208%2C182%2C204%2C202%2C163%2C166\">Roder Weg 6,Aix-la-Chapelle<\/a>\n\t\t\t\n\t\t\t\t\t\t\t\t\n\t\t\n\t\t\t\t\t\t\t\t\t\t\t\t<h4 class=\"fusion-rollover-title\">\n\t\t\t\t\t<a class=\"fusion-rollover-title-link\" href=\"https:\/\/nobis-printen.de\/fr\/boulangerie\/roder-weg-6aix-la-chapelle\/?portfolioCats=152%2C190%2C185%2C188%2C194%2C192%2C208%2C182%2C204%2C202%2C163%2C166\">\n\t\t\t\t\t\tRoder Weg 6,<br>Aix-la-Chapelle\t\t\t\t\t<\/a>\n\t\t\t\t<\/h4>\n\t\t\t\n\t\t\t\t\t\t\t\t\n\t\t\n\t\t\t\t\t\t<a class=\"fusion-link-wrapper\" href=\"https:\/\/nobis-printen.de\/fr\/boulangerie\/roder-weg-6aix-la-chapelle\/?portfolioCats=152%2C190%2C185%2C188%2C194%2C192%2C208%2C182%2C204%2C202%2C163%2C166\" aria-label=\"Roder Weg 6,&lt;br&gt;Aix-la-Chapelle\"><\/a>\n\t<\/div>\n<\/div>\n<\/div>\n<div class=\"fusion-portfolio-content\" style=\"background-color:rgba(255,255,255,1);\"><h2 class=\"entry-title fusion-post-title\"><a href=\"https:\/\/nobis-printen.de\/fr\/boulangerie\/roder-weg-6aix-la-chapelle\/?portfolioCats=152%2C190%2C185%2C188%2C194%2C192%2C208%2C182%2C204%2C202%2C163%2C166\">Roder Weg 6,<br>Aix-la-Chapelle<\/a><\/h2><div class=\"fusion-content-sep sep-none\" style=\"border-color:#e0dede;\"><\/div><div class=\"fusion-post-content\"><p><a href=\"https:\/\/nobis-printen.de\/baekerei_besonderheit\/barrierefrei\/\"><img decoding=\"async\" src=\"https:\/\/nobis-printen.de\/wp-content\/uploads\/2020\/11\/nobis-printen_icon-filale_barrierefrei_01.jpg\" alt=\"Symbole Accessible en fauteuil roulant\" title=\"Accessible en fauteuil roulant\"><\/a><a href=\"https:\/\/nobis-printen.de\/baekerei_besonderheit\/sonntags-geoeffnet\/\"><img decoding=\"async\" src=\"https:\/\/nobis-printen.de\/wp-content\/uploads\/2020\/11\/nobis-printen_icon-filale_sonntags-geoeffnet_01.jpg\" alt=\"Symbole ouvert le dimanche\" title=\"Ouvert le dimanche\"><\/a>\n<\/p><table class=\"time-table\"> \n<tr><td colspan=\"2\"><strong>Horaires d'ouverture :<\/strong><\/td><\/tr> \n<tr> \n    <td>Lu - Ve<\/td> \n    <td>7:00 - 20:00 heures<\/td> \n<\/tr> \n<tr> \n    <td>Sa<\/td>  \n    <td>7:00 - 20:00 heures<\/td> \n<\/tr> \n<tr> \n    <td>Ainsi<\/td>  \n    <td>7h30 - 11h30<\/td>  \n<\/tr> \n<\/table><\/div><\/div><\/div><\/article><article id=\"portfolio-1-post-14213\" class=\"fusion-portfolio-post aix-la-chapelle boulangerie terre-rouge fusion-col-spacing post-14213\"><div class=\"fusion-portfolio-content-wrapper\" style=\"border:none;background-color:rgba(255,255,255,1);\"><span class=\"vcard rich-snippet-hidden\"><span class=\"fn\"><a href=\"https:\/\/nobis-printen.de\/fr\/author\/adminmcmnobis\/\" title=\"Articles par Marcus\" rel=\"author\">Marcus<\/a><\/span><\/span><span class=\"updated rich-snippet-hidden\">2023-04-03T12:57:04+02:00<\/span><div  class=\"fusion-image-wrapper\" aria-haspopup=\"true\">\n\t\t\t\t<img decoding=\"async\" width=\"852\" height=\"507\" src=\"https:\/\/nobis-printen.de\/wp-content\/uploads\/2023\/01\/nobis-printen-baeckerei_hirsch-center_2022_Preview_01.jpg\" class=\"attachment-full size-full wp-post-image\" alt=\"\" srcset=\"https:\/\/nobis-printen.de\/wp-content\/uploads\/2023\/01\/nobis-printen-baeckerei_hirsch-center_2022_Preview_01-200x119.jpg 200w, https:\/\/nobis-printen.de\/wp-content\/uploads\/2023\/01\/nobis-printen-baeckerei_hirsch-center_2022_Preview_01-400x238.jpg 400w, https:\/\/nobis-printen.de\/wp-content\/uploads\/2023\/01\/nobis-printen-baeckerei_hirsch-center_2022_Preview_01-600x357.jpg 600w, https:\/\/nobis-printen.de\/wp-content\/uploads\/2023\/01\/nobis-printen-baeckerei_hirsch-center_2022_Preview_01-800x476.jpg 800w, https:\/\/nobis-printen.de\/wp-content\/uploads\/2023\/01\/nobis-printen-baeckerei_hirsch-center_2022_Preview_01.jpg 852w\" sizes=\"(min-width: 2200px) 100vw, (min-width: 784px) 395px, (min-width: 712px) 592px, (min-width: 640px) 712px, \" \/><div class=\"fusion-rollover\">\n\t<div class=\"fusion-rollover-content\">\n\n\t\t\t\t\t\t\t\t\t\t\t\t\t\t<a class=\"fusion-rollover-link\" href=\"https:\/\/nobis-printen.de\/fr\/boulangerie\/rue-dalsace-139-hirsch-centeraix-la-chapelle\/?portfolioCats=152%2C190%2C185%2C188%2C194%2C192%2C208%2C182%2C204%2C202%2C163%2C166\">Rue d&rsquo;Alsace 139, Hirsch Center,Aix-la-Chapelle<\/a>\n\t\t\t\n\t\t\t\t\t\t\t\t\n\t\t\n\t\t\t\t\t\t\t\t\t\t\t\t<h4 class=\"fusion-rollover-title\">\n\t\t\t\t\t<a class=\"fusion-rollover-title-link\" href=\"https:\/\/nobis-printen.de\/fr\/boulangerie\/rue-dalsace-139-hirsch-centeraix-la-chapelle\/?portfolioCats=152%2C190%2C185%2C188%2C194%2C192%2C208%2C182%2C204%2C202%2C163%2C166\">\n\t\t\t\t\t\tRue d&rsquo;Alsace 139, Hirsch Center,<br>Aix-la-Chapelle\t\t\t\t\t<\/a>\n\t\t\t\t<\/h4>\n\t\t\t\n\t\t\t\t\t\t\t\t\n\t\t\n\t\t\t\t\t\t<a class=\"fusion-link-wrapper\" href=\"https:\/\/nobis-printen.de\/fr\/boulangerie\/rue-dalsace-139-hirsch-centeraix-la-chapelle\/?portfolioCats=152%2C190%2C185%2C188%2C194%2C192%2C208%2C182%2C204%2C202%2C163%2C166\" aria-label=\"Rue d&rsquo;Alsace 139, Hirsch Center,&lt;br&gt;Aix-la-Chapelle\"><\/a>\n\t<\/div>\n<\/div>\n<\/div>\n<div class=\"fusion-portfolio-content\" style=\"background-color:rgba(255,255,255,1);\"><h2 class=\"entry-title fusion-post-title\"><a href=\"https:\/\/nobis-printen.de\/fr\/boulangerie\/rue-dalsace-139-hirsch-centeraix-la-chapelle\/?portfolioCats=152%2C190%2C185%2C188%2C194%2C192%2C208%2C182%2C204%2C202%2C163%2C166\">Rue d&rsquo;Alsace 139, Hirsch Center,<br>Aix-la-Chapelle<\/a><\/h2><div class=\"fusion-content-sep sep-none\" style=\"border-color:#e0dede;\"><\/div><div class=\"fusion-post-content\"><p><a href=\"https:\/\/nobis-printen.de\/baekerei_besonderheit\/barrierefrei\/\"><img decoding=\"async\" src=\"https:\/\/nobis-printen.de\/wp-content\/uploads\/2020\/11\/nobis-printen_icon-filale_barrierefrei_01.jpg\" alt=\"Symbole Accessible en fauteuil roulant\" title=\"Accessible en fauteuil roulant\"><\/a><a href=\"https:\/\/nobis-printen.de\/baekerei_besonderheit\/cafe\/\"><img decoding=\"async\" src=\"https:\/\/nobis-printen.de\/wp-content\/uploads\/2020\/11\/nobis-printen_icon-filale_cafe_01.jpg\" alt=\"Symbole Caf\u00e9\" title=\"Caf\u00e9\"><\/a>\n<\/p><table class=\"time-table\"> \n<tr><td colspan=\"2\"><strong>Horaires d'ouverture :<\/strong><\/td><\/tr> \n<tr> \n    <td>Lu - Ve<\/td> \n    <td>8h00 - 20h00<\/td> \n<\/tr> \n<tr> \n    <td>Sa<\/td>  \n    <td>8h00 - 20h00<\/td> \n<\/tr> \n<tr> \n    <td>Ainsi<\/td>  \n    <td>ferm\u00e9<\/td>  \n<\/tr> \n<\/table><\/div><\/div><\/div><\/article><article id=\"portfolio-1-post-14145\" class=\"fusion-portfolio-post aix-la-chapelle boulangerie laurensberg-fr fusion-col-spacing post-14145\"><div class=\"fusion-portfolio-content-wrapper\" style=\"border:none;background-color:rgba(255,255,255,1);\"><span class=\"vcard rich-snippet-hidden\"><span class=\"fn\"><a href=\"https:\/\/nobis-printen.de\/fr\/author\/adminmcmnobis\/\" title=\"Articles par Marcus\" rel=\"author\">Marcus<\/a><\/span><\/span><span class=\"updated rich-snippet-hidden\">2023-04-03T12:04:16+02:00<\/span><div  class=\"fusion-image-wrapper\" aria-haspopup=\"true\">\n\t\t\t\t<img decoding=\"async\" width=\"852\" height=\"507\" src=\"https:\/\/nobis-printen.de\/wp-content\/uploads\/2025\/08\/nobis-printen-baeckerei-schlossparkstr-2-aachen-2025-01.jpg\" class=\"attachment-full size-full wp-post-image\" alt=\"Au\u00dfenansicht: Nobis Printen - B\u00e4ckerei, Schlossparkstr 2, Aachen Laurensberg.\" srcset=\"https:\/\/nobis-printen.de\/wp-content\/uploads\/2025\/08\/nobis-printen-baeckerei-schlossparkstr-2-aachen-2025-01-200x119.jpg 200w, https:\/\/nobis-printen.de\/wp-content\/uploads\/2025\/08\/nobis-printen-baeckerei-schlossparkstr-2-aachen-2025-01-400x238.jpg 400w, https:\/\/nobis-printen.de\/wp-content\/uploads\/2025\/08\/nobis-printen-baeckerei-schlossparkstr-2-aachen-2025-01-600x357.jpg 600w, https:\/\/nobis-printen.de\/wp-content\/uploads\/2025\/08\/nobis-printen-baeckerei-schlossparkstr-2-aachen-2025-01-800x476.jpg 800w, https:\/\/nobis-printen.de\/wp-content\/uploads\/2025\/08\/nobis-printen-baeckerei-schlossparkstr-2-aachen-2025-01.jpg 852w\" sizes=\"(min-width: 2200px) 100vw, (min-width: 784px) 395px, (min-width: 712px) 592px, (min-width: 640px) 712px, \" \/><div class=\"fusion-rollover\">\n\t<div class=\"fusion-rollover-content\">\n\n\t\t\t\t\t\t\t\t\t\t\t\t\t\t<a class=\"fusion-rollover-link\" href=\"https:\/\/nobis-printen.de\/fr\/boulangerie\/rue-du-parc-du-chateau-2aix-la-chapelle\/?portfolioCats=152%2C190%2C185%2C188%2C194%2C192%2C208%2C182%2C204%2C202%2C163%2C166\">Rue du parc du ch\u00e2teau 2,Aix-la-Chapelle<\/a>\n\t\t\t\n\t\t\t\t\t\t\t\t\n\t\t\n\t\t\t\t\t\t\t\t\t\t\t\t<h4 class=\"fusion-rollover-title\">\n\t\t\t\t\t<a class=\"fusion-rollover-title-link\" href=\"https:\/\/nobis-printen.de\/fr\/boulangerie\/rue-du-parc-du-chateau-2aix-la-chapelle\/?portfolioCats=152%2C190%2C185%2C188%2C194%2C192%2C208%2C182%2C204%2C202%2C163%2C166\">\n\t\t\t\t\t\tRue du parc du ch\u00e2teau 2,<br>Aix-la-Chapelle\t\t\t\t\t<\/a>\n\t\t\t\t<\/h4>\n\t\t\t\n\t\t\t\t\t\t\t\t\n\t\t\n\t\t\t\t\t\t<a class=\"fusion-link-wrapper\" href=\"https:\/\/nobis-printen.de\/fr\/boulangerie\/rue-du-parc-du-chateau-2aix-la-chapelle\/?portfolioCats=152%2C190%2C185%2C188%2C194%2C192%2C208%2C182%2C204%2C202%2C163%2C166\" aria-label=\"Rue du parc du ch\u00e2teau 2,&lt;br&gt;Aix-la-Chapelle\"><\/a>\n\t<\/div>\n<\/div>\n<\/div>\n<div class=\"fusion-portfolio-content\" style=\"background-color:rgba(255,255,255,1);\"><h2 class=\"entry-title fusion-post-title\"><a href=\"https:\/\/nobis-printen.de\/fr\/boulangerie\/rue-du-parc-du-chateau-2aix-la-chapelle\/?portfolioCats=152%2C190%2C185%2C188%2C194%2C192%2C208%2C182%2C204%2C202%2C163%2C166\">Rue du parc du ch\u00e2teau 2,<br>Aix-la-Chapelle<\/a><\/h2><div class=\"fusion-content-sep sep-none\" style=\"border-color:#e0dede;\"><\/div><div class=\"fusion-post-content\"><p><a href=\"https:\/\/nobis-printen.de\/baekerei_besonderheit\/barrierefrei\/\"><img decoding=\"async\" src=\"https:\/\/nobis-printen.de\/wp-content\/uploads\/2020\/11\/nobis-printen_icon-filale_barrierefrei_01.jpg\" alt=\"Symbole Accessible en fauteuil roulant\" title=\"Accessible en fauteuil roulant\"><\/a><a href=\"https:\/\/nobis-printen.de\/baekerei_besonderheit\/cafe\/\"><img decoding=\"async\" src=\"https:\/\/nobis-printen.de\/wp-content\/uploads\/2020\/11\/nobis-printen_icon-filale_cafe_01.jpg\" alt=\"Symbole Caf\u00e9\" title=\"Caf\u00e9\"><\/a><a href=\"https:\/\/nobis-printen.de\/baekerei_besonderheit\/sonntags-geoeffnet\/\"><img decoding=\"async\" src=\"https:\/\/nobis-printen.de\/wp-content\/uploads\/2020\/11\/nobis-printen_icon-filale_sonntags-geoeffnet_01.jpg\" alt=\"Symbole ouvert le dimanche\" title=\"Ouvert le dimanche\"><\/a>\n<\/p><table class=\"time-table\"> \n<tr><td colspan=\"2\"><strong>Horaires d'ouverture :<\/strong><\/td><\/tr> \n<tr> \n    <td>Lu - Ve<\/td> \n    <td>7:00 - 21:00 heures<\/td> \n<\/tr> \n<tr> \n    <td>Sa<\/td>  \n    <td>7:00 - 21:00 heures<\/td> \n<\/tr> \n<tr> \n    <td>Ainsi<\/td>  \n    <td>8:00 - 11:30 heures<\/td>  \n<\/tr> \n<\/table><\/div><\/div><\/div><\/article><article id=\"portfolio-1-post-14197\" class=\"fusion-portfolio-post aix-la-chapelle boulangerie centre-ville fusion-col-spacing post-14197\"><div class=\"fusion-portfolio-content-wrapper\" style=\"border:none;background-color:rgba(255,255,255,1);\"><span class=\"vcard rich-snippet-hidden\"><span class=\"fn\"><a href=\"https:\/\/nobis-printen.de\/fr\/author\/adminmcmnobis\/\" title=\"Articles par Marcus\" rel=\"author\">Marcus<\/a><\/span><\/span><span class=\"updated rich-snippet-hidden\">2023-04-03T12:43:57+02:00<\/span><div  class=\"fusion-image-wrapper\" aria-haspopup=\"true\">\n\t\t\t\t<img decoding=\"async\" width=\"852\" height=\"507\" src=\"https:\/\/nobis-printen.de\/wp-content\/uploads\/2020\/11\/nobis-printen-baeckerei_kraemerstr_6_2022_Preview_01.jpg\" class=\"attachment-full size-full wp-post-image\" alt=\"Nobis Printen Aachen, Bild Filiale B\u00e4ckerei Kraemerstr 6.\" srcset=\"https:\/\/nobis-printen.de\/wp-content\/uploads\/2020\/11\/nobis-printen-baeckerei_kraemerstr_6_2022_Preview_01-200x119.jpg 200w, https:\/\/nobis-printen.de\/wp-content\/uploads\/2020\/11\/nobis-printen-baeckerei_kraemerstr_6_2022_Preview_01-400x238.jpg 400w, https:\/\/nobis-printen.de\/wp-content\/uploads\/2020\/11\/nobis-printen-baeckerei_kraemerstr_6_2022_Preview_01-600x357.jpg 600w, https:\/\/nobis-printen.de\/wp-content\/uploads\/2020\/11\/nobis-printen-baeckerei_kraemerstr_6_2022_Preview_01-800x476.jpg 800w, https:\/\/nobis-printen.de\/wp-content\/uploads\/2020\/11\/nobis-printen-baeckerei_kraemerstr_6_2022_Preview_01.jpg 852w\" sizes=\"(min-width: 2200px) 100vw, (min-width: 784px) 395px, (min-width: 712px) 592px, (min-width: 640px) 712px, \" \/><div class=\"fusion-rollover\">\n\t<div class=\"fusion-rollover-content\">\n\n\t\t\t\t\t\t\t\t\t\t\t\t\t\t<a class=\"fusion-rollover-link\" href=\"https:\/\/nobis-printen.de\/fr\/boulangerie\/rue-kraemer-6aix-la-chapelle\/?portfolioCats=152%2C190%2C185%2C188%2C194%2C192%2C208%2C182%2C204%2C202%2C163%2C166\">Rue Kr\u00e4mer 6,Aix-la-Chapelle<\/a>\n\t\t\t\n\t\t\t\t\t\t\t\t\n\t\t\n\t\t\t\t\t\t\t\t\t\t\t\t<h4 class=\"fusion-rollover-title\">\n\t\t\t\t\t<a class=\"fusion-rollover-title-link\" href=\"https:\/\/nobis-printen.de\/fr\/boulangerie\/rue-kraemer-6aix-la-chapelle\/?portfolioCats=152%2C190%2C185%2C188%2C194%2C192%2C208%2C182%2C204%2C202%2C163%2C166\">\n\t\t\t\t\t\tRue Kr\u00e4mer 6,<br>Aix-la-Chapelle\t\t\t\t\t<\/a>\n\t\t\t\t<\/h4>\n\t\t\t\n\t\t\t\t\t\t\t\t\n\t\t\n\t\t\t\t\t\t<a class=\"fusion-link-wrapper\" href=\"https:\/\/nobis-printen.de\/fr\/boulangerie\/rue-kraemer-6aix-la-chapelle\/?portfolioCats=152%2C190%2C185%2C188%2C194%2C192%2C208%2C182%2C204%2C202%2C163%2C166\" aria-label=\"Rue Kr\u00e4mer 6,&lt;br&gt;Aix-la-Chapelle\"><\/a>\n\t<\/div>\n<\/div>\n<\/div>\n<div class=\"fusion-portfolio-content\" style=\"background-color:rgba(255,255,255,1);\"><h2 class=\"entry-title fusion-post-title\"><a href=\"https:\/\/nobis-printen.de\/fr\/boulangerie\/rue-kraemer-6aix-la-chapelle\/?portfolioCats=152%2C190%2C185%2C188%2C194%2C192%2C208%2C182%2C204%2C202%2C163%2C166\">Rue Kr\u00e4mer 6,<br>Aix-la-Chapelle<\/a><\/h2><div class=\"fusion-content-sep sep-none\" style=\"border-color:#e0dede;\"><\/div><div class=\"fusion-post-content\"><p><\/p><table class=\"time-table\"> \n<tr><td colspan=\"2\"><strong>Horaires d'ouverture :<\/strong><\/td><\/tr> \n<tr> \n    <td>Lu - Ve<\/td> \n    <td>10h30 - 18h30<\/td> \n<\/tr> \n<tr> \n    <td>Sa<\/td>  \n    <td>10h30 - 18h30<\/td> \n<\/tr> \n<tr> \n    <td>Ainsi<\/td>  \n    <td>12 h 00 - 17 h 00<\/td>  \n<\/tr> \n<\/table><\/div><\/div><\/div><\/article><article id=\"portfolio-1-post-14582\" class=\"fusion-portfolio-post aix-la-chapelle boulangerie walheim-fr fusion-col-spacing post-14582\"><div class=\"fusion-portfolio-content-wrapper\" style=\"border:none;background-color:rgba(255,255,255,1);\"><span class=\"vcard rich-snippet-hidden\"><span class=\"fn\"><a href=\"https:\/\/nobis-printen.de\/fr\/author\/adminmcmnobis\/\" title=\"Articles par Marcus\" rel=\"author\">Marcus<\/a><\/span><\/span><span class=\"updated rich-snippet-hidden\">2023-04-05T10:21:25+02:00<\/span><div  class=\"fusion-image-wrapper\" aria-haspopup=\"true\">\n\t\t\t\t<img decoding=\"async\" width=\"852\" height=\"507\" src=\"https:\/\/nobis-printen.de\/wp-content\/uploads\/2023\/01\/nobis-printen-baeckerei_wahlheim_2022_Preview_01.jpg\" class=\"attachment-full size-full wp-post-image\" alt=\"Nobis Printen B\u00e4ckerei Wahlheim 2022 Preview 01\" srcset=\"https:\/\/nobis-printen.de\/wp-content\/uploads\/2023\/01\/nobis-printen-baeckerei_wahlheim_2022_Preview_01-200x119.jpg 200w, https:\/\/nobis-printen.de\/wp-content\/uploads\/2023\/01\/nobis-printen-baeckerei_wahlheim_2022_Preview_01-400x238.jpg 400w, https:\/\/nobis-printen.de\/wp-content\/uploads\/2023\/01\/nobis-printen-baeckerei_wahlheim_2022_Preview_01-600x357.jpg 600w, https:\/\/nobis-printen.de\/wp-content\/uploads\/2023\/01\/nobis-printen-baeckerei_wahlheim_2022_Preview_01-800x476.jpg 800w, https:\/\/nobis-printen.de\/wp-content\/uploads\/2023\/01\/nobis-printen-baeckerei_wahlheim_2022_Preview_01.jpg 852w\" sizes=\"(min-width: 2200px) 100vw, (min-width: 784px) 395px, (min-width: 712px) 592px, (min-width: 640px) 712px, \" \/><div class=\"fusion-rollover\">\n\t<div class=\"fusion-rollover-content\">\n\n\t\t\t\t\t\t\t\t\t\t\t\t\t\t<a class=\"fusion-rollover-link\" href=\"https:\/\/nobis-printen.de\/fr\/boulangerie\/schleidener-strasse-159aix-la-chapelle\/?portfolioCats=152%2C190%2C185%2C188%2C194%2C192%2C208%2C182%2C204%2C202%2C163%2C166\">Schleidener Stra\u00dfe 159,Aix-la-Chapelle<\/a>\n\t\t\t\n\t\t\t\t\t\t\t\t\n\t\t\n\t\t\t\t\t\t\t\t\t\t\t\t<h4 class=\"fusion-rollover-title\">\n\t\t\t\t\t<a class=\"fusion-rollover-title-link\" href=\"https:\/\/nobis-printen.de\/fr\/boulangerie\/schleidener-strasse-159aix-la-chapelle\/?portfolioCats=152%2C190%2C185%2C188%2C194%2C192%2C208%2C182%2C204%2C202%2C163%2C166\">\n\t\t\t\t\t\tSchleidener Stra\u00dfe 159,<br>Aix-la-Chapelle\t\t\t\t\t<\/a>\n\t\t\t\t<\/h4>\n\t\t\t\n\t\t\t\t\t\t\t\t\n\t\t\n\t\t\t\t\t\t<a class=\"fusion-link-wrapper\" href=\"https:\/\/nobis-printen.de\/fr\/boulangerie\/schleidener-strasse-159aix-la-chapelle\/?portfolioCats=152%2C190%2C185%2C188%2C194%2C192%2C208%2C182%2C204%2C202%2C163%2C166\" aria-label=\"Schleidener Stra\u00dfe 159,&lt;br&gt;Aix-la-Chapelle\"><\/a>\n\t<\/div>\n<\/div>\n<\/div>\n<div class=\"fusion-portfolio-content\" style=\"background-color:rgba(255,255,255,1);\"><h2 class=\"entry-title fusion-post-title\"><a href=\"https:\/\/nobis-printen.de\/fr\/boulangerie\/schleidener-strasse-159aix-la-chapelle\/?portfolioCats=152%2C190%2C185%2C188%2C194%2C192%2C208%2C182%2C204%2C202%2C163%2C166\">Schleidener Stra\u00dfe 159,<br>Aix-la-Chapelle<\/a><\/h2><div class=\"fusion-content-sep sep-none\" style=\"border-color:#e0dede;\"><\/div><div class=\"fusion-post-content\"><p><a href=\"https:\/\/nobis-printen.de\/baekerei_besonderheit\/sonntags-geoeffnet\/\"><img decoding=\"async\" src=\"https:\/\/nobis-printen.de\/wp-content\/uploads\/2020\/11\/nobis-printen_icon-filale_sonntags-geoeffnet_01.jpg\" alt=\"Symbole ouvert le dimanche\" title=\"Ouvert le dimanche\"><\/a>\n<\/p><table class=\"time-table\"> \n<tr><td colspan=\"2\"><strong>Horaires d'ouverture :<\/strong><\/td><\/tr> \n<tr> \n    <td>Lu - Ve<\/td> \n    <td>7:00 - 20:00 heures<\/td> \n<\/tr> \n<tr> \n    <td>Sa<\/td>  \n    <td>7:00 - 20:00 heures<\/td> \n<\/tr> \n<tr> \n    <td>Ainsi<\/td>  \n    <td>7h30 - 11h00<\/td>  \n<\/tr> \n<\/table><\/div><\/div><\/div><\/article><article id=\"portfolio-1-post-14594\" class=\"fusion-portfolio-post boulangerie langerwehe-fr fusion-col-spacing post-14594\"><div class=\"fusion-portfolio-content-wrapper\" style=\"border:none;background-color:rgba(255,255,255,1);\"><span class=\"vcard rich-snippet-hidden\"><span class=\"fn\"><a href=\"https:\/\/nobis-printen.de\/fr\/author\/adminmcmnobis\/\" title=\"Articles par Marcus\" rel=\"author\">Marcus<\/a><\/span><\/span><span class=\"updated rich-snippet-hidden\">2023-04-05T10:24:22+02:00<\/span><div  class=\"fusion-image-wrapper\" aria-haspopup=\"true\">\n\t\t\t\t<img decoding=\"async\" width=\"852\" height=\"507\" src=\"https:\/\/nobis-printen.de\/wp-content\/uploads\/2023\/01\/langerwehe_2023.jpg\" class=\"attachment-full size-full wp-post-image\" alt=\"Nobis Printen B\u00e4ckerei, Langerwehe.\" srcset=\"https:\/\/nobis-printen.de\/wp-content\/uploads\/2023\/01\/langerwehe_2023-200x119.jpg 200w, https:\/\/nobis-printen.de\/wp-content\/uploads\/2023\/01\/langerwehe_2023-400x238.jpg 400w, https:\/\/nobis-printen.de\/wp-content\/uploads\/2023\/01\/langerwehe_2023-600x357.jpg 600w, https:\/\/nobis-printen.de\/wp-content\/uploads\/2023\/01\/langerwehe_2023-800x476.jpg 800w, https:\/\/nobis-printen.de\/wp-content\/uploads\/2023\/01\/langerwehe_2023.jpg 852w\" sizes=\"(min-width: 2200px) 100vw, (min-width: 784px) 395px, (min-width: 712px) 592px, (min-width: 640px) 712px, \" \/><div class=\"fusion-rollover\">\n\t<div class=\"fusion-rollover-content\">\n\n\t\t\t\t\t\t\t\t\t\t\t\t\t\t<a class=\"fusion-rollover-link\" href=\"https:\/\/nobis-printen.de\/fr\/boulangerie\/sur-la-petite-pierre-avant-2langerwehe\/?portfolioCats=152%2C190%2C185%2C188%2C194%2C192%2C208%2C182%2C204%2C202%2C163%2C166\">Sur la petite pierre avant 2,Langerwehe<\/a>\n\t\t\t\n\t\t\t\t\t\t\t\t\n\t\t\n\t\t\t\t\t\t\t\t\t\t\t\t<h4 class=\"fusion-rollover-title\">\n\t\t\t\t\t<a class=\"fusion-rollover-title-link\" href=\"https:\/\/nobis-printen.de\/fr\/boulangerie\/sur-la-petite-pierre-avant-2langerwehe\/?portfolioCats=152%2C190%2C185%2C188%2C194%2C192%2C208%2C182%2C204%2C202%2C163%2C166\">\n\t\t\t\t\t\tSur la petite pierre avant 2,<br>Langerwehe\t\t\t\t\t<\/a>\n\t\t\t\t<\/h4>\n\t\t\t\n\t\t\t\t\t\t\t\t\n\t\t\n\t\t\t\t\t\t<a class=\"fusion-link-wrapper\" href=\"https:\/\/nobis-printen.de\/fr\/boulangerie\/sur-la-petite-pierre-avant-2langerwehe\/?portfolioCats=152%2C190%2C185%2C188%2C194%2C192%2C208%2C182%2C204%2C202%2C163%2C166\" aria-label=\"Sur la petite pierre avant 2,&lt;br&gt;Langerwehe\"><\/a>\n\t<\/div>\n<\/div>\n<\/div>\n<div class=\"fusion-portfolio-content\" style=\"background-color:rgba(255,255,255,1);\"><h2 class=\"entry-title fusion-post-title\"><a href=\"https:\/\/nobis-printen.de\/fr\/boulangerie\/sur-la-petite-pierre-avant-2langerwehe\/?portfolioCats=152%2C190%2C185%2C188%2C194%2C192%2C208%2C182%2C204%2C202%2C163%2C166\">Sur la petite pierre avant 2,<br>Langerwehe<\/a><\/h2><div class=\"fusion-content-sep sep-none\" style=\"border-color:#e0dede;\"><\/div><div class=\"fusion-post-content\"><p><a href=\"https:\/\/nobis-printen.de\/baekerei_besonderheit\/barrierefrei\/\"><img decoding=\"async\" src=\"https:\/\/nobis-printen.de\/wp-content\/uploads\/2020\/11\/nobis-printen_icon-filale_barrierefrei_01.jpg\" alt=\"Symbole Accessible en fauteuil roulant\" title=\"Accessible en fauteuil roulant\"><\/a><a href=\"https:\/\/nobis-printen.de\/baekerei_besonderheit\/cafe\/\"><img decoding=\"async\" src=\"https:\/\/nobis-printen.de\/wp-content\/uploads\/2020\/11\/nobis-printen_icon-filale_cafe_01.jpg\" alt=\"Symbole Caf\u00e9\" title=\"Caf\u00e9\"><\/a><a href=\"https:\/\/nobis-printen.de\/baekerei_besonderheit\/sonntags-geoeffnet\/\"><img decoding=\"async\" src=\"https:\/\/nobis-printen.de\/wp-content\/uploads\/2020\/11\/nobis-printen_icon-filale_sonntags-geoeffnet_01.jpg\" alt=\"Symbole ouvert le dimanche\" title=\"Ouvert le dimanche\"><\/a>\n<\/p><table class=\"time-table\"> \n<tr><td colspan=\"2\"><strong>Horaires d'ouverture :<\/strong><\/td><\/tr> \n<tr> \n    <td>Lu - Ve<\/td> \n    <td>7:00 - 20:00 heures<\/td> \n<\/tr> \n<tr> \n    <td>Sa<\/td>  \n    <td>7:00 - 20:00 heures<\/td> \n<\/tr> \n<tr> \n    <td>Ainsi<\/td>  \n    <td>7h30 - 11h30<\/td>  \n<\/tr> \n<\/table><\/div><\/div><\/div><\/article><article id=\"portfolio-1-post-14324\" class=\"fusion-portfolio-post boulangerie eschweiler-fr fusion-col-spacing post-14324\"><div class=\"fusion-portfolio-content-wrapper\" style=\"border:none;background-color:rgba(255,255,255,1);\"><span class=\"vcard rich-snippet-hidden\"><span class=\"fn\"><a href=\"https:\/\/nobis-printen.de\/fr\/author\/adminmcmnobis\/\" title=\"Articles par Marcus\" rel=\"author\">Marcus<\/a><\/span><\/span><span class=\"updated rich-snippet-hidden\">2023-04-05T08:44:31+02:00<\/span><div  class=\"fusion-image-wrapper\" aria-haspopup=\"true\">\n\t\t\t\t<img decoding=\"async\" width=\"852\" height=\"507\" src=\"https:\/\/nobis-printen.de\/wp-content\/uploads\/2020\/11\/Am-Fliess-6_2022_Preview_01.jpg\" class=\"attachment-full size-full wp-post-image\" alt=\"\" srcset=\"https:\/\/nobis-printen.de\/wp-content\/uploads\/2020\/11\/Am-Fliess-6_2022_Preview_01-200x119.jpg 200w, https:\/\/nobis-printen.de\/wp-content\/uploads\/2020\/11\/Am-Fliess-6_2022_Preview_01-400x238.jpg 400w, https:\/\/nobis-printen.de\/wp-content\/uploads\/2020\/11\/Am-Fliess-6_2022_Preview_01-600x357.jpg 600w, https:\/\/nobis-printen.de\/wp-content\/uploads\/2020\/11\/Am-Fliess-6_2022_Preview_01-800x476.jpg 800w, https:\/\/nobis-printen.de\/wp-content\/uploads\/2020\/11\/Am-Fliess-6_2022_Preview_01.jpg 852w\" sizes=\"(min-width: 2200px) 100vw, (min-width: 784px) 395px, (min-width: 712px) 592px, (min-width: 640px) 712px, \" \/><div class=\"fusion-rollover\">\n\t<div class=\"fusion-rollover-content\">\n\n\t\t\t\t\t\t\t\t\t\t\t\t\t\t<a class=\"fusion-rollover-link\" href=\"https:\/\/nobis-printen.de\/fr\/boulangerie\/sur-la-riviere-6eschweiler\/?portfolioCats=152%2C190%2C185%2C188%2C194%2C192%2C208%2C182%2C204%2C202%2C163%2C166\">Sur la rivi\u00e8re 6,Eschweiler<\/a>\n\t\t\t\n\t\t\t\t\t\t\t\t\n\t\t\n\t\t\t\t\t\t\t\t\t\t\t\t<h4 class=\"fusion-rollover-title\">\n\t\t\t\t\t<a class=\"fusion-rollover-title-link\" href=\"https:\/\/nobis-printen.de\/fr\/boulangerie\/sur-la-riviere-6eschweiler\/?portfolioCats=152%2C190%2C185%2C188%2C194%2C192%2C208%2C182%2C204%2C202%2C163%2C166\">\n\t\t\t\t\t\tSur la rivi\u00e8re 6,<br>Eschweiler\t\t\t\t\t<\/a>\n\t\t\t\t<\/h4>\n\t\t\t\n\t\t\t\t\t\t\t\t\n\t\t\n\t\t\t\t\t\t<a class=\"fusion-link-wrapper\" href=\"https:\/\/nobis-printen.de\/fr\/boulangerie\/sur-la-riviere-6eschweiler\/?portfolioCats=152%2C190%2C185%2C188%2C194%2C192%2C208%2C182%2C204%2C202%2C163%2C166\" aria-label=\"Sur la rivi\u00e8re 6,&lt;br&gt;Eschweiler\"><\/a>\n\t<\/div>\n<\/div>\n<\/div>\n<div class=\"fusion-portfolio-content\" style=\"background-color:rgba(255,255,255,1);\"><h2 class=\"entry-title fusion-post-title\"><a href=\"https:\/\/nobis-printen.de\/fr\/boulangerie\/sur-la-riviere-6eschweiler\/?portfolioCats=152%2C190%2C185%2C188%2C194%2C192%2C208%2C182%2C204%2C202%2C163%2C166\">Sur la rivi\u00e8re 6,<br>Eschweiler<\/a><\/h2><div class=\"fusion-content-sep sep-none\" style=\"border-color:#e0dede;\"><\/div><div class=\"fusion-post-content\"><p><a href=\"https:\/\/nobis-printen.de\/baekerei_besonderheit\/barrierefrei\/\"><img decoding=\"async\" src=\"https:\/\/nobis-printen.de\/wp-content\/uploads\/2020\/11\/nobis-printen_icon-filale_barrierefrei_01.jpg\" alt=\"Symbole Accessible en fauteuil roulant\" title=\"Accessible en fauteuil roulant\"><\/a><a href=\"https:\/\/nobis-printen.de\/baekerei_besonderheit\/cafe\/\"><img decoding=\"async\" src=\"https:\/\/nobis-printen.de\/wp-content\/uploads\/2020\/11\/nobis-printen_icon-filale_cafe_01.jpg\" alt=\"Symbole Caf\u00e9\" title=\"Caf\u00e9\"><\/a><a href=\"https:\/\/nobis-printen.de\/baekerei_besonderheit\/sonntags-geoeffnet\/\"><img decoding=\"async\" src=\"https:\/\/nobis-printen.de\/wp-content\/uploads\/2020\/11\/nobis-printen_icon-filale_sonntags-geoeffnet_01.jpg\" alt=\"Symbole ouvert le dimanche\" title=\"Ouvert le dimanche\"><\/a>\n<\/p><table class=\"time-table\"> \n<tr><td colspan=\"2\"><strong>Horaires d'ouverture :<\/strong><\/td><\/tr> \n<tr> \n    <td>Lu - Ve<\/td> \n    <td>7:00 - 20:00 heures<\/td> \n<\/tr> \n<tr> \n    <td>Sa<\/td>  \n    <td>7:00 - 20:00 heures<\/td> \n<\/tr> \n<tr> \n    <td>Ainsi<\/td>  \n    <td>7h30 - 11h00<\/td>  \n<\/tr> \n<\/table><\/div><\/div><\/div><\/article><article id=\"portfolio-1-post-14161\" class=\"fusion-portfolio-post aix-la-chapelle boulangerie centre-ville fusion-col-spacing post-14161\"><div class=\"fusion-portfolio-content-wrapper\" style=\"border:none;background-color:rgba(255,255,255,1);\"><span class=\"vcard rich-snippet-hidden\"><span class=\"fn\"><a href=\"https:\/\/nobis-printen.de\/fr\/author\/adminmcmnobis\/\" title=\"Articles par Marcus\" rel=\"author\">Marcus<\/a><\/span><\/span><span class=\"updated rich-snippet-hidden\">2023-04-03T12:20:21+02:00<\/span><div  class=\"fusion-image-wrapper\" aria-haspopup=\"true\">\n\t\t\t\t<img decoding=\"async\" width=\"852\" height=\"507\" src=\"https:\/\/nobis-printen.de\/wp-content\/uploads\/2020\/11\/nobis-printen-baeckerei_theaterstr_68_2022_Preview_01.jpg\" class=\"attachment-full size-full wp-post-image\" alt=\"Nobis Printen B\u00e4ckerei Theaterstr 68, Aachen.\" srcset=\"https:\/\/nobis-printen.de\/wp-content\/uploads\/2020\/11\/nobis-printen-baeckerei_theaterstr_68_2022_Preview_01-200x119.jpg 200w, https:\/\/nobis-printen.de\/wp-content\/uploads\/2020\/11\/nobis-printen-baeckerei_theaterstr_68_2022_Preview_01-400x238.jpg 400w, https:\/\/nobis-printen.de\/wp-content\/uploads\/2020\/11\/nobis-printen-baeckerei_theaterstr_68_2022_Preview_01-600x357.jpg 600w, https:\/\/nobis-printen.de\/wp-content\/uploads\/2020\/11\/nobis-printen-baeckerei_theaterstr_68_2022_Preview_01-800x476.jpg 800w, https:\/\/nobis-printen.de\/wp-content\/uploads\/2020\/11\/nobis-printen-baeckerei_theaterstr_68_2022_Preview_01.jpg 852w\" sizes=\"(min-width: 2200px) 100vw, (min-width: 784px) 395px, (min-width: 712px) 592px, (min-width: 640px) 712px, \" \/><div class=\"fusion-rollover\">\n\t<div class=\"fusion-rollover-content\">\n\n\t\t\t\t\t\t\t\t\t\t\t\t\t\t<a class=\"fusion-rollover-link\" href=\"https:\/\/nobis-printen.de\/fr\/boulangerie\/theaterstr-68aix-la-chapelle\/?portfolioCats=152%2C190%2C185%2C188%2C194%2C192%2C208%2C182%2C204%2C202%2C163%2C166\">Theaterstr. 68,Aix-la-Chapelle<\/a>\n\t\t\t\n\t\t\t\t\t\t\t\t\n\t\t\n\t\t\t\t\t\t\t\t\t\t\t\t<h4 class=\"fusion-rollover-title\">\n\t\t\t\t\t<a class=\"fusion-rollover-title-link\" href=\"https:\/\/nobis-printen.de\/fr\/boulangerie\/theaterstr-68aix-la-chapelle\/?portfolioCats=152%2C190%2C185%2C188%2C194%2C192%2C208%2C182%2C204%2C202%2C163%2C166\">\n\t\t\t\t\t\tTheaterstr. 68,<br>Aix-la-Chapelle\t\t\t\t\t<\/a>\n\t\t\t\t<\/h4>\n\t\t\t\n\t\t\t\t\t\t\t\t\n\t\t\n\t\t\t\t\t\t<a class=\"fusion-link-wrapper\" href=\"https:\/\/nobis-printen.de\/fr\/boulangerie\/theaterstr-68aix-la-chapelle\/?portfolioCats=152%2C190%2C185%2C188%2C194%2C192%2C208%2C182%2C204%2C202%2C163%2C166\" aria-label=\"Theaterstr. 68,&lt;br&gt;Aix-la-Chapelle\"><\/a>\n\t<\/div>\n<\/div>\n<\/div>\n<div class=\"fusion-portfolio-content\" style=\"background-color:rgba(255,255,255,1);\"><h2 class=\"entry-title fusion-post-title\"><a href=\"https:\/\/nobis-printen.de\/fr\/boulangerie\/theaterstr-68aix-la-chapelle\/?portfolioCats=152%2C190%2C185%2C188%2C194%2C192%2C208%2C182%2C204%2C202%2C163%2C166\">Theaterstr. 68,<br>Aix-la-Chapelle<\/a><\/h2><div class=\"fusion-content-sep sep-none\" style=\"border-color:#e0dede;\"><\/div><div class=\"fusion-post-content\"><p><a href=\"https:\/\/nobis-printen.de\/baekerei_besonderheit\/cafe\/\"><img decoding=\"async\" src=\"https:\/\/nobis-printen.de\/wp-content\/uploads\/2020\/11\/nobis-printen_icon-filale_cafe_01.jpg\" alt=\"Symbole Caf\u00e9\" title=\"Caf\u00e9\"><\/a>\n<\/p><table class=\"time-table\"> \n<tr><td colspan=\"2\"><strong>Horaires d'ouverture :<\/strong><\/td><\/tr> \n<tr> \n    <td>Lu - Ve<\/td> \n    <td>6:00 - 18:00 heures<\/td> \n<\/tr> \n<tr> \n    <td>Sa<\/td>  \n    <td>6h00 - 14h00<\/td> \n<\/tr> \n<tr> \n    <td>Ainsi<\/td>  \n    <td>ferm\u00e9<\/td>  \n<\/tr> \n<\/table><\/div><\/div><\/div><\/article><article id=\"portfolio-1-post-14129\" class=\"fusion-portfolio-post aix-la-chapelle boulangerie marque fusion-col-spacing post-14129\"><div class=\"fusion-portfolio-content-wrapper\" style=\"border:none;background-color:rgba(255,255,255,1);\"><span class=\"vcard rich-snippet-hidden\"><span class=\"fn\"><a href=\"https:\/\/nobis-printen.de\/fr\/author\/adminmcmnobis\/\" title=\"Articles par Marcus\" rel=\"author\">Marcus<\/a><\/span><\/span><span class=\"updated rich-snippet-hidden\">2023-04-03T11:52:18+02:00<\/span><div  class=\"fusion-image-wrapper\" aria-haspopup=\"true\">\n\t\t\t\t<img decoding=\"async\" width=\"852\" height=\"507\" src=\"https:\/\/nobis-printen.de\/wp-content\/uploads\/2023\/01\/vennbahncenter-nobis-printen-aachen-innenaufnahme.jpg\" class=\"attachment-full size-full wp-post-image\" alt=\"Vennbahncenter Nobis Printen B\u00e4ckerei Aachen Innenaufnahme.\" srcset=\"https:\/\/nobis-printen.de\/wp-content\/uploads\/2023\/01\/vennbahncenter-nobis-printen-aachen-innenaufnahme-200x119.jpg 200w, https:\/\/nobis-printen.de\/wp-content\/uploads\/2023\/01\/vennbahncenter-nobis-printen-aachen-innenaufnahme-400x238.jpg 400w, https:\/\/nobis-printen.de\/wp-content\/uploads\/2023\/01\/vennbahncenter-nobis-printen-aachen-innenaufnahme-600x357.jpg 600w, https:\/\/nobis-printen.de\/wp-content\/uploads\/2023\/01\/vennbahncenter-nobis-printen-aachen-innenaufnahme-800x476.jpg 800w, https:\/\/nobis-printen.de\/wp-content\/uploads\/2023\/01\/vennbahncenter-nobis-printen-aachen-innenaufnahme.jpg 852w\" sizes=\"(min-width: 2200px) 100vw, (min-width: 784px) 395px, (min-width: 712px) 592px, (min-width: 640px) 712px, \" \/><div class=\"fusion-rollover\">\n\t<div class=\"fusion-rollover-content\">\n\n\t\t\t\t\t\t\t\t\t\t\t\t\t\t<a class=\"fusion-rollover-link\" href=\"https:\/\/nobis-printen.de\/fr\/boulangerie\/trierer-str-686-vennbahncenteraix-la-chapelle\/?portfolioCats=152%2C190%2C185%2C188%2C194%2C192%2C208%2C182%2C204%2C202%2C163%2C166\">Trierer Str. 686, Vennbahncenter,Aix-la-Chapelle<\/a>\n\t\t\t\n\t\t\t\t\t\t\t\t\n\t\t\n\t\t\t\t\t\t\t\t\t\t\t\t<h4 class=\"fusion-rollover-title\">\n\t\t\t\t\t<a class=\"fusion-rollover-title-link\" href=\"https:\/\/nobis-printen.de\/fr\/boulangerie\/trierer-str-686-vennbahncenteraix-la-chapelle\/?portfolioCats=152%2C190%2C185%2C188%2C194%2C192%2C208%2C182%2C204%2C202%2C163%2C166\">\n\t\t\t\t\t\tTrierer Str. 686, Vennbahncenter,<br>Aix-la-Chapelle\t\t\t\t\t<\/a>\n\t\t\t\t<\/h4>\n\t\t\t\n\t\t\t\t\t\t\t\t\n\t\t\n\t\t\t\t\t\t<a class=\"fusion-link-wrapper\" href=\"https:\/\/nobis-printen.de\/fr\/boulangerie\/trierer-str-686-vennbahncenteraix-la-chapelle\/?portfolioCats=152%2C190%2C185%2C188%2C194%2C192%2C208%2C182%2C204%2C202%2C163%2C166\" aria-label=\"Trierer Str. 686, Vennbahncenter,&lt;br&gt;Aix-la-Chapelle\"><\/a>\n\t<\/div>\n<\/div>\n<\/div>\n<div class=\"fusion-portfolio-content\" style=\"background-color:rgba(255,255,255,1);\"><h2 class=\"entry-title fusion-post-title\"><a href=\"https:\/\/nobis-printen.de\/fr\/boulangerie\/trierer-str-686-vennbahncenteraix-la-chapelle\/?portfolioCats=152%2C190%2C185%2C188%2C194%2C192%2C208%2C182%2C204%2C202%2C163%2C166\">Trierer Str. 686, Vennbahncenter,<br>Aix-la-Chapelle<\/a><\/h2><div class=\"fusion-content-sep sep-none\" style=\"border-color:#e0dede;\"><\/div><div class=\"fusion-post-content\"><p><a href=\"https:\/\/nobis-printen.de\/baekerei_besonderheit\/barrierefrei\/\"><img decoding=\"async\" src=\"https:\/\/nobis-printen.de\/wp-content\/uploads\/2020\/11\/nobis-printen_icon-filale_barrierefrei_01.jpg\" alt=\"Symbole Accessible en fauteuil roulant\" title=\"Accessible en fauteuil roulant\"><\/a><a href=\"https:\/\/nobis-printen.de\/baekerei_besonderheit\/cafe\/\"><img decoding=\"async\" src=\"https:\/\/nobis-printen.de\/wp-content\/uploads\/2020\/11\/nobis-printen_icon-filale_cafe_01.jpg\" alt=\"Symbole Caf\u00e9\" title=\"Caf\u00e9\"><\/a><a href=\"https:\/\/nobis-printen.de\/baekerei_besonderheit\/sonntags-geoeffnet\/\"><img decoding=\"async\" src=\"https:\/\/nobis-printen.de\/wp-content\/uploads\/2020\/11\/nobis-printen_icon-filale_sonntags-geoeffnet_01.jpg\" alt=\"Symbole ouvert le dimanche\" title=\"Ouvert le dimanche\"><\/a>\n<\/p><table class=\"time-table\"> \n<tr> \n    <td colspan=\"2\"><strong>Horaires d'ouverture :<\/strong><\/td> \n  <\/tr> \n  <tr> \n    <td>Lu - Ve<\/td> \n    <td>6h30 - 21h00<\/td> \n  <\/tr> \n  <tr> \n    <td>Sa<\/td>  \n    <td>6h30 - 21h00<\/td> \n  <\/tr> \n  <tr> \n    <td>Ainsi<\/td>  \n    <td> 8 h 00 - 12 h 00<\/td>  \n  <\/tr> \n<\/table><\/div><\/div><\/div><\/article><article id=\"portfolio-1-post-14089\" class=\"fusion-portfolio-post aix-la-chapelle boulangerie eilendorf-fr fusion-col-spacing post-14089\"><div class=\"fusion-portfolio-content-wrapper\" style=\"border:none;background-color:rgba(255,255,255,1);\"><span class=\"vcard rich-snippet-hidden\"><span class=\"fn\"><a href=\"https:\/\/nobis-printen.de\/fr\/author\/adminmcmnobis\/\" title=\"Articles par Marcus\" rel=\"author\">Marcus<\/a><\/span><\/span><span class=\"updated rich-snippet-hidden\">2023-04-03T11:16:52+02:00<\/span><div  class=\"fusion-image-wrapper\" aria-haspopup=\"true\">\n\t\t\t\t<img decoding=\"async\" width=\"852\" height=\"507\" src=\"https:\/\/nobis-printen.de\/wp-content\/uploads\/2023\/01\/eilendorf-nobis-printen-aachen-ausssenaufnahme.jpg\" class=\"attachment-full size-full wp-post-image\" alt=\"Filiale Eilendorf, Nobis Printen Aachen, Ausssenaufnahme\" srcset=\"https:\/\/nobis-printen.de\/wp-content\/uploads\/2023\/01\/eilendorf-nobis-printen-aachen-ausssenaufnahme-200x119.jpg 200w, https:\/\/nobis-printen.de\/wp-content\/uploads\/2023\/01\/eilendorf-nobis-printen-aachen-ausssenaufnahme-400x238.jpg 400w, https:\/\/nobis-printen.de\/wp-content\/uploads\/2023\/01\/eilendorf-nobis-printen-aachen-ausssenaufnahme-600x357.jpg 600w, https:\/\/nobis-printen.de\/wp-content\/uploads\/2023\/01\/eilendorf-nobis-printen-aachen-ausssenaufnahme-800x476.jpg 800w, https:\/\/nobis-printen.de\/wp-content\/uploads\/2023\/01\/eilendorf-nobis-printen-aachen-ausssenaufnahme.jpg 852w\" sizes=\"(min-width: 2200px) 100vw, (min-width: 784px) 395px, (min-width: 712px) 592px, (min-width: 640px) 712px, \" \/><div class=\"fusion-rollover\">\n\t<div class=\"fusion-rollover-content\">\n\n\t\t\t\t\t\t\t\t\t\t\t\t\t\t<a class=\"fusion-rollover-link\" href=\"https:\/\/nobis-printen.de\/fr\/boulangerie\/von-coels-str-55aix-la-chapelle\/?portfolioCats=152%2C190%2C185%2C188%2C194%2C192%2C208%2C182%2C204%2C202%2C163%2C166\">Von-Coels-Str. 55,Aix-la-Chapelle<\/a>\n\t\t\t\n\t\t\t\t\t\t\t\t\n\t\t\n\t\t\t\t\t\t\t\t\t\t\t\t<h4 class=\"fusion-rollover-title\">\n\t\t\t\t\t<a class=\"fusion-rollover-title-link\" href=\"https:\/\/nobis-printen.de\/fr\/boulangerie\/von-coels-str-55aix-la-chapelle\/?portfolioCats=152%2C190%2C185%2C188%2C194%2C192%2C208%2C182%2C204%2C202%2C163%2C166\">\n\t\t\t\t\t\tVon-Coels-Str. 55,<br>Aix-la-Chapelle\t\t\t\t\t<\/a>\n\t\t\t\t<\/h4>\n\t\t\t\n\t\t\t\t\t\t\t\t\n\t\t\n\t\t\t\t\t\t<a class=\"fusion-link-wrapper\" href=\"https:\/\/nobis-printen.de\/fr\/boulangerie\/von-coels-str-55aix-la-chapelle\/?portfolioCats=152%2C190%2C185%2C188%2C194%2C192%2C208%2C182%2C204%2C202%2C163%2C166\" aria-label=\"Von-Coels-Str. 55,&lt;br&gt;Aix-la-Chapelle\"><\/a>\n\t<\/div>\n<\/div>\n<\/div>\n<div class=\"fusion-portfolio-content\" style=\"background-color:rgba(255,255,255,1);\"><h2 class=\"entry-title fusion-post-title\"><a href=\"https:\/\/nobis-printen.de\/fr\/boulangerie\/von-coels-str-55aix-la-chapelle\/?portfolioCats=152%2C190%2C185%2C188%2C194%2C192%2C208%2C182%2C204%2C202%2C163%2C166\">Von-Coels-Str. 55,<br>Aix-la-Chapelle<\/a><\/h2><div class=\"fusion-content-sep sep-none\" style=\"border-color:#e0dede;\"><\/div><div class=\"fusion-post-content\"><p><a href=\"https:\/\/nobis-printen.de\/baekerei_besonderheit\/cafe\/\"><img decoding=\"async\" src=\"https:\/\/nobis-printen.de\/wp-content\/uploads\/2020\/11\/nobis-printen_icon-filale_cafe_01.jpg\" alt=\"Symbole Caf\u00e9\" title=\"Caf\u00e9\"><\/a><a href=\"https:\/\/nobis-printen.de\/baekerei_besonderheit\/sonntags-geoeffnet\/\"><img decoding=\"async\" src=\"https:\/\/nobis-printen.de\/wp-content\/uploads\/2020\/11\/nobis-printen_icon-filale_sonntags-geoeffnet_01.jpg\" alt=\"Symbole ouvert le dimanche\" title=\"Ouvert le dimanche\"><\/a>\n<\/p><table class=\"time-table\">\n<tr>\n    <td colspan=\"2\"><strong>Horaires d'ouverture :<\/strong><\/td>\n  <\/tr>\n  <tr>\n    <td>Lu - Ve<\/td>\n    <td>6:00 - 18:00 heures<\/td>\n  <\/tr>\n  <tr>\n    <td>Sa<\/td> \n    <td>6h00 - 14h00<\/td>\n  <\/tr>\n  <tr>\n    <td>Ainsi<\/td> \n    <td> 8h00 - 11h00<\/td> \n  <\/tr>\n<\/table><\/div><\/div><\/div><\/article><article id=\"portfolio-1-post-14105\" class=\"fusion-portfolio-post boulangerie buesbach-fr stolberg-fr fusion-col-spacing post-14105\"><div class=\"fusion-portfolio-content-wrapper\" style=\"border:none;background-color:rgba(255,255,255,1);\"><span class=\"vcard rich-snippet-hidden\"><span class=\"fn\"><a href=\"https:\/\/nobis-printen.de\/fr\/author\/adminmcmnobis\/\" title=\"Articles par Marcus\" rel=\"author\">Marcus<\/a><\/span><\/span><span class=\"updated rich-snippet-hidden\">2023-04-03T11:25:37+02:00<\/span><div  class=\"fusion-image-wrapper\" aria-haspopup=\"true\">\n\t\t\t\t<img decoding=\"async\" width=\"852\" height=\"507\" src=\"https:\/\/nobis-printen.de\/wp-content\/uploads\/2023\/01\/stolberg-nobis-printen-aachen-ausssenaufnahme.jpg\" class=\"attachment-full size-full wp-post-image\" alt=\"Stolberg, Nobis Printen Aachen, Ausssenaufnahme\" srcset=\"https:\/\/nobis-printen.de\/wp-content\/uploads\/2023\/01\/stolberg-nobis-printen-aachen-ausssenaufnahme-200x119.jpg 200w, https:\/\/nobis-printen.de\/wp-content\/uploads\/2023\/01\/stolberg-nobis-printen-aachen-ausssenaufnahme-400x238.jpg 400w, https:\/\/nobis-printen.de\/wp-content\/uploads\/2023\/01\/stolberg-nobis-printen-aachen-ausssenaufnahme-600x357.jpg 600w, https:\/\/nobis-printen.de\/wp-content\/uploads\/2023\/01\/stolberg-nobis-printen-aachen-ausssenaufnahme-800x476.jpg 800w, https:\/\/nobis-printen.de\/wp-content\/uploads\/2023\/01\/stolberg-nobis-printen-aachen-ausssenaufnahme.jpg 852w\" sizes=\"(min-width: 2200px) 100vw, (min-width: 784px) 395px, (min-width: 712px) 592px, (min-width: 640px) 712px, \" \/><div class=\"fusion-rollover\">\n\t<div class=\"fusion-rollover-content\">\n\n\t\t\t\t\t\t\t\t\t\t\t\t\t\t<a class=\"fusion-rollover-link\" href=\"https:\/\/nobis-printen.de\/fr\/boulangerie\/wilhelmbusch-9stolberg\/?portfolioCats=152%2C190%2C185%2C188%2C194%2C192%2C208%2C182%2C204%2C202%2C163%2C166\">Wilhelmbusch 9,Stolberg<\/a>\n\t\t\t\n\t\t\t\t\t\t\t\t\n\t\t\n\t\t\t\t\t\t\t\t\t\t\t\t<h4 class=\"fusion-rollover-title\">\n\t\t\t\t\t<a class=\"fusion-rollover-title-link\" href=\"https:\/\/nobis-printen.de\/fr\/boulangerie\/wilhelmbusch-9stolberg\/?portfolioCats=152%2C190%2C185%2C188%2C194%2C192%2C208%2C182%2C204%2C202%2C163%2C166\">\n\t\t\t\t\t\tWilhelmbusch 9,<br>Stolberg\t\t\t\t\t<\/a>\n\t\t\t\t<\/h4>\n\t\t\t\n\t\t\t\t\t\t\t\t\n\t\t\n\t\t\t\t\t\t<a class=\"fusion-link-wrapper\" href=\"https:\/\/nobis-printen.de\/fr\/boulangerie\/wilhelmbusch-9stolberg\/?portfolioCats=152%2C190%2C185%2C188%2C194%2C192%2C208%2C182%2C204%2C202%2C163%2C166\" aria-label=\"Wilhelmbusch 9,&lt;br&gt;Stolberg\"><\/a>\n\t<\/div>\n<\/div>\n<\/div>\n<div class=\"fusion-portfolio-content\" style=\"background-color:rgba(255,255,255,1);\"><h2 class=\"entry-title fusion-post-title\"><a href=\"https:\/\/nobis-printen.de\/fr\/boulangerie\/wilhelmbusch-9stolberg\/?portfolioCats=152%2C190%2C185%2C188%2C194%2C192%2C208%2C182%2C204%2C202%2C163%2C166\">Wilhelmbusch 9,<br>Stolberg<\/a><\/h2><div class=\"fusion-content-sep sep-none\" style=\"border-color:#e0dede;\"><\/div><div class=\"fusion-post-content\"><p><a href=\"https:\/\/nobis-printen.de\/baekerei_besonderheit\/cafe\/\"><img decoding=\"async\" src=\"https:\/\/nobis-printen.de\/wp-content\/uploads\/2020\/11\/nobis-printen_icon-filale_cafe_01.jpg\" alt=\"Symbole Caf\u00e9\" title=\"Caf\u00e9\"><\/a><a href=\"https:\/\/nobis-printen.de\/baekerei_besonderheit\/sonntags-geoeffnet\/\"><img decoding=\"async\" src=\"https:\/\/nobis-printen.de\/wp-content\/uploads\/2020\/11\/nobis-printen_icon-filale_sonntags-geoeffnet_01.jpg\" alt=\"Symbole ouvert le dimanche\" title=\"Ouvert le dimanche\"><\/a>\n<\/p><table class=\"time-table\"> \n<tr> \n    <td colspan=\"2\"><strong>Horaires d'ouverture :<\/strong><\/td> \n  <\/tr> \n  <tr> \n    <td>Lu - Ve<\/td> \n    <td>6:00 - 18:00 heures<\/td> \n  <\/tr> \n  <tr> \n    <td>Sa<\/td>  \n    <td>6h00 - 14h00<\/td> \n  <\/tr> \n  <tr> \n    <td>Ainsi<\/td>  \n    <td>7 h 00 - 12 h 00<\/td>  \n  <\/tr> \n<\/table>\n<\/div><\/div><\/div><\/article><\/div><\/div><\/div><\/div><\/div><\/div><\/p>\n","protected":false},"excerpt":{"rendered":"","protected":false},"author":1,"featured_media":0,"parent":0,"menu_order":0,"comment_status":"closed","ping_status":"closed","template":"","meta":{"_acf_changed":false,"footnotes":""},"class_list":["post-13657","page","type-page","status-publish","hentry"],"acf":[],"yoast_head":"<!-- This site is optimized with the Yoast SEO plugin v27.5 - https:\/\/yoast.com\/product\/yoast-seo-wordpress\/ -->\n<title>Nos heures d&#039;ouverture %%page% - Nobis Printen Boulangerie Aix-la-Chapelle<\/title>\n<meta name=\"description\" content=\"Sur cette page, vous trouverez un aper\u00e7u des heures d&#039;ouverture de toutes les filiales de Nobis Printen Boulangerie.\" \/>\n<meta name=\"robots\" content=\"index, follow, max-snippet:-1, max-image-preview:large, max-video-preview:-1\" \/>\n<link rel=\"canonical\" href=\"https:\/\/nobis-printen.de\/fr\/nos-heures-douverture\/\" \/>\n<meta property=\"og:locale\" content=\"fr_FR\" \/>\n<meta property=\"og:type\" content=\"article\" \/>\n<meta property=\"og:title\" content=\"Nos heures d&#039;ouverture %%page% - Nobis Printen Boulangerie Aix-la-Chapelle\" \/>\n<meta property=\"og:description\" content=\"Sur cette page, vous trouverez un aper\u00e7u des heures d&#039;ouverture de toutes les filiales de Nobis Printen Boulangerie.\" \/>\n<meta property=\"og:url\" content=\"https:\/\/nobis-printen.de\/fr\/nos-heures-douverture\/\" \/>\n<meta property=\"og:site_name\" content=\"Nobis Printen Aachen\" \/>\n<meta property=\"article:publisher\" content=\"https:\/\/www.facebook.com\/nobisprinten\" \/>\n<meta property=\"article:modified_time\" content=\"2023-03-24T07:24:35+00:00\" \/>\n<meta property=\"og:image\" content=\"https:\/\/nobis-printen.de\/wp-content\/uploads\/2020\/11\/nobis-printen_icon-filale_spielen_01.jpg\" \/>\n<meta name=\"twitter:card\" content=\"summary_large_image\" \/>\n<meta name=\"twitter:label1\" content=\"Dur\u00e9e de lecture estim\u00e9e\" \/>\n\t<meta name=\"twitter:data1\" content=\"8 minutes\" \/>\n<script type=\"application\/ld+json\" class=\"yoast-schema-graph\">{\"@context\":\"https:\\\/\\\/schema.org\",\"@graph\":[{\"@type\":\"WebPage\",\"@id\":\"https:\\\/\\\/nobis-printen.de\\\/fr\\\/nos-heures-douverture\\\/\",\"url\":\"https:\\\/\\\/nobis-printen.de\\\/fr\\\/nos-heures-douverture\\\/\",\"name\":\"Nos heures d'ouverture %%page% - Nobis Printen Boulangerie Aix-la-Chapelle\",\"isPartOf\":{\"@id\":\"https:\\\/\\\/nobis-printen.de\\\/fr\\\/#website\"},\"primaryImageOfPage\":{\"@id\":\"https:\\\/\\\/nobis-printen.de\\\/fr\\\/nos-heures-douverture\\\/#primaryimage\"},\"image\":{\"@id\":\"https:\\\/\\\/nobis-printen.de\\\/fr\\\/nos-heures-douverture\\\/#primaryimage\"},\"thumbnailUrl\":\"https:\\\/\\\/nobis-printen.de\\\/wp-content\\\/uploads\\\/2020\\\/11\\\/nobis-printen_icon-filale_spielen_01.jpg\",\"datePublished\":\"2023-03-24T07:24:34+00:00\",\"dateModified\":\"2023-03-24T07:24:35+00:00\",\"description\":\"Sur cette page, vous trouverez un aper\u00e7u des heures d'ouverture de toutes les filiales de Nobis Printen Boulangerie.\",\"breadcrumb\":{\"@id\":\"https:\\\/\\\/nobis-printen.de\\\/fr\\\/nos-heures-douverture\\\/#breadcrumb\"},\"inLanguage\":\"fr-FR\",\"potentialAction\":[{\"@type\":\"ReadAction\",\"target\":[\"https:\\\/\\\/nobis-printen.de\\\/fr\\\/nos-heures-douverture\\\/\"]}]},{\"@type\":\"ImageObject\",\"inLanguage\":\"fr-FR\",\"@id\":\"https:\\\/\\\/nobis-printen.de\\\/fr\\\/nos-heures-douverture\\\/#primaryimage\",\"url\":\"https:\\\/\\\/nobis-printen.de\\\/wp-content\\\/uploads\\\/2020\\\/11\\\/nobis-printen_icon-filale_spielen_01.jpg\",\"contentUrl\":\"https:\\\/\\\/nobis-printen.de\\\/wp-content\\\/uploads\\\/2020\\\/11\\\/nobis-printen_icon-filale_spielen_01.jpg\"},{\"@type\":\"BreadcrumbList\",\"@id\":\"https:\\\/\\\/nobis-printen.de\\\/fr\\\/nos-heures-douverture\\\/#breadcrumb\",\"itemListElement\":[{\"@type\":\"ListItem\",\"position\":1,\"name\":\"Startseite\",\"item\":\"https:\\\/\\\/nobis-printen.de\\\/fr\\\/\"},{\"@type\":\"ListItem\",\"position\":2,\"name\":\"Nos heures d&rsquo;ouverture\"}]},{\"@type\":\"WebSite\",\"@id\":\"https:\\\/\\\/nobis-printen.de\\\/fr\\\/#website\",\"url\":\"https:\\\/\\\/nobis-printen.de\\\/fr\\\/\",\"name\":\"Nobis Printen Aachen\",\"description\":\"Printenb\u00e4ckerei Nobis Printen Aachen\",\"potentialAction\":[{\"@type\":\"SearchAction\",\"target\":{\"@type\":\"EntryPoint\",\"urlTemplate\":\"https:\\\/\\\/nobis-printen.de\\\/fr\\\/?s={search_term_string}\"},\"query-input\":{\"@type\":\"PropertyValueSpecification\",\"valueRequired\":true,\"valueName\":\"search_term_string\"}}],\"inLanguage\":\"fr-FR\"}]}<\/script>\n<!-- \/ Yoast SEO plugin. -->","yoast_head_json":{"title":"Nos heures d'ouverture %%page% - Nobis Printen Boulangerie Aix-la-Chapelle","description":"Sur cette page, vous trouverez un aper\u00e7u des heures d'ouverture de toutes les filiales de Nobis Printen Boulangerie.","robots":{"index":"index","follow":"follow","max-snippet":"max-snippet:-1","max-image-preview":"max-image-preview:large","max-video-preview":"max-video-preview:-1"},"canonical":"https:\/\/nobis-printen.de\/fr\/nos-heures-douverture\/","og_locale":"fr_FR","og_type":"article","og_title":"Nos heures d'ouverture %%page% - Nobis Printen Boulangerie Aix-la-Chapelle","og_description":"Sur cette page, vous trouverez un aper\u00e7u des heures d'ouverture de toutes les filiales de Nobis Printen Boulangerie.","og_url":"https:\/\/nobis-printen.de\/fr\/nos-heures-douverture\/","og_site_name":"Nobis Printen Aachen","article_publisher":"https:\/\/www.facebook.com\/nobisprinten","article_modified_time":"2023-03-24T07:24:35+00:00","og_image":[{"url":"https:\/\/nobis-printen.de\/wp-content\/uploads\/2020\/11\/nobis-printen_icon-filale_spielen_01.jpg","type":"","width":"","height":""}],"twitter_card":"summary_large_image","twitter_misc":{"Dur\u00e9e de lecture estim\u00e9e":"8 minutes"},"schema":{"@context":"https:\/\/schema.org","@graph":[{"@type":"WebPage","@id":"https:\/\/nobis-printen.de\/fr\/nos-heures-douverture\/","url":"https:\/\/nobis-printen.de\/fr\/nos-heures-douverture\/","name":"Nos heures d'ouverture %%page% - Nobis Printen Boulangerie Aix-la-Chapelle","isPartOf":{"@id":"https:\/\/nobis-printen.de\/fr\/#website"},"primaryImageOfPage":{"@id":"https:\/\/nobis-printen.de\/fr\/nos-heures-douverture\/#primaryimage"},"image":{"@id":"https:\/\/nobis-printen.de\/fr\/nos-heures-douverture\/#primaryimage"},"thumbnailUrl":"https:\/\/nobis-printen.de\/wp-content\/uploads\/2020\/11\/nobis-printen_icon-filale_spielen_01.jpg","datePublished":"2023-03-24T07:24:34+00:00","dateModified":"2023-03-24T07:24:35+00:00","description":"Sur cette page, vous trouverez un aper\u00e7u des heures d'ouverture de toutes les filiales de Nobis Printen Boulangerie.","breadcrumb":{"@id":"https:\/\/nobis-printen.de\/fr\/nos-heures-douverture\/#breadcrumb"},"inLanguage":"fr-FR","potentialAction":[{"@type":"ReadAction","target":["https:\/\/nobis-printen.de\/fr\/nos-heures-douverture\/"]}]},{"@type":"ImageObject","inLanguage":"fr-FR","@id":"https:\/\/nobis-printen.de\/fr\/nos-heures-douverture\/#primaryimage","url":"https:\/\/nobis-printen.de\/wp-content\/uploads\/2020\/11\/nobis-printen_icon-filale_spielen_01.jpg","contentUrl":"https:\/\/nobis-printen.de\/wp-content\/uploads\/2020\/11\/nobis-printen_icon-filale_spielen_01.jpg"},{"@type":"BreadcrumbList","@id":"https:\/\/nobis-printen.de\/fr\/nos-heures-douverture\/#breadcrumb","itemListElement":[{"@type":"ListItem","position":1,"name":"Startseite","item":"https:\/\/nobis-printen.de\/fr\/"},{"@type":"ListItem","position":2,"name":"Nos heures d&rsquo;ouverture"}]},{"@type":"WebSite","@id":"https:\/\/nobis-printen.de\/fr\/#website","url":"https:\/\/nobis-printen.de\/fr\/","name":"Nobis Printen Aachen","description":"Printenb\u00e4ckerei Nobis Printen Aachen","potentialAction":[{"@type":"SearchAction","target":{"@type":"EntryPoint","urlTemplate":"https:\/\/nobis-printen.de\/fr\/?s={search_term_string}"},"query-input":{"@type":"PropertyValueSpecification","valueRequired":true,"valueName":"search_term_string"}}],"inLanguage":"fr-FR"}]}},"_links":{"self":[{"href":"https:\/\/nobis-printen.de\/fr\/wp-json\/wp\/v2\/pages\/13657","targetHints":{"allow":["GET"]}}],"collection":[{"href":"https:\/\/nobis-printen.de\/fr\/wp-json\/wp\/v2\/pages"}],"about":[{"href":"https:\/\/nobis-printen.de\/fr\/wp-json\/wp\/v2\/types\/page"}],"author":[{"embeddable":true,"href":"https:\/\/nobis-printen.de\/fr\/wp-json\/wp\/v2\/users\/1"}],"replies":[{"embeddable":true,"href":"https:\/\/nobis-printen.de\/fr\/wp-json\/wp\/v2\/comments?post=13657"}],"version-history":[{"count":0,"href":"https:\/\/nobis-printen.de\/fr\/wp-json\/wp\/v2\/pages\/13657\/revisions"}],"wp:attachment":[{"href":"https:\/\/nobis-printen.de\/fr\/wp-json\/wp\/v2\/media?parent=13657"}],"curies":[{"name":"wp","href":"https:\/\/api.w.org\/{rel}","templated":true}]}}