{"id":14402,"date":"2023-04-05T09:16:24","date_gmt":"2023-04-05T07:16:24","guid":{"rendered":"https:\/\/nobis-printen.de\/baeckerei\/adalbertsteinweg-242aix-la-chapelle\/"},"modified":"2023-04-05T09:16:26","modified_gmt":"2023-04-05T07:16:26","slug":"adalbertsteinweg-242aix-la-chapelle","status":"publish","type":"avada_portfolio","link":"https:\/\/nobis-printen.de\/fr\/boulangerie\/adalbertsteinweg-242aix-la-chapelle\/","title":{"rendered":"Adalbertsteinweg 242,<br>Aix-la-Chapelle"},"content":{"rendered":"<p><div class=\"fusion-fullwidth fullwidth-box fusion-builder-row-1 fusion-flex-container nonhundred-percent-fullwidth non-hundred-percent-height-scrolling\" style=\"--awb-border-radius-top-left:0px;--awb-border-radius-top-right:0px;--awb-border-radius-bottom-right:0px;--awb-border-radius-bottom-left:0px;--awb-background-color:#ffffff;--awb-flex-wrap:wrap;\" ><div class=\"fusion-builder-row fusion-row fusion-flex-align-items-flex-start fusion-flex-content-wrap\" style=\"max-width:1268.8px;margin-left: calc(-4% \/ 2 );margin-right: calc(-4% \/ 2 );\"><div class=\"fusion-layout-column fusion_builder_column fusion-builder-column-0 fusion_builder_column_1_2 1_2 fusion-flex-column\" style=\"--awb-padding-top:20px;--awb-bg-color:#ffffff;--awb-bg-color-hover:#ffffff;--awb-bg-size:cover;--awb-width-large:50%;--awb-margin-top-large:10px;--awb-spacing-right-large:3.84%;--awb-margin-bottom-large:10px;--awb-spacing-left-large:3.84%;--awb-width-medium:100%;--awb-order-medium:0;--awb-spacing-right-medium:1.92%;--awb-spacing-left-medium:1.92%;--awb-width-small:100%;--awb-order-small:0;--awb-spacing-right-small:1.92%;--awb-spacing-left-small:1.92%;\"><div class=\"fusion-column-wrapper fusion-column-has-shadow fusion-flex-justify-content-flex-start fusion-content-layout-column\"><div class=\"fusion-content-boxes content-boxes columns row fusion-columns-1 fusion-columns-total-1 fusion-content-boxes-1 content-boxes-icon-with-title content-left filialen-content-box\" style=\"--awb-margin-top:0px;--awb-margin-bottom:-30px;--awb-hover-accent-color:#fc7523;--awb-circle-hover-accent-color:transparent;--awb-item-margin-bottom:40px;\" data-animationOffset=\"top-into-view\"><div style=\"--awb-backgroundcolor:#ffffff;--awb-iconcolor:#b23636;\" class=\"fusion-column content-box-column content-box-column content-box-column-1 col-lg-12 col-md-12 col-sm-12 fusion-content-box-hover content-box-column-last content-box-column-last-in-row\"><div class=\"col content-box-wrapper content-wrapper-background link-area-link-icon icon-hover-animation-fade\" data-animationOffset=\"top-into-view\"><div class=\"heading heading-with-icon icon-left\"><div class=\"icon\"><i style=\"background-color:transparent;border-color:transparent;height:auto;width: 18px;line-height:normal;font-size:18px;\" aria-hidden=\"true\" class=\"fontawesome-icon fa-clock fas circle-no\"><\/i><\/div><h2 class=\"content-box-heading fusion-responsive-typography-calculated\" style=\"--h2_typography-font-size:16px;--fontSize:16;line-height:1.61;\">Heures d'ouverture<\/h2><\/div><div class=\"fusion-clearfix\"><\/div><div class=\"content-container\">\n<table class=\"time-table-1\">\n<tbody>\n<tr>\n<td>Lu &#8211; Ve<\/td>\n<td>7:00 &#8211; 20:00 heures<\/td>\n<\/tr>\n<tr>\n<td>Sa<\/td>\n<td>7h00 &#8211; 18h30<\/td>\n<\/tr>\n<tr>\n<td>Ainsi<\/td>\n<td>ferm\u00e9<\/td>\n<\/tr>\n<\/tbody>\n<\/table>\n<\/div><\/div><\/div><div class=\"fusion-clearfix\"><\/div><\/div><div class=\"fusion-content-boxes content-boxes columns row fusion-columns-1 fusion-columns-total-1 fusion-content-boxes-2 content-boxes-icon-with-title content-left\" style=\"--awb-margin-top:0px;--awb-margin-bottom:-30px;--awb-hover-accent-color:#fc7523;--awb-circle-hover-accent-color:transparent;--awb-item-margin-bottom:40px;\" data-animationOffset=\"top-into-view\"><div style=\"--awb-backgroundcolor:#ffffff;--awb-iconcolor:#b23636;\" class=\"fusion-column content-box-column content-box-column content-box-column-1 col-lg-12 col-md-12 col-sm-12 fusion-content-box-hover content-box-column-last content-box-column-last-in-row\"><div class=\"col content-box-wrapper content-wrapper-background link-area-link-icon icon-hover-animation-fade\" data-animationOffset=\"top-into-view\"><div class=\"heading heading-with-icon icon-left\"><div class=\"icon\"><i style=\"background-color:transparent;border-color:transparent;height:auto;width: 18px;line-height:normal;font-size:18px;\" aria-hidden=\"true\" class=\"fontawesome-icon fa-map-marker-alt fas circle-no\"><\/i><\/div><h2 class=\"content-box-heading fusion-responsive-typography-calculated\" style=\"--h2_typography-font-size:16px;--fontSize:16;line-height:1.61;\">Adresse<\/h2><\/div><div class=\"fusion-clearfix\"><\/div><div class=\"content-container\">\n<p>242, Adalbertsteinweg,<br \/>\n52066 Aix-la-Chapelle<\/p>\n<\/div><\/div><\/div><div class=\"fusion-clearfix\"><\/div><\/div><div class=\"fusion-content-boxes content-boxes columns row fusion-columns-1 fusion-columns-total-1 fusion-content-boxes-3 content-boxes-icon-with-title content-left\" style=\"--awb-margin-top:0px;--awb-margin-bottom:-30px;--awb-hover-accent-color:#fc7523;--awb-circle-hover-accent-color:transparent;--awb-item-margin-bottom:40px;\" data-animationOffset=\"top-into-view\"><div style=\"--awb-backgroundcolor:#ffffff;--awb-iconcolor:#b23636;\" class=\"fusion-column content-box-column content-box-column content-box-column-1 col-lg-12 col-md-12 col-sm-12 fusion-content-box-hover content-box-column-last content-box-column-last-in-row\"><div class=\"col content-box-wrapper content-wrapper-background link-area-link-icon icon-hover-animation-fade\" data-animationOffset=\"top-into-view\"><div class=\"heading heading-with-icon icon-left\"><div class=\"icon\"><i style=\"background-color:transparent;border-color:transparent;height:auto;width: 18px;line-height:normal;font-size:18px;\" aria-hidden=\"true\" class=\"fontawesome-icon fa-phone fas circle-no\"><\/i><\/div><h2 class=\"content-box-heading fusion-responsive-typography-calculated\" style=\"--h2_typography-font-size:16px;--fontSize:16;line-height:1.61;\">Contact<\/h2><\/div><div class=\"fusion-clearfix\"><\/div><div class=\"content-container\">\n<p class=\"phone\">Num\u00e9ro d&rsquo;appel central : <a href=\"tel:+49241968000\">0241\/968000<\/a><\/p>\n<p>Responsable d&rsquo;\u00e9quipe : Mme \u00d6zen<\/p>\n<\/div><\/div><\/div><div class=\"fusion-clearfix\"><\/div><\/div><div class=\"fusion-content-boxes content-boxes columns row fusion-columns-1 fusion-columns-total-1 fusion-content-boxes-4 content-boxes-icon-with-title content-left\" style=\"--awb-margin-top:0px;--awb-margin-bottom:0px;--awb-hover-accent-color:#fc7523;--awb-circle-hover-accent-color:transparent;--awb-item-margin-bottom:40px;\" data-animationOffset=\"top-into-view\"><div style=\"--awb-backgroundcolor:#ffffff;--awb-iconcolor:#b23636;\" class=\"fusion-column content-box-column content-box-column content-box-column-1 col-lg-12 col-md-12 col-sm-12 fusion-content-box-hover content-box-column-last content-box-column-last-in-row\"><div class=\"col content-box-wrapper content-wrapper-background link-area-link-icon icon-hover-animation-fade\" data-animationOffset=\"top-into-view\"><div class=\"heading heading-with-icon icon-left\"><div class=\"icon\"><i style=\"background-color:transparent;border-color:transparent;height:auto;width: 18px;line-height:normal;font-size:18px;\" aria-hidden=\"true\" class=\"fontawesome-icon fa-check-circle fas circle-no\"><\/i><\/div><h2 class=\"content-box-heading fusion-responsive-typography-calculated\" style=\"--h2_typography-font-size:16px;--fontSize:16;line-height:1.61;\">Particularit\u00e9s<\/h2><\/div><div class=\"fusion-clearfix\"><\/div><div class=\"content-container\">\n<p><img decoding=\"async\" title=\"Accessible en fauteuil roulant\" src=\"https:\/\/nobis-printen.de\/wp-content\/uploads\/2020\/11\/nobis-printen_icon-filale_barrierefrei_01.jpg\" alt=\"Symbole Accessible en fauteuil roulant\"><img decoding=\"async\" title=\"Caf\u00e9\" src=\"https:\/\/nobis-printen.de\/wp-content\/uploads\/2020\/11\/nobis-printen_icon-filale_cafe_01.jpg\" alt=\"Symbole Caf\u00e9\"><\/p>\n<\/div><\/div><\/div><div class=\"fusion-clearfix\"><\/div><\/div><\/div><\/div><div class=\"fusion-layout-column fusion_builder_column fusion-builder-column-1 fusion_builder_column_1_2 1_2 fusion-flex-column\" style=\"--awb-bg-color:#ffffff;--awb-bg-color-hover:#ffffff;--awb-bg-size:cover;--awb-width-large:50%;--awb-margin-top-large:10px;--awb-spacing-right-large:3.84%;--awb-margin-bottom-large:10px;--awb-spacing-left-large:3.84%;--awb-width-medium:100%;--awb-order-medium:0;--awb-spacing-right-medium:1.92%;--awb-spacing-left-medium:1.92%;--awb-width-small:100%;--awb-order-small:0;--awb-spacing-right-small:1.92%;--awb-spacing-left-small:1.92%;\"><div class=\"fusion-column-wrapper fusion-column-has-shadow fusion-flex-justify-content-flex-start fusion-content-layout-column\"><div class=\"fusion-title title fusion-title-1 fusion-sep-none fusion-title-text fusion-title-size-three\" style=\"--awb-text-color:#b23636;--awb-margin-top-small:25px;--awb-margin-right-small:0px;--awb-margin-bottom-small:16px;--awb-margin-left-small:0px;\"><h3 class=\"fusion-title-heading title-heading-left fusion-responsive-typography-calculated\" style=\"margin:0;--fontSize:22;--minFontSize:22;line-height:1.27;\">Adalbertsteinweg 242,<br>Aix-la-Chapelle<\/h3><\/div><div class=\"fusion-text fusion-text-1\"><p>Notre \u00e9quipe se r\u00e9jouit de vous accueillir !<\/p>\n<\/div><div class=\"fusion-title title fusion-title-2 fusion-sep-none fusion-title-text fusion-title-size-three\" style=\"--awb-text-color:#b23636;--awb-margin-top-small:25px;--awb-margin-right-small:0px;--awb-margin-bottom-small:16px;--awb-margin-left-small:0px;\"><h3 class=\"fusion-title-heading title-heading-left fusion-responsive-typography-calculated\" style=\"margin:0;--fontSize:22;--minFontSize:22;line-height:1.27;\">Galerie<\/h3><\/div><div class=\"awb-gallery-wrapper awb-gallery-wrapper-1 button-span-no\"><div style=\"margin:-5px;--awb-bordersize:0px;\" class=\"fusion-gallery fusion-gallery-container fusion-grid-3 fusion-columns-total-1 fusion-gallery-layout-grid fusion-gallery-1\"><div style=\"padding:5px;\" class=\"fusion-grid-column fusion-gallery-column fusion-gallery-column-3 hover-type-zoomin\"><div class=\"fusion-gallery-image\"><a rel=\"noreferrer\" data-rel=\"iLightbox[gallery_image_1]\" class=\"fusion-lightbox\" target=\"_self\"><img decoding=\"async\" src=\"\" width=\"\" height=\"\" alt=\"\" title=\"\" aria-label=\"\" class=\"img-responsive wp-image-\"  \/><\/a><\/div><\/div><\/div><\/div><div class=\"fusion-image-element \" style=\"--awb-caption-title-font-family:var(--h2_typography-font-family);--awb-caption-title-font-weight:var(--h2_typography-font-weight);--awb-caption-title-font-style:var(--h2_typography-font-style);--awb-caption-title-size:var(--h2_typography-font-size);--awb-caption-title-transform:var(--h2_typography-text-transform);--awb-caption-title-line-height:var(--h2_typography-line-height);--awb-caption-title-letter-spacing:var(--h2_typography-letter-spacing);\"><span class=\" fusion-imageframe imageframe-none imageframe-1 hover-type-none\"><a href=\"https:\/\/nobis-printen.de\/wp-content\/uploads\/2022\/10\/Adalbertsteinweg_242_2022.jpg\" class=\"fusion-lightbox\" data-rel=\"iLightbox[fae6b191341edd6a85d]\" data-title=\"Adalbertsteinweg 242 2022\" title=\"Adalbertsteinweg 242 2022\"><img decoding=\"async\" width=\"852\" height=\"852\" alt=\"Filiale Adalbertsteinweg 242, Collage. Nobis Printen Aachen\" src=\"https:\/\/nobis-printen.de\/wp-content\/uploads\/2022\/10\/Adalbertsteinweg_242_2022.jpg\" class=\"img-responsive wp-image-13101\" srcset=\"https:\/\/nobis-printen.de\/wp-content\/uploads\/2022\/10\/Adalbertsteinweg_242_2022-200x200.jpg 200w, https:\/\/nobis-printen.de\/wp-content\/uploads\/2022\/10\/Adalbertsteinweg_242_2022-400x400.jpg 400w, https:\/\/nobis-printen.de\/wp-content\/uploads\/2022\/10\/Adalbertsteinweg_242_2022-600x600.jpg 600w, https:\/\/nobis-printen.de\/wp-content\/uploads\/2022\/10\/Adalbertsteinweg_242_2022-800x800.jpg 800w, https:\/\/nobis-printen.de\/wp-content\/uploads\/2022\/10\/Adalbertsteinweg_242_2022.jpg 852w\" sizes=\"(max-width: 1024px) 100vw, (max-width: 640px) 100vw, 600px\" \/><\/a><\/span><\/div><\/div><\/div><\/div><\/div><div class=\"fusion-fullwidth fullwidth-box fusion-builder-row-2 fusion-flex-container nonhundred-percent-fullwidth non-hundred-percent-height-scrolling\" style=\"--awb-border-radius-top-left:0px;--awb-border-radius-top-right:0px;--awb-border-radius-bottom-right:0px;--awb-border-radius-bottom-left:0px;--awb-background-color:#ffffff;--awb-flex-wrap:wrap;\" ><div class=\"fusion-builder-row fusion-row fusion-flex-align-items-flex-start fusion-flex-content-wrap\" style=\"max-width:1268.8px;margin-left: calc(-4% \/ 2 );margin-right: calc(-4% \/ 2 );\"><div class=\"fusion-layout-column fusion_builder_column fusion-builder-column-2 fusion_builder_column_1_2 1_2 fusion-flex-column\" style=\"--awb-bg-size:cover;--awb-width-large:50%;--awb-margin-top-large:10px;--awb-spacing-right-large:3.84%;--awb-margin-bottom-large:10px;--awb-spacing-left-large:3.84%;--awb-width-medium:100%;--awb-order-medium:0;--awb-spacing-right-medium:1.92%;--awb-spacing-left-medium:1.92%;--awb-width-small:100%;--awb-order-small:0;--awb-spacing-right-small:1.92%;--awb-spacing-left-small:1.92%;\"><div class=\"fusion-column-wrapper fusion-column-has-shadow fusion-flex-justify-content-flex-start fusion-content-layout-column\"><iframe src=\"https:\/\/www.google.com\/maps\/embed?pb=!1m14!1m8!1m3!1d10092.809620086298!2d6.1134171!3d50.7718214!3m2!1i1024!2i768!4f13.1!3m3!1m2!1s0x0:0x4c78b7e7af0a2a0!2sNobis!5e0!3m2!1sde!2sde!4v1674475354793!5m2!1sde!2sde\" width=\"auto\" height=\"350\" style=\"border:0;\" allowfullscreen=\"\" loading=\"lazy\" referrerpolicy=\"no-referrer-when-downgrade\"><\/iframe><\/div><\/div><div class=\"fusion-layout-column fusion_builder_column fusion-builder-column-3 fusion_builder_column_1_2 1_2 fusion-flex-column\" style=\"--awb-bg-size:cover;--awb-width-large:50%;--awb-margin-top-large:10px;--awb-spacing-right-large:3.84%;--awb-margin-bottom-large:10px;--awb-spacing-left-large:3.84%;--awb-width-medium:100%;--awb-order-medium:0;--awb-spacing-right-medium:1.92%;--awb-spacing-left-medium:1.92%;--awb-width-small:100%;--awb-order-small:0;--awb-spacing-right-small:1.92%;--awb-spacing-left-small:1.92%;\"><div class=\"fusion-column-wrapper fusion-column-has-shadow fusion-flex-justify-content-flex-start fusion-content-layout-column\"><div class=\"fusion-text fusion-text-2\"><p>Bienvenue dans notre succursale de l&rsquo;Adalbertsteinweg !<\/p>\n<p>Quoi de mieux que d&rsquo;avoir sa boulangerie pr\u00e9f\u00e9r\u00e9e en m\u00eame temps que son supermarch\u00e9. Une fois les courses de la semaine pay\u00e9es, quelques pas seulement vous s\u00e9parent des pains et petits pains fra\u00eechement cuits de la meilleure qualit\u00e9 Nobis. Nous nous r\u00e9jouissons de votre visite et vous conseillons volontiers sur toutes les questions relatives \u00e0 nos pains, petits pains et produits de boulangerie !<\/p>\n<p>Vous avez besoin d&rsquo;une petite pause dans votre stress quotidien ? Alors pourquoi ne pas profiter d&rsquo;une tasse de caf\u00e9 chaud, d&rsquo;un sandwich ou d&rsquo;une douceur dans notre caf\u00e9 ?<\/p>\n<\/div><\/div><\/div><\/div><\/div><\/p>\n","protected":false},"excerpt":{"rendered":"<p><a href=\"https:\/\/nobis-printen.de\/baekerei_besonderheit\/barrierefrei\/\"><img decoding=\"async\" src=\"https:\/\/nobis-printen.de\/wp-content\/uploads\/2020\/11\/nobis-printen_icon-filale_barrierefrei_01.jpg\" alt=\"Symbole Accessible en fauteuil roulant\" title=\"Accessible en fauteuil roulant\"><\/a><a href=\"https:\/\/nobis-printen.de\/baekerei_besonderheit\/cafe\/\"><img decoding=\"async\" src=\"https:\/\/nobis-printen.de\/wp-content\/uploads\/2020\/11\/nobis-printen_icon-filale_cafe_01.jpg\" alt=\"Symbole Caf\u00e9\" title=\"Caf\u00e9\"><\/a><\/p>\n<table class=\"time-table\">\n<tr>\n<td colspan=\"2\"><strong>Horaires d&rsquo;ouverture :<\/strong><\/td>\n<\/tr>\n<tr>\n<td>Lu &#8211; Ve<\/td>\n<td>7:00 &#8211; 20:00 heures<\/td>\n<\/tr>\n<tr>\n<td>Sa<\/td>\n<td>7h00 &#8211; 18h30<\/td>\n<\/tr>\n<tr>\n<td>Ainsi<\/td>\n<td>ferm\u00e9<\/td>\n<\/tr>\n<\/table>\n","protected":false},"author":1,"featured_media":13238,"menu_order":0,"comment_status":"closed","ping_status":"closed","template":"","format":"standard","meta":{"_acf_changed":false,"footnotes":""},"portfolio_category":[152,151,172],"portfolio_skills":[154,159],"portfolio_tags":[],"class_list":["post-14402","avada_portfolio","type-avada_portfolio","status-publish","format-standard","has-post-thumbnail","hentry","portfolio_category-aix-la-chapelle","portfolio_category-boulangerie","portfolio_category-centre-ville","portfolio_skills-accessible-en-fauteuil-roulant","portfolio_skills-avec-espace-cafe"],"acf":[],"yoast_head":"<!-- This site is optimized with the Yoast SEO plugin v27.4 - https:\/\/yoast.com\/product\/yoast-seo-wordpress\/ -->\n<title>Nobis Printen, Adalbertsteinweg 242, Aix-la-Chapelle | Heures d&#039;ouverture<\/title>\n<meta name=\"description\" content=\"Nobis Printen, Adalbertsteinweg 242, Aix-la-Chapelle | Heures d&#039;ouverture : Lu - Ve : 7:00 - 20:00 | Sa : 7:00 - 18:30 | Di : ferm\u00e9\" \/>\n<meta name=\"robots\" content=\"index, follow, max-snippet:-1, max-image-preview:large, max-video-preview:-1\" \/>\n<link rel=\"canonical\" href=\"https:\/\/nobis-printen.de\/fr\/boulangerie\/adalbertsteinweg-242aix-la-chapelle\/\" \/>\n<meta property=\"og:locale\" content=\"fr_FR\" \/>\n<meta property=\"og:type\" content=\"article\" \/>\n<meta property=\"og:title\" content=\"Nobis Printen, Adalbertsteinweg 242, Aix-la-Chapelle | Heures d&#039;ouverture\" \/>\n<meta property=\"og:description\" content=\"Nobis Printen, Adalbertsteinweg 242, Aix-la-Chapelle | Heures d&#039;ouverture : Lu - Ve : 7:00 - 20:00 | Sa : 7:00 - 18:30 | Di : ferm\u00e9\" \/>\n<meta property=\"og:url\" content=\"https:\/\/nobis-printen.de\/fr\/boulangerie\/adalbertsteinweg-242aix-la-chapelle\/\" \/>\n<meta property=\"og:site_name\" content=\"Nobis Printen Aachen\" \/>\n<meta property=\"article:publisher\" content=\"https:\/\/www.facebook.com\/nobisprinten\" \/>\n<meta property=\"article:modified_time\" content=\"2023-04-05T07:16:26+00:00\" \/>\n<meta property=\"og:image\" content=\"https:\/\/nobis-printen.de\/wp-content\/uploads\/2020\/11\/Adalbertsteinweg_242_2022_Preview_01.jpg\" \/>\n\t<meta property=\"og:image:width\" content=\"852\" \/>\n\t<meta property=\"og:image:height\" content=\"507\" \/>\n\t<meta property=\"og:image:type\" content=\"image\/jpeg\" \/>\n<meta name=\"twitter:card\" content=\"summary_large_image\" \/>\n<meta name=\"twitter:label1\" content=\"Dur\u00e9e de lecture estim\u00e9e\" \/>\n\t<meta name=\"twitter:data1\" content=\"14 minutes\" \/>\n<script type=\"application\/ld+json\" class=\"yoast-schema-graph\">{\"@context\":\"https:\\\/\\\/schema.org\",\"@graph\":[{\"@type\":\"WebPage\",\"@id\":\"https:\\\/\\\/nobis-printen.de\\\/fr\\\/boulangerie\\\/adalbertsteinweg-242aix-la-chapelle\\\/\",\"url\":\"https:\\\/\\\/nobis-printen.de\\\/fr\\\/boulangerie\\\/adalbertsteinweg-242aix-la-chapelle\\\/\",\"name\":\"Nobis Printen, Adalbertsteinweg 242, Aix-la-Chapelle | Heures d'ouverture\",\"isPartOf\":{\"@id\":\"https:\\\/\\\/nobis-printen.de\\\/fr\\\/#website\"},\"primaryImageOfPage\":{\"@id\":\"https:\\\/\\\/nobis-printen.de\\\/fr\\\/boulangerie\\\/adalbertsteinweg-242aix-la-chapelle\\\/#primaryimage\"},\"image\":{\"@id\":\"https:\\\/\\\/nobis-printen.de\\\/fr\\\/boulangerie\\\/adalbertsteinweg-242aix-la-chapelle\\\/#primaryimage\"},\"thumbnailUrl\":\"https:\\\/\\\/nobis-printen.de\\\/wp-content\\\/uploads\\\/2020\\\/11\\\/Adalbertsteinweg_242_2022_Preview_01.jpg\",\"datePublished\":\"2023-04-05T07:16:24+00:00\",\"dateModified\":\"2023-04-05T07:16:26+00:00\",\"description\":\"Nobis Printen, Adalbertsteinweg 242, Aix-la-Chapelle | Heures d'ouverture : Lu - Ve : 7:00 - 20:00 | Sa : 7:00 - 18:30 | Di : ferm\u00e9\",\"breadcrumb\":{\"@id\":\"https:\\\/\\\/nobis-printen.de\\\/fr\\\/boulangerie\\\/adalbertsteinweg-242aix-la-chapelle\\\/#breadcrumb\"},\"inLanguage\":\"fr-FR\",\"potentialAction\":[{\"@type\":\"ReadAction\",\"target\":[\"https:\\\/\\\/nobis-printen.de\\\/fr\\\/boulangerie\\\/adalbertsteinweg-242aix-la-chapelle\\\/\"]}]},{\"@type\":\"ImageObject\",\"inLanguage\":\"fr-FR\",\"@id\":\"https:\\\/\\\/nobis-printen.de\\\/fr\\\/boulangerie\\\/adalbertsteinweg-242aix-la-chapelle\\\/#primaryimage\",\"url\":\"https:\\\/\\\/nobis-printen.de\\\/wp-content\\\/uploads\\\/2020\\\/11\\\/Adalbertsteinweg_242_2022_Preview_01.jpg\",\"contentUrl\":\"https:\\\/\\\/nobis-printen.de\\\/wp-content\\\/uploads\\\/2020\\\/11\\\/Adalbertsteinweg_242_2022_Preview_01.jpg\",\"width\":852,\"height\":507},{\"@type\":\"BreadcrumbList\",\"@id\":\"https:\\\/\\\/nobis-printen.de\\\/fr\\\/boulangerie\\\/adalbertsteinweg-242aix-la-chapelle\\\/#breadcrumb\",\"itemListElement\":[{\"@type\":\"ListItem\",\"position\":1,\"name\":\"Startseite\",\"item\":\"https:\\\/\\\/nobis-printen.de\\\/fr\\\/\"},{\"@type\":\"ListItem\",\"position\":2,\"name\":\"Portfolio\",\"item\":\"https:\\\/\\\/nobis-printen.de\\\/fr\\\/boulangerie\\\/\"},{\"@type\":\"ListItem\",\"position\":3,\"name\":\"Adalbertsteinweg 242,Aix-la-Chapelle\"}]},{\"@type\":\"WebSite\",\"@id\":\"https:\\\/\\\/nobis-printen.de\\\/fr\\\/#website\",\"url\":\"https:\\\/\\\/nobis-printen.de\\\/fr\\\/\",\"name\":\"Nobis Printen Aachen\",\"description\":\"Printenb\u00e4ckerei Nobis Printen Aachen\",\"potentialAction\":[{\"@type\":\"SearchAction\",\"target\":{\"@type\":\"EntryPoint\",\"urlTemplate\":\"https:\\\/\\\/nobis-printen.de\\\/fr\\\/?s={search_term_string}\"},\"query-input\":{\"@type\":\"PropertyValueSpecification\",\"valueRequired\":true,\"valueName\":\"search_term_string\"}}],\"inLanguage\":\"fr-FR\"}]}<\/script>\n<!-- \/ Yoast SEO plugin. -->","yoast_head_json":{"title":"Nobis Printen, Adalbertsteinweg 242, Aix-la-Chapelle | Heures d'ouverture","description":"Nobis Printen, Adalbertsteinweg 242, Aix-la-Chapelle | Heures d'ouverture : Lu - Ve : 7:00 - 20:00 | Sa : 7:00 - 18:30 | Di : ferm\u00e9","robots":{"index":"index","follow":"follow","max-snippet":"max-snippet:-1","max-image-preview":"max-image-preview:large","max-video-preview":"max-video-preview:-1"},"canonical":"https:\/\/nobis-printen.de\/fr\/boulangerie\/adalbertsteinweg-242aix-la-chapelle\/","og_locale":"fr_FR","og_type":"article","og_title":"Nobis Printen, Adalbertsteinweg 242, Aix-la-Chapelle | Heures d'ouverture","og_description":"Nobis Printen, Adalbertsteinweg 242, Aix-la-Chapelle | Heures d'ouverture : Lu - Ve : 7:00 - 20:00 | Sa : 7:00 - 18:30 | Di : ferm\u00e9","og_url":"https:\/\/nobis-printen.de\/fr\/boulangerie\/adalbertsteinweg-242aix-la-chapelle\/","og_site_name":"Nobis Printen Aachen","article_publisher":"https:\/\/www.facebook.com\/nobisprinten","article_modified_time":"2023-04-05T07:16:26+00:00","og_image":[{"width":852,"height":507,"url":"https:\/\/nobis-printen.de\/wp-content\/uploads\/2020\/11\/Adalbertsteinweg_242_2022_Preview_01.jpg","type":"image\/jpeg"}],"twitter_card":"summary_large_image","twitter_misc":{"Dur\u00e9e de lecture estim\u00e9e":"14 minutes"},"schema":{"@context":"https:\/\/schema.org","@graph":[{"@type":"WebPage","@id":"https:\/\/nobis-printen.de\/fr\/boulangerie\/adalbertsteinweg-242aix-la-chapelle\/","url":"https:\/\/nobis-printen.de\/fr\/boulangerie\/adalbertsteinweg-242aix-la-chapelle\/","name":"Nobis Printen, Adalbertsteinweg 242, Aix-la-Chapelle | Heures d'ouverture","isPartOf":{"@id":"https:\/\/nobis-printen.de\/fr\/#website"},"primaryImageOfPage":{"@id":"https:\/\/nobis-printen.de\/fr\/boulangerie\/adalbertsteinweg-242aix-la-chapelle\/#primaryimage"},"image":{"@id":"https:\/\/nobis-printen.de\/fr\/boulangerie\/adalbertsteinweg-242aix-la-chapelle\/#primaryimage"},"thumbnailUrl":"https:\/\/nobis-printen.de\/wp-content\/uploads\/2020\/11\/Adalbertsteinweg_242_2022_Preview_01.jpg","datePublished":"2023-04-05T07:16:24+00:00","dateModified":"2023-04-05T07:16:26+00:00","description":"Nobis Printen, Adalbertsteinweg 242, Aix-la-Chapelle | Heures d'ouverture : Lu - Ve : 7:00 - 20:00 | Sa : 7:00 - 18:30 | Di : ferm\u00e9","breadcrumb":{"@id":"https:\/\/nobis-printen.de\/fr\/boulangerie\/adalbertsteinweg-242aix-la-chapelle\/#breadcrumb"},"inLanguage":"fr-FR","potentialAction":[{"@type":"ReadAction","target":["https:\/\/nobis-printen.de\/fr\/boulangerie\/adalbertsteinweg-242aix-la-chapelle\/"]}]},{"@type":"ImageObject","inLanguage":"fr-FR","@id":"https:\/\/nobis-printen.de\/fr\/boulangerie\/adalbertsteinweg-242aix-la-chapelle\/#primaryimage","url":"https:\/\/nobis-printen.de\/wp-content\/uploads\/2020\/11\/Adalbertsteinweg_242_2022_Preview_01.jpg","contentUrl":"https:\/\/nobis-printen.de\/wp-content\/uploads\/2020\/11\/Adalbertsteinweg_242_2022_Preview_01.jpg","width":852,"height":507},{"@type":"BreadcrumbList","@id":"https:\/\/nobis-printen.de\/fr\/boulangerie\/adalbertsteinweg-242aix-la-chapelle\/#breadcrumb","itemListElement":[{"@type":"ListItem","position":1,"name":"Startseite","item":"https:\/\/nobis-printen.de\/fr\/"},{"@type":"ListItem","position":2,"name":"Portfolio","item":"https:\/\/nobis-printen.de\/fr\/boulangerie\/"},{"@type":"ListItem","position":3,"name":"Adalbertsteinweg 242,Aix-la-Chapelle"}]},{"@type":"WebSite","@id":"https:\/\/nobis-printen.de\/fr\/#website","url":"https:\/\/nobis-printen.de\/fr\/","name":"Nobis Printen Aachen","description":"Printenb\u00e4ckerei Nobis Printen Aachen","potentialAction":[{"@type":"SearchAction","target":{"@type":"EntryPoint","urlTemplate":"https:\/\/nobis-printen.de\/fr\/?s={search_term_string}"},"query-input":{"@type":"PropertyValueSpecification","valueRequired":true,"valueName":"search_term_string"}}],"inLanguage":"fr-FR"}]}},"_links":{"self":[{"href":"https:\/\/nobis-printen.de\/fr\/wp-json\/wp\/v2\/avada_portfolio\/14402","targetHints":{"allow":["GET"]}}],"collection":[{"href":"https:\/\/nobis-printen.de\/fr\/wp-json\/wp\/v2\/avada_portfolio"}],"about":[{"href":"https:\/\/nobis-printen.de\/fr\/wp-json\/wp\/v2\/types\/avada_portfolio"}],"author":[{"embeddable":true,"href":"https:\/\/nobis-printen.de\/fr\/wp-json\/wp\/v2\/users\/1"}],"replies":[{"embeddable":true,"href":"https:\/\/nobis-printen.de\/fr\/wp-json\/wp\/v2\/comments?post=14402"}],"version-history":[{"count":0,"href":"https:\/\/nobis-printen.de\/fr\/wp-json\/wp\/v2\/avada_portfolio\/14402\/revisions"}],"wp:featuredmedia":[{"embeddable":true,"href":"https:\/\/nobis-printen.de\/fr\/wp-json\/wp\/v2\/media\/13238"}],"wp:attachment":[{"href":"https:\/\/nobis-printen.de\/fr\/wp-json\/wp\/v2\/media?parent=14402"}],"wp:term":[{"taxonomy":"portfolio_category","embeddable":true,"href":"https:\/\/nobis-printen.de\/fr\/wp-json\/wp\/v2\/portfolio_category?post=14402"},{"taxonomy":"portfolio_skills","embeddable":true,"href":"https:\/\/nobis-printen.de\/fr\/wp-json\/wp\/v2\/portfolio_skills?post=14402"},{"taxonomy":"portfolio_tags","embeddable":true,"href":"https:\/\/nobis-printen.de\/fr\/wp-json\/wp\/v2\/portfolio_tags?post=14402"}],"curies":[{"name":"wp","href":"https:\/\/api.w.org\/{rel}","templated":true}]}}